{"id":765,"date":"2023-08-16T09:46:01","date_gmt":"2023-08-16T14:46:01","guid":{"rendered":"https:\/\/cliniquevisionpros.com\/condition-cataractes\/"},"modified":"2024-07-11T09:36:38","modified_gmt":"2024-07-11T14:36:38","slug":"cataractes","status":"publish","type":"page","link":"https:\/\/cliniquevisionpros.com\/fr\/cataractes\/","title":{"rendered":"Pathologies &#8211; Cataractes"},"content":{"rendered":"\t\t<div data-elementor-type=\"wp-page\" data-elementor-id=\"765\" class=\"elementor elementor-765 elementor-196\" data-elementor-post-type=\"page\">\n\t\t\t\t<div class=\"elementor-element elementor-element-9a2d59d e-con-full e-flex e-con e-parent\" data-id=\"9a2d59d\" data-element_type=\"container\" data-e-type=\"container\" data-settings=\"{&quot;background_background&quot;:&quot;classic&quot;}\">\n\t\t<div class=\"elementor-element elementor-element-506386b e-con-full e-flex e-con e-child\" data-id=\"506386b\" data-element_type=\"container\" data-e-type=\"container\" data-settings=\"{&quot;background_background&quot;:&quot;classic&quot;}\">\n\t\t\t\t<\/div>\n\t\t<div class=\"elementor-element elementor-element-c73c621 e-con-full e-flex e-con e-child\" data-id=\"c73c621\" data-element_type=\"container\" data-e-type=\"container\" data-settings=\"{&quot;background_background&quot;:&quot;classic&quot;}\">\n\t\t\t\t<div class=\"elementor-element elementor-element-e1a606e elementor-widget elementor-widget-heading\" data-id=\"e1a606e\" data-element_type=\"widget\" data-e-type=\"widget\" data-widget_type=\"heading.default\">\n\t\t\t\t\t\t<div class=\"elementor-widget-container\">\n\t\t\t\t\t<p class=\"elementor-heading-title elementor-size-default\">Pathologies de l'\u0153il<\/p>\t\t\t\t<\/div>\n\t\t\t\t<\/div>\n\t\t\t\t<div class=\"elementor-element elementor-element-0ecde65 elementor-widget elementor-widget-heading\" data-id=\"0ecde65\" data-element_type=\"widget\" data-e-type=\"widget\" data-widget_type=\"heading.default\">\n\t\t\t\t\t\t<div class=\"elementor-widget-container\">\n\t\t\t\t\t<h1 class=\"elementor-heading-title elementor-size-default\">Cataractes<\/h1>\t\t\t\t<\/div>\n\t\t\t\t<\/div>\n\t\t\t\t<div class=\"elementor-element elementor-element-ea0a543 elementor-widget elementor-widget-text-editor\" data-id=\"ea0a543\" data-element_type=\"widget\" data-e-type=\"widget\" data-widget_type=\"text-editor.default\">\n\t\t\t\t\t\t<div class=\"elementor-widget-container\">\n\t\t\t\t\t\t\t\t\t<p><span style=\"font-weight: 400;\">Prenez rendez-vous avec un ophtalmologiste pour traiter vos cataractes en aussi peu qu&rsquo;une semaine. Aucune r\u00e9f\u00e9rence n&rsquo;est n\u00e9cessaire.<\/span><\/p>\n\t\t\t\t\t\t\t\t<\/div>\n\t\t\t\t<\/div>\n\t\t\t\t<div class=\"elementor-element elementor-element-fc93886 elementor-align-left elementor-widget elementor-widget-button\" data-id=\"fc93886\" data-element_type=\"widget\" data-e-type=\"widget\" data-widget_type=\"button.default\">\n\t\t\t\t\t\t<div class=\"elementor-widget-container\">\n\t\t\t\t\t\t\t\t\t<div class=\"elementor-button-wrapper\">\n\t\t\t\t\t<a class=\"elementor-button elementor-button-link elementor-size-sm\" href=\"https:\/\/cliniquevisionpros.com\/fr\/prendre-rendez-vous\/\">\n\t\t\t\t\t\t<span class=\"elementor-button-content-wrapper\">\n\t\t\t\t\t\t<span class=\"elementor-button-icon\">\n\t\t\t\t<i aria-hidden=\"true\" class=\"fas fa-arrow-right\"><\/i>\t\t\t<\/span>\n\t\t\t\t\t\t\t\t\t<span class=\"elementor-button-text\">Prendre rendez-vous<\/span>\n\t\t\t\t\t<\/span>\n\t\t\t\t\t<\/a>\n\t\t\t\t<\/div>\n\t\t\t\t\t\t\t\t<\/div>\n\t\t\t\t<\/div>\n\t\t\t\t<\/div>\n\t\t\t\t<\/div>\n\t\t<div class=\"elementor-element elementor-element-4391158 e-flex e-con-boxed e-con e-parent\" data-id=\"4391158\" data-element_type=\"container\" data-e-type=\"container\" data-settings=\"{&quot;background_background&quot;:&quot;classic&quot;}\">\n\t\t\t\t\t<div class=\"e-con-inner\">\n\t\t\t\t<div class=\"elementor-element elementor-element-cd03357 elementor-widget elementor-widget-text-editor\" data-id=\"cd03357\" data-element_type=\"widget\" data-e-type=\"widget\" data-widget_type=\"text-editor.default\">\n\t\t\t\t\t\t<div class=\"elementor-widget-container\">\n\t\t\t\t\t\t\t\t\t<p><span style=\"font-weight: 400;\">La cataracte est l&rsquo;une des cinq grandes maladies oculaires identifi\u00e9es comme les principales causes de perte de vision, avec le glaucome, la d\u00e9g\u00e9n\u00e9rescence maculaire li\u00e9e \u00e0 l&rsquo;\u00e2ge, la r\u00e9tinopathie diab\u00e9tique et les l\u00e9sions oculaires.<\/span><\/p>\n\t\t\t\t\t\t\t\t<\/div>\n\t\t\t\t<\/div>\n\t\t\t\t\t<\/div>\n\t\t\t\t<\/div>\n\t\t<div class=\"elementor-element elementor-element-e05d640 e-con-full e-flex e-con e-parent\" data-id=\"e05d640\" data-element_type=\"container\" data-e-type=\"container\" data-settings=\"{&quot;background_background&quot;:&quot;classic&quot;}\">\n\t\t<div class=\"elementor-element elementor-element-2ba2fb1 e-con-full e-flex e-con e-child\" data-id=\"2ba2fb1\" data-element_type=\"container\" data-e-type=\"container\" data-settings=\"{&quot;background_background&quot;:&quot;classic&quot;}\">\n\t\t\t\t<div class=\"elementor-element elementor-element-22bcd7d elementor-widget elementor-widget-heading\" data-id=\"22bcd7d\" data-element_type=\"widget\" data-e-type=\"widget\" data-widget_type=\"heading.default\">\n\t\t\t\t\t\t<div class=\"elementor-widget-container\">\n\t\t\t\t\t<h2 class=\"elementor-heading-title elementor-size-default\">Qu'est-ce que la <span style=\"font-weight:400\">cataracte ?<\/span><\/h2>\t\t\t\t<\/div>\n\t\t\t\t<\/div>\n\t\t\t\t<div class=\"elementor-element elementor-element-57597cb elementor-widget elementor-widget-text-editor\" data-id=\"57597cb\" data-element_type=\"widget\" data-e-type=\"widget\" data-widget_type=\"text-editor.default\">\n\t\t\t\t\t\t<div class=\"elementor-widget-container\">\n\t\t\t\t\t\t\t\t\t<p>La cataracte est une opacification ou un \u00e9paississement du cristallin, qui se trouve dans la pupille, juste derri\u00e8re l&rsquo;iris. Elle peut \u00eatre d&rsquo;apparition lente ou plus rapide, mais d&rsquo;une mani\u00e8re g\u00e9n\u00e9rale, la cataracte se d\u00e9veloppe avec le temps et est beaucoup plus fr\u00e9quente avec l&rsquo;\u00e2ge.<\/p>\n<p>Dans certains cas, les enfants et m\u00eame les b\u00e9b\u00e9s peuvent d\u00e9velopper une cataracte et, rarement, les enfants peuvent na\u00eetre avec cette maladie.<\/p>\n<p>Il existe 4 types principaux de cataractes :<\/p>\n\t\t\t\t\t\t\t\t<\/div>\n\t\t\t\t<\/div>\n\t\t\t\t<div class=\"elementor-element elementor-element-58e4e64 elementor-icon-list--layout-traditional elementor-list-item-link-full_width elementor-widget elementor-widget-icon-list\" data-id=\"58e4e64\" data-element_type=\"widget\" data-e-type=\"widget\" data-widget_type=\"icon-list.default\">\n\t\t\t\t\t\t<div class=\"elementor-widget-container\">\n\t\t\t\t\t\t\t<ul class=\"elementor-icon-list-items\">\n\t\t\t\t\t\t\t<li class=\"elementor-icon-list-item\">\n\t\t\t\t\t\t\t\t\t\t\t<span class=\"elementor-icon-list-icon\">\n\t\t\t\t\t\t\t<svg xmlns=\"http:\/\/www.w3.org\/2000\/svg\" width=\"46.933\" height=\"34.859\" viewBox=\"0 0 46.933 34.859\"><ellipse id=\"Ellipse_4\" data-name=\"Ellipse 4\" cx=\"21.17\" cy=\"10.245\" rx=\"21.17\" ry=\"10.245\" transform=\"translate(0 15.861) rotate(-22)\" fill=\"#81d6d6\"><\/ellipse><\/svg>\t\t\t\t\t\t<\/span>\n\t\t\t\t\t\t\t\t\t\t<span class=\"elementor-icon-list-text\">Cataractes nucl\u00e9aires<\/span>\n\t\t\t\t\t\t\t\t\t<\/li>\n\t\t\t\t\t\t\t\t<li class=\"elementor-icon-list-item\">\n\t\t\t\t\t\t\t\t\t\t\t<span class=\"elementor-icon-list-icon\">\n\t\t\t\t\t\t\t<svg xmlns=\"http:\/\/www.w3.org\/2000\/svg\" width=\"46.933\" height=\"34.859\" viewBox=\"0 0 46.933 34.859\"><ellipse id=\"Ellipse_4\" data-name=\"Ellipse 4\" cx=\"21.17\" cy=\"10.245\" rx=\"21.17\" ry=\"10.245\" transform=\"translate(0 15.861) rotate(-22)\" fill=\"#81d6d6\"><\/ellipse><\/svg>\t\t\t\t\t\t<\/span>\n\t\t\t\t\t\t\t\t\t\t<span class=\"elementor-icon-list-text\">Cataractes corticales<\/span>\n\t\t\t\t\t\t\t\t\t<\/li>\n\t\t\t\t\t\t\t\t<li class=\"elementor-icon-list-item\">\n\t\t\t\t\t\t\t\t\t\t\t<span class=\"elementor-icon-list-icon\">\n\t\t\t\t\t\t\t<svg xmlns=\"http:\/\/www.w3.org\/2000\/svg\" width=\"46.933\" height=\"34.859\" viewBox=\"0 0 46.933 34.859\"><ellipse id=\"Ellipse_4\" data-name=\"Ellipse 4\" cx=\"21.17\" cy=\"10.245\" rx=\"21.17\" ry=\"10.245\" transform=\"translate(0 15.861) rotate(-22)\" fill=\"#81d6d6\"><\/ellipse><\/svg>\t\t\t\t\t\t<\/span>\n\t\t\t\t\t\t\t\t\t\t<span class=\"elementor-icon-list-text\">Cataractes sous-capsulaires post\u00e9rieures<\/span>\n\t\t\t\t\t\t\t\t\t<\/li>\n\t\t\t\t\t\t\t\t<li class=\"elementor-icon-list-item\">\n\t\t\t\t\t\t\t\t\t\t\t<span class=\"elementor-icon-list-icon\">\n\t\t\t\t\t\t\t<svg xmlns=\"http:\/\/www.w3.org\/2000\/svg\" width=\"46.933\" height=\"34.859\" viewBox=\"0 0 46.933 34.859\"><ellipse id=\"Ellipse_4\" data-name=\"Ellipse 4\" cx=\"21.17\" cy=\"10.245\" rx=\"21.17\" ry=\"10.245\" transform=\"translate(0 15.861) rotate(-22)\" fill=\"#81d6d6\"><\/ellipse><\/svg>\t\t\t\t\t\t<\/span>\n\t\t\t\t\t\t\t\t\t\t<span class=\"elementor-icon-list-text\">Cataractes cong\u00e9nitales<\/span>\n\t\t\t\t\t\t\t\t\t<\/li>\n\t\t\t\t\t\t<\/ul>\n\t\t\t\t\t\t<\/div>\n\t\t\t\t<\/div>\n\t\t\t\t<div class=\"elementor-element elementor-element-eca3279 elementor-widget elementor-widget-text-editor\" data-id=\"eca3279\" data-element_type=\"widget\" data-e-type=\"widget\" data-widget_type=\"text-editor.default\">\n\t\t\t\t\t\t<div class=\"elementor-widget-container\">\n\t\t\t\t\t\t\t\t\t<p><span style=\"font-weight: 400;\">Cataractes nucl\u00e9aires<\/span><\/p>\n\t\t\t\t\t\t\t\t<\/div>\n\t\t\t\t<\/div>\n\t\t\t\t<div class=\"elementor-element elementor-element-e560b5c elementor-widget elementor-widget-text-editor\" data-id=\"e560b5c\" data-element_type=\"widget\" data-e-type=\"widget\" data-widget_type=\"text-editor.default\">\n\t\t\t\t\t\t<div class=\"elementor-widget-container\">\n\t\t\t\t\t\t\t\t\t<p><span style=\"font-weight: 400;\">La cataracte nucl\u00e9aire affecte le centre du cristallin de votre \u0153il.<\/span><\/p>\n<p><span style=\"font-weight: 400;\">Avec le temps, la lentille jaunit et se trouble, ce qui r\u00e9duit votre vision.<\/span><\/p>\n<p><span style=\"font-weight: 400;\">La cataracte nucl\u00e9aire peut entra\u00eener une incapacit\u00e9 \u00e0 distinguer les diff\u00e9rentes nuances de couleur. <\/span><\/p>\n\t\t\t\t\t\t\t\t<\/div>\n\t\t\t\t<\/div>\n\t\t\t\t<div class=\"elementor-element elementor-element-abadf54 elementor-widget elementor-widget-text-editor\" data-id=\"abadf54\" data-element_type=\"widget\" data-e-type=\"widget\" data-widget_type=\"text-editor.default\">\n\t\t\t\t\t\t<div class=\"elementor-widget-container\">\n\t\t\t\t\t\t\t\t\t<p><span style=\"font-weight: 400;\">Cataractes corticales<\/span><\/p>\n\t\t\t\t\t\t\t\t<\/div>\n\t\t\t\t<\/div>\n\t\t\t\t<div class=\"elementor-element elementor-element-3b47b97 elementor-widget elementor-widget-text-editor\" data-id=\"3b47b97\" data-element_type=\"widget\" data-e-type=\"widget\" data-widget_type=\"text-editor.default\">\n\t\t\t\t\t\t<div class=\"elementor-widget-container\">\n\t\t\t\t\t\t\t\t\t<p><span style=\"font-weight: 400;\">Les cataractes corticales peuvent \u00e9galement entra\u00eener une perte de vision, et les patients peuvent devenir symptomatiques avec des \u00e9blouissements et des halos nocturnes comme premier sympt\u00f4me, mais cela est vrai pour toutes les cataractes.<br \/><\/span><\/p>\n\t\t\t\t\t\t\t\t<\/div>\n\t\t\t\t<\/div>\n\t\t\t\t<div class=\"elementor-element elementor-element-a59f9b3 elementor-widget elementor-widget-text-editor\" data-id=\"a59f9b3\" data-element_type=\"widget\" data-e-type=\"widget\" data-widget_type=\"text-editor.default\">\n\t\t\t\t\t\t<div class=\"elementor-widget-container\">\n\t\t\t\t\t\t\t\t\t<p><span style=\"font-weight: 400;\">Cataractes sous-capsulaires post\u00e9rieures<\/span><\/p>\n\t\t\t\t\t\t\t\t<\/div>\n\t\t\t\t<\/div>\n\t\t\t\t<div class=\"elementor-element elementor-element-7caf5d1 elementor-widget elementor-widget-text-editor\" data-id=\"7caf5d1\" data-element_type=\"widget\" data-e-type=\"widget\" data-widget_type=\"text-editor.default\">\n\t\t\t\t\t\t<div class=\"elementor-widget-container\">\n\t\t\t\t\t\t\t\t\t<p><span style=\"font-weight: 400;\">Les cataractes sous-capsulaires post\u00e9rieures affectent l&rsquo;arri\u00e8re du cristallin de votre \u0153il et \u00e9voluent g\u00e9n\u00e9ralement plus rapidement que les cataractes nucl\u00e9aires ou corticales. <\/span><\/p>\n<p><span style=\"font-weight: 400;\">La cataracte sous-capsulaire post\u00e9rieure affecte votre capacit\u00e9 \u00e0 lire et \u00e0 voir dans des conditions de forte luminosit\u00e9.<\/span><\/p>\n<p><span style=\"font-weight: 400;\">Vous pouvez \u00e9galement ressentir un \u00e9blouissement la nuit ou dans des conditions de faible luminosit\u00e9.<\/span><\/p>\n\t\t\t\t\t\t\t\t<\/div>\n\t\t\t\t<\/div>\n\t\t\t\t<div class=\"elementor-element elementor-element-124baf6 elementor-widget elementor-widget-text-editor\" data-id=\"124baf6\" data-element_type=\"widget\" data-e-type=\"widget\" data-widget_type=\"text-editor.default\">\n\t\t\t\t\t\t<div class=\"elementor-widget-container\">\n\t\t\t\t\t\t\t\t\t<p><span style=\"font-weight: 400;\">Cataractes cong\u00e9nitales<\/span><\/p>\n\t\t\t\t\t\t\t\t<\/div>\n\t\t\t\t<\/div>\n\t\t\t\t<div class=\"elementor-element elementor-element-103a62d elementor-widget elementor-widget-text-editor\" data-id=\"103a62d\" data-element_type=\"widget\" data-e-type=\"widget\" data-widget_type=\"text-editor.default\">\n\t\t\t\t\t\t<div class=\"elementor-widget-container\">\n\t\t\t\t\t\t\t\t\t<p><span style=\"font-weight: 400;\">Les cataractes cong\u00e9nitales apparaissent \u00e0 la naissance et peuvent \u00eatre g\u00e9n\u00e9tiques ou caus\u00e9es par un traumatisme ou une infection intra-ut\u00e9rine pendant la grossesse. <\/span><\/p>\n<p><span style=\"font-weight: 400;\">Les autres causes de cataractes cong\u00e9nitales sont notamment les suivantes :<\/span><\/p>\n\t\t\t\t\t\t\t\t<\/div>\n\t\t\t\t<\/div>\n\t\t\t\t<div class=\"elementor-element elementor-element-90fe3e5 elementor-icon-list--layout-traditional elementor-list-item-link-full_width elementor-widget elementor-widget-icon-list\" data-id=\"90fe3e5\" data-element_type=\"widget\" data-e-type=\"widget\" data-widget_type=\"icon-list.default\">\n\t\t\t\t\t\t<div class=\"elementor-widget-container\">\n\t\t\t\t\t\t\t<ul class=\"elementor-icon-list-items\">\n\t\t\t\t\t\t\t<li class=\"elementor-icon-list-item\">\n\t\t\t\t\t\t\t\t\t\t\t<span class=\"elementor-icon-list-icon\">\n\t\t\t\t\t\t\t<svg xmlns=\"http:\/\/www.w3.org\/2000\/svg\" width=\"46.933\" height=\"34.859\" viewBox=\"0 0 46.933 34.859\"><ellipse id=\"Ellipse_4\" data-name=\"Ellipse 4\" cx=\"21.17\" cy=\"10.245\" rx=\"21.17\" ry=\"10.245\" transform=\"translate(0 15.861) rotate(-22)\" fill=\"#81d6d6\"><\/ellipse><\/svg>\t\t\t\t\t\t<\/span>\n\t\t\t\t\t\t\t\t\t\t<span class=\"elementor-icon-list-text\">Dystrophie myotonique<\/span>\n\t\t\t\t\t\t\t\t\t<\/li>\n\t\t\t\t\t\t\t\t<li class=\"elementor-icon-list-item\">\n\t\t\t\t\t\t\t\t\t\t\t<span class=\"elementor-icon-list-icon\">\n\t\t\t\t\t\t\t<svg xmlns=\"http:\/\/www.w3.org\/2000\/svg\" width=\"46.933\" height=\"34.859\" viewBox=\"0 0 46.933 34.859\"><ellipse id=\"Ellipse_4\" data-name=\"Ellipse 4\" cx=\"21.17\" cy=\"10.245\" rx=\"21.17\" ry=\"10.245\" transform=\"translate(0 15.861) rotate(-22)\" fill=\"#81d6d6\"><\/ellipse><\/svg>\t\t\t\t\t\t<\/span>\n\t\t\t\t\t\t\t\t\t\t<span class=\"elementor-icon-list-text\">Galactos\u00e9mie<\/span>\n\t\t\t\t\t\t\t\t\t<\/li>\n\t\t\t\t\t\t\t\t<li class=\"elementor-icon-list-item\">\n\t\t\t\t\t\t\t\t\t\t\t<span class=\"elementor-icon-list-icon\">\n\t\t\t\t\t\t\t<svg xmlns=\"http:\/\/www.w3.org\/2000\/svg\" width=\"46.933\" height=\"34.859\" viewBox=\"0 0 46.933 34.859\"><ellipse id=\"Ellipse_4\" data-name=\"Ellipse 4\" cx=\"21.17\" cy=\"10.245\" rx=\"21.17\" ry=\"10.245\" transform=\"translate(0 15.861) rotate(-22)\" fill=\"#81d6d6\"><\/ellipse><\/svg>\t\t\t\t\t\t<\/span>\n\t\t\t\t\t\t\t\t\t\t<span class=\"elementor-icon-list-text\">Neurofibromatose de type 2<\/span>\n\t\t\t\t\t\t\t\t\t<\/li>\n\t\t\t\t\t\t\t\t<li class=\"elementor-icon-list-item\">\n\t\t\t\t\t\t\t\t\t\t\t<span class=\"elementor-icon-list-icon\">\n\t\t\t\t\t\t\t<svg xmlns=\"http:\/\/www.w3.org\/2000\/svg\" width=\"46.933\" height=\"34.859\" viewBox=\"0 0 46.933 34.859\"><ellipse id=\"Ellipse_4\" data-name=\"Ellipse 4\" cx=\"21.17\" cy=\"10.245\" rx=\"21.17\" ry=\"10.245\" transform=\"translate(0 15.861) rotate(-22)\" fill=\"#81d6d6\"><\/ellipse><\/svg>\t\t\t\t\t\t<\/span>\n\t\t\t\t\t\t\t\t\t\t<span class=\"elementor-icon-list-text\">Rub\u00e9ole<\/span>\n\t\t\t\t\t\t\t\t\t<\/li>\n\t\t\t\t\t\t<\/ul>\n\t\t\t\t\t\t<\/div>\n\t\t\t\t<\/div>\n\t\t\t\t<\/div>\n\t\t<div class=\"elementor-element elementor-element-bbfea59 e-con-full e-flex e-con e-child\" data-id=\"bbfea59\" data-element_type=\"container\" data-e-type=\"container\" data-settings=\"{&quot;background_background&quot;:&quot;classic&quot;}\">\n\t\t\t\t<div class=\"elementor-element elementor-element-d98e0c6 elementor-widget elementor-widget-image\" data-id=\"d98e0c6\" data-element_type=\"widget\" data-e-type=\"widget\" data-widget_type=\"image.default\">\n\t\t\t\t\t\t<div class=\"elementor-widget-container\">\n\t\t\t\t\t\t\t\t\t\t\t\t\t\t\t<img fetchpriority=\"high\" decoding=\"async\" width=\"690\" height=\"430\" src=\"https:\/\/cliniquevisionpros.com\/wp-content\/uploads\/2023\/09\/regular_vision.png\" class=\"attachment-large size-large wp-image-596\" alt=\"\" srcset=\"https:\/\/cliniquevisionpros.com\/wp-content\/uploads\/2023\/09\/regular_vision.png 690w, https:\/\/cliniquevisionpros.com\/wp-content\/uploads\/2023\/09\/regular_vision-300x187.png 300w\" sizes=\"(max-width: 690px) 100vw, 690px\" \/>\t\t\t\t\t\t\t\t\t\t\t\t\t\t\t<\/div>\n\t\t\t\t<\/div>\n\t\t\t\t<div class=\"elementor-element elementor-element-40db304 elementor-widget elementor-widget-image\" data-id=\"40db304\" data-element_type=\"widget\" data-e-type=\"widget\" data-widget_type=\"image.default\">\n\t\t\t\t\t\t<div class=\"elementor-widget-container\">\n\t\t\t\t\t\t\t\t\t\t\t\t\t\t\t<img decoding=\"async\" width=\"690\" height=\"430\" src=\"https:\/\/cliniquevisionpros.com\/wp-content\/uploads\/2023\/09\/vision_with_cataracts.png\" class=\"attachment-large size-large wp-image-598\" alt=\"\" srcset=\"https:\/\/cliniquevisionpros.com\/wp-content\/uploads\/2023\/09\/vision_with_cataracts.png 690w, https:\/\/cliniquevisionpros.com\/wp-content\/uploads\/2023\/09\/vision_with_cataracts-300x187.png 300w\" sizes=\"(max-width: 690px) 100vw, 690px\" \/>\t\t\t\t\t\t\t\t\t\t\t\t\t\t\t<\/div>\n\t\t\t\t<\/div>\n\t\t\t\t<\/div>\n\t\t\t\t<\/div>\n\t\t<div class=\"elementor-element elementor-element-ed20697 e-con-full e-flex e-con e-parent\" data-id=\"ed20697\" data-element_type=\"container\" data-e-type=\"container\" data-settings=\"{&quot;background_background&quot;:&quot;classic&quot;}\">\n\t\t<div class=\"elementor-element elementor-element-3dcc065 e-con-full e-flex e-con e-child\" data-id=\"3dcc065\" data-element_type=\"container\" data-e-type=\"container\" data-settings=\"{&quot;background_background&quot;:&quot;classic&quot;}\">\n\t\t\t\t<div class=\"elementor-element elementor-element-e7e27c6 elementor-widget elementor-widget-image\" data-id=\"e7e27c6\" data-element_type=\"widget\" data-e-type=\"widget\" data-widget_type=\"image.default\">\n\t\t\t\t\t\t<div class=\"elementor-widget-container\">\n\t\t\t\t\t\t\t\t\t\t\t\t\t\t\t<img decoding=\"async\" width=\"1024\" height=\"711\" src=\"https:\/\/cliniquevisionpros.com\/wp-content\/uploads\/2023\/08\/what_causes_cataracts-1024x711.jpeg\" class=\"attachment-large size-large wp-image-586\" alt=\"\" srcset=\"https:\/\/cliniquevisionpros.com\/wp-content\/uploads\/2023\/08\/what_causes_cataracts-1024x711.jpeg 1024w, https:\/\/cliniquevisionpros.com\/wp-content\/uploads\/2023\/08\/what_causes_cataracts-300x208.jpeg 300w, https:\/\/cliniquevisionpros.com\/wp-content\/uploads\/2023\/08\/what_causes_cataracts-768x533.jpeg 768w, https:\/\/cliniquevisionpros.com\/wp-content\/uploads\/2023\/08\/what_causes_cataracts-1536x1066.jpeg 1536w, https:\/\/cliniquevisionpros.com\/wp-content\/uploads\/2023\/08\/what_causes_cataracts-scaled.jpeg 1920w\" sizes=\"(max-width: 1024px) 100vw, 1024px\" \/>\t\t\t\t\t\t\t\t\t\t\t\t\t\t\t<\/div>\n\t\t\t\t<\/div>\n\t\t\t\t<\/div>\n\t\t<div class=\"elementor-element elementor-element-15dfe79 e-con-full e-flex e-con e-child\" data-id=\"15dfe79\" data-element_type=\"container\" data-e-type=\"container\" data-settings=\"{&quot;background_background&quot;:&quot;classic&quot;}\">\n\t\t\t\t<div class=\"elementor-element elementor-element-6fce2f3 elementor-widget elementor-widget-heading\" data-id=\"6fce2f3\" data-element_type=\"widget\" data-e-type=\"widget\" data-widget_type=\"heading.default\">\n\t\t\t\t\t\t<div class=\"elementor-widget-container\">\n\t\t\t\t\t<h2 class=\"elementor-heading-title elementor-size-default\">Quelles sont les causes de la <span style=\"font-weight:400\">cataracte ?<\/span><\/h2>\t\t\t\t<\/div>\n\t\t\t\t<\/div>\n\t\t\t\t<div class=\"elementor-element elementor-element-1c6b60c elementor-widget elementor-widget-text-editor\" data-id=\"1c6b60c\" data-element_type=\"widget\" data-e-type=\"widget\" data-widget_type=\"text-editor.default\">\n\t\t\t\t\t\t<div class=\"elementor-widget-container\">\n\t\t\t\t\t\t\t\t\t<p>La grande majorit\u00e9 des cataractes sont li\u00e9es \u00e0 l&rsquo;\u00e2ge et repr\u00e9sentent probablement un processus normal de vieillissement du cristallin, mais elles peuvent \u00e9galement \u00eatre li\u00e9es \u00e0 un traumatisme, \u00e0 une exposition aux royons UV ou \u00e0 d&rsquo;autres facteurs de risque, \u00e0 certaines conditions m\u00e9dicales et \u00e0 la g\u00e9n\u00e9tique.<\/p>\n<p>Cette modification de la lentille est g\u00e9n\u00e9ralement le r\u00e9sultat de la d\u00e9gradation du mat\u00e9riau de la lentille prot\u00e9inique et de l&rsquo;obscurcissement de votre vision, de diverses mani\u00e8res :<\/p>\n<p>Parmi les facteurs de risque associ\u00e9s \u00e0 la cataracte figurent les conditions ou probl\u00e8mes de sant\u00e9 suivants :<\/p>\n\t\t\t\t\t\t\t\t<\/div>\n\t\t\t\t<\/div>\n\t\t\t\t<div class=\"elementor-element elementor-element-6d6f8a3 elementor-icon-list--layout-traditional elementor-list-item-link-full_width elementor-widget elementor-widget-icon-list\" data-id=\"6d6f8a3\" data-element_type=\"widget\" data-e-type=\"widget\" data-widget_type=\"icon-list.default\">\n\t\t\t\t\t\t<div class=\"elementor-widget-container\">\n\t\t\t\t\t\t\t<ul class=\"elementor-icon-list-items\">\n\t\t\t\t\t\t\t<li class=\"elementor-icon-list-item\">\n\t\t\t\t\t\t\t\t\t\t\t<span class=\"elementor-icon-list-icon\">\n\t\t\t\t\t\t\t<svg xmlns=\"http:\/\/www.w3.org\/2000\/svg\" width=\"46.933\" height=\"34.859\" viewBox=\"0 0 46.933 34.859\"><ellipse id=\"Ellipse_4\" data-name=\"Ellipse 4\" cx=\"21.17\" cy=\"10.245\" rx=\"21.17\" ry=\"10.245\" transform=\"translate(0 15.861) rotate(-22)\" fill=\"#81d6d6\"><\/ellipse><\/svg>\t\t\t\t\t\t<\/span>\n\t\t\t\t\t\t\t\t\t\t<span class=\"elementor-icon-list-text\">Chirurgie oculaire<\/span>\n\t\t\t\t\t\t\t\t\t<\/li>\n\t\t\t\t\t\t\t\t<li class=\"elementor-icon-list-item\">\n\t\t\t\t\t\t\t\t\t\t\t<span class=\"elementor-icon-list-icon\">\n\t\t\t\t\t\t\t<svg xmlns=\"http:\/\/www.w3.org\/2000\/svg\" width=\"46.933\" height=\"34.859\" viewBox=\"0 0 46.933 34.859\"><ellipse id=\"Ellipse_4\" data-name=\"Ellipse 4\" cx=\"21.17\" cy=\"10.245\" rx=\"21.17\" ry=\"10.245\" transform=\"translate(0 15.861) rotate(-22)\" fill=\"#81d6d6\"><\/ellipse><\/svg>\t\t\t\t\t\t<\/span>\n\t\t\t\t\t\t\t\t\t\t<span class=\"elementor-icon-list-text\">Diab\u00e8te<\/span>\n\t\t\t\t\t\t\t\t\t<\/li>\n\t\t\t\t\t\t\t\t<li class=\"elementor-icon-list-item\">\n\t\t\t\t\t\t\t\t\t\t\t<span class=\"elementor-icon-list-icon\">\n\t\t\t\t\t\t\t<svg xmlns=\"http:\/\/www.w3.org\/2000\/svg\" width=\"46.933\" height=\"34.859\" viewBox=\"0 0 46.933 34.859\"><ellipse id=\"Ellipse_4\" data-name=\"Ellipse 4\" cx=\"21.17\" cy=\"10.245\" rx=\"21.17\" ry=\"10.245\" transform=\"translate(0 15.861) rotate(-22)\" fill=\"#81d6d6\"><\/ellipse><\/svg>\t\t\t\t\t\t<\/span>\n\t\t\t\t\t\t\t\t\t\t<span class=\"elementor-icon-list-text\">M\u00e9dicaments st\u00e9ro\u00efdiens<\/span>\n\t\t\t\t\t\t\t\t\t<\/li>\n\t\t\t\t\t\t\t\t<li class=\"elementor-icon-list-item\">\n\t\t\t\t\t\t\t\t\t\t\t<span class=\"elementor-icon-list-icon\">\n\t\t\t\t\t\t\t<svg xmlns=\"http:\/\/www.w3.org\/2000\/svg\" width=\"46.933\" height=\"34.859\" viewBox=\"0 0 46.933 34.859\"><ellipse id=\"Ellipse_4\" data-name=\"Ellipse 4\" cx=\"21.17\" cy=\"10.245\" rx=\"21.17\" ry=\"10.245\" transform=\"translate(0 15.861) rotate(-22)\" fill=\"#81d6d6\"><\/ellipse><\/svg>\t\t\t\t\t\t<\/span>\n\t\t\t\t\t\t\t\t\t\t<span class=\"elementor-icon-list-text\">Fumer<\/span>\n\t\t\t\t\t\t\t\t\t<\/li>\n\t\t\t\t\t\t\t\t<li class=\"elementor-icon-list-item\">\n\t\t\t\t\t\t\t\t\t\t\t<span class=\"elementor-icon-list-icon\">\n\t\t\t\t\t\t\t<svg xmlns=\"http:\/\/www.w3.org\/2000\/svg\" width=\"46.933\" height=\"34.859\" viewBox=\"0 0 46.933 34.859\"><ellipse id=\"Ellipse_4\" data-name=\"Ellipse 4\" cx=\"21.17\" cy=\"10.245\" rx=\"21.17\" ry=\"10.245\" transform=\"translate(0 15.861) rotate(-22)\" fill=\"#81d6d6\"><\/ellipse><\/svg>\t\t\t\t\t\t<\/span>\n\t\t\t\t\t\t\t\t\t\t<span class=\"elementor-icon-list-text\">Hypertension art\u00e9rielle<\/span>\n\t\t\t\t\t\t\t\t\t<\/li>\n\t\t\t\t\t\t\t\t<li class=\"elementor-icon-list-item\">\n\t\t\t\t\t\t\t\t\t\t\t<span class=\"elementor-icon-list-icon\">\n\t\t\t\t\t\t\t<svg xmlns=\"http:\/\/www.w3.org\/2000\/svg\" width=\"46.933\" height=\"34.859\" viewBox=\"0 0 46.933 34.859\"><ellipse id=\"Ellipse_4\" data-name=\"Ellipse 4\" cx=\"21.17\" cy=\"10.245\" rx=\"21.17\" ry=\"10.245\" transform=\"translate(0 15.861) rotate(-22)\" fill=\"#81d6d6\"><\/ellipse><\/svg>\t\t\t\t\t\t<\/span>\n\t\t\t\t\t\t\t\t\t\t<span class=\"elementor-icon-list-text\">Consommation excessive d'alcool<\/span>\n\t\t\t\t\t\t\t\t\t<\/li>\n\t\t\t\t\t\t\t\t<li class=\"elementor-icon-list-item\">\n\t\t\t\t\t\t\t\t\t\t\t<span class=\"elementor-icon-list-icon\">\n\t\t\t\t\t\t\t<svg xmlns=\"http:\/\/www.w3.org\/2000\/svg\" width=\"46.933\" height=\"34.859\" viewBox=\"0 0 46.933 34.859\"><ellipse id=\"Ellipse_4\" data-name=\"Ellipse 4\" cx=\"21.17\" cy=\"10.245\" rx=\"21.17\" ry=\"10.245\" transform=\"translate(0 15.861) rotate(-22)\" fill=\"#81d6d6\"><\/ellipse><\/svg>\t\t\t\t\t\t<\/span>\n\t\t\t\t\t\t\t\t\t\t<span class=\"elementor-icon-list-text\">Exposition \u00e0 une lumi\u00e8re trop vive<\/span>\n\t\t\t\t\t\t\t\t\t<\/li>\n\t\t\t\t\t\t\t\t<li class=\"elementor-icon-list-item\">\n\t\t\t\t\t\t\t\t\t\t\t<span class=\"elementor-icon-list-icon\">\n\t\t\t\t\t\t\t<svg xmlns=\"http:\/\/www.w3.org\/2000\/svg\" width=\"46.933\" height=\"34.859\" viewBox=\"0 0 46.933 34.859\"><ellipse id=\"Ellipse_4\" data-name=\"Ellipse 4\" cx=\"21.17\" cy=\"10.245\" rx=\"21.17\" ry=\"10.245\" transform=\"translate(0 15.861) rotate(-22)\" fill=\"#81d6d6\"><\/ellipse><\/svg>\t\t\t\t\t\t<\/span>\n\t\t\t\t\t\t\t\t\t\t<span class=\"elementor-icon-list-text\">Ob\u00e9sit\u00e9<\/span>\n\t\t\t\t\t\t\t\t\t<\/li>\n\t\t\t\t\t\t<\/ul>\n\t\t\t\t\t\t<\/div>\n\t\t\t\t<\/div>\n\t\t\t\t<\/div>\n\t\t\t\t<\/div>\n\t\t<div class=\"elementor-element elementor-element-8542d7f e-con-full e-flex e-con e-parent\" data-id=\"8542d7f\" data-element_type=\"container\" data-e-type=\"container\" data-settings=\"{&quot;background_background&quot;:&quot;classic&quot;}\">\n\t\t<div class=\"elementor-element elementor-element-b65ff8f e-con-full e-flex e-con e-child\" data-id=\"b65ff8f\" data-element_type=\"container\" data-e-type=\"container\" data-settings=\"{&quot;background_background&quot;:&quot;classic&quot;}\">\n\t\t\t\t<div class=\"elementor-element elementor-element-8c3c857 elementor-widget elementor-widget-heading\" data-id=\"8c3c857\" data-element_type=\"widget\" data-e-type=\"widget\" data-widget_type=\"heading.default\">\n\t\t\t\t\t\t<div class=\"elementor-widget-container\">\n\t\t\t\t\t<h2 class=\"elementor-heading-title elementor-size-default\"><span style=\"font-weight:400\">Sympt\u00f4mes <\/span> de la cataracte<\/h2>\t\t\t\t<\/div>\n\t\t\t\t<\/div>\n\t\t\t\t<div class=\"elementor-element elementor-element-bb2da30 elementor-widget elementor-widget-text-editor\" data-id=\"bb2da30\" data-element_type=\"widget\" data-e-type=\"widget\" data-widget_type=\"text-editor.default\">\n\t\t\t\t\t\t<div class=\"elementor-widget-container\">\n\t\t\t\t\t\t\t\t\t<p><span style=\"font-weight: 400;\">Les sympt\u00f4mes de la cataracte sont g\u00e9n\u00e9ralement indolores et comprennent un ou plusieurs des \u00e9l\u00e9ments suivants :<\/span><\/p>\n\t\t\t\t\t\t\t\t<\/div>\n\t\t\t\t<\/div>\n\t\t\t\t<div class=\"elementor-element elementor-element-9efe0f5 elementor-icon-list--layout-traditional elementor-list-item-link-full_width elementor-widget elementor-widget-icon-list\" data-id=\"9efe0f5\" data-element_type=\"widget\" data-e-type=\"widget\" data-widget_type=\"icon-list.default\">\n\t\t\t\t\t\t<div class=\"elementor-widget-container\">\n\t\t\t\t\t\t\t<ul class=\"elementor-icon-list-items\">\n\t\t\t\t\t\t\t<li class=\"elementor-icon-list-item\">\n\t\t\t\t\t\t\t\t\t\t\t<span class=\"elementor-icon-list-icon\">\n\t\t\t\t\t\t\t<svg xmlns=\"http:\/\/www.w3.org\/2000\/svg\" width=\"46.933\" height=\"34.859\" viewBox=\"0 0 46.933 34.859\"><ellipse id=\"Ellipse_4\" data-name=\"Ellipse 4\" cx=\"21.17\" cy=\"10.245\" rx=\"21.17\" ry=\"10.245\" transform=\"translate(0 15.861) rotate(-22)\" fill=\"#81d6d6\"><\/ellipse><\/svg>\t\t\t\t\t\t<\/span>\n\t\t\t\t\t\t\t\t\t\t<span class=\"elementor-icon-list-text\">Vision trouble ou floue<\/span>\n\t\t\t\t\t\t\t\t\t<\/li>\n\t\t\t\t\t\t\t\t<li class=\"elementor-icon-list-item\">\n\t\t\t\t\t\t\t\t\t\t\t<span class=\"elementor-icon-list-icon\">\n\t\t\t\t\t\t\t<svg xmlns=\"http:\/\/www.w3.org\/2000\/svg\" width=\"46.933\" height=\"34.859\" viewBox=\"0 0 46.933 34.859\"><ellipse id=\"Ellipse_4\" data-name=\"Ellipse 4\" cx=\"21.17\" cy=\"10.245\" rx=\"21.17\" ry=\"10.245\" transform=\"translate(0 15.861) rotate(-22)\" fill=\"#81d6d6\"><\/ellipse><\/svg>\t\t\t\t\t\t<\/span>\n\t\t\t\t\t\t\t\t\t\t<span class=\"elementor-icon-list-text\">Vision terne<\/span>\n\t\t\t\t\t\t\t\t\t<\/li>\n\t\t\t\t\t\t\t\t<li class=\"elementor-icon-list-item\">\n\t\t\t\t\t\t\t\t\t\t\t<span class=\"elementor-icon-list-icon\">\n\t\t\t\t\t\t\t<svg xmlns=\"http:\/\/www.w3.org\/2000\/svg\" width=\"46.933\" height=\"34.859\" viewBox=\"0 0 46.933 34.859\"><ellipse id=\"Ellipse_4\" data-name=\"Ellipse 4\" cx=\"21.17\" cy=\"10.245\" rx=\"21.17\" ry=\"10.245\" transform=\"translate(0 15.861) rotate(-22)\" fill=\"#81d6d6\"><\/ellipse><\/svg>\t\t\t\t\t\t<\/span>\n\t\t\t\t\t\t\t\t\t\t<span class=\"elementor-icon-list-text\">Vision r\u00e9duite ou alt\u00e9r\u00e9e dans des conditions de faible luminosit\u00e9<\/span>\n\t\t\t\t\t\t\t\t\t<\/li>\n\t\t\t\t\t\t\t\t<li class=\"elementor-icon-list-item\">\n\t\t\t\t\t\t\t\t\t\t\t<span class=\"elementor-icon-list-icon\">\n\t\t\t\t\t\t\t<svg xmlns=\"http:\/\/www.w3.org\/2000\/svg\" width=\"46.933\" height=\"34.859\" viewBox=\"0 0 46.933 34.859\"><ellipse id=\"Ellipse_4\" data-name=\"Ellipse 4\" cx=\"21.17\" cy=\"10.245\" rx=\"21.17\" ry=\"10.245\" transform=\"translate(0 15.861) rotate(-22)\" fill=\"#81d6d6\"><\/ellipse><\/svg>\t\t\t\t\t\t<\/span>\n\t\t\t\t\t\t\t\t\t\t<span class=\"elementor-icon-list-text\">Sensibilit\u00e9 \u00e0 la lumi\u00e8re<\/span>\n\t\t\t\t\t\t\t\t\t<\/li>\n\t\t\t\t\t\t\t\t<li class=\"elementor-icon-list-item\">\n\t\t\t\t\t\t\t\t\t\t\t<span class=\"elementor-icon-list-icon\">\n\t\t\t\t\t\t\t<svg xmlns=\"http:\/\/www.w3.org\/2000\/svg\" width=\"46.933\" height=\"34.859\" viewBox=\"0 0 46.933 34.859\"><ellipse id=\"Ellipse_4\" data-name=\"Ellipse 4\" cx=\"21.17\" cy=\"10.245\" rx=\"21.17\" ry=\"10.245\" transform=\"translate(0 15.861) rotate(-22)\" fill=\"#81d6d6\"><\/ellipse><\/svg>\t\t\t\t\t\t<\/span>\n\t\t\t\t\t\t\t\t\t\t<span class=\"elementor-icon-list-text\">\u00c9blouissement ou halos autour de la lumi\u00e8re la nuit<\/span>\n\t\t\t\t\t\t\t\t\t<\/li>\n\t\t\t\t\t\t\t\t<li class=\"elementor-icon-list-item\">\n\t\t\t\t\t\t\t\t\t\t\t<span class=\"elementor-icon-list-icon\">\n\t\t\t\t\t\t\t<svg xmlns=\"http:\/\/www.w3.org\/2000\/svg\" width=\"46.933\" height=\"34.859\" viewBox=\"0 0 46.933 34.859\"><ellipse id=\"Ellipse_4\" data-name=\"Ellipse 4\" cx=\"21.17\" cy=\"10.245\" rx=\"21.17\" ry=\"10.245\" transform=\"translate(0 15.861) rotate(-22)\" fill=\"#81d6d6\"><\/ellipse><\/svg>\t\t\t\t\t\t<\/span>\n\t\t\t\t\t\t\t\t\t\t<span class=\"elementor-icon-list-text\">Vision double dans un \u0153il<\/span>\n\t\t\t\t\t\t\t\t\t<\/li>\n\t\t\t\t\t\t<\/ul>\n\t\t\t\t\t\t<\/div>\n\t\t\t\t<\/div>\n\t\t\t\t<\/div>\n\t\t<div class=\"elementor-element elementor-element-5966259 e-con-full e-flex e-con e-child\" data-id=\"5966259\" data-element_type=\"container\" data-e-type=\"container\" data-settings=\"{&quot;background_background&quot;:&quot;classic&quot;}\">\n\t\t\t\t<div class=\"elementor-element elementor-element-58d80bc elementor-widget elementor-widget-image\" data-id=\"58d80bc\" data-element_type=\"widget\" data-e-type=\"widget\" data-widget_type=\"image.default\">\n\t\t\t\t\t\t<div class=\"elementor-widget-container\">\n\t\t\t\t\t\t\t\t\t\t\t\t\t\t\t<img loading=\"lazy\" decoding=\"async\" width=\"690\" height=\"430\" src=\"https:\/\/cliniquevisionpros.com\/wp-content\/uploads\/2023\/09\/regular_vision2.png\" class=\"attachment-large size-large wp-image-597\" alt=\"\" srcset=\"https:\/\/cliniquevisionpros.com\/wp-content\/uploads\/2023\/09\/regular_vision2.png 690w, https:\/\/cliniquevisionpros.com\/wp-content\/uploads\/2023\/09\/regular_vision2-300x187.png 300w\" sizes=\"(max-width: 690px) 100vw, 690px\" \/>\t\t\t\t\t\t\t\t\t\t\t\t\t\t\t<\/div>\n\t\t\t\t<\/div>\n\t\t\t\t<div class=\"elementor-element elementor-element-e03593c elementor-widget elementor-widget-image\" data-id=\"e03593c\" data-element_type=\"widget\" data-e-type=\"widget\" data-widget_type=\"image.default\">\n\t\t\t\t\t\t<div class=\"elementor-widget-container\">\n\t\t\t\t\t\t\t\t\t\t\t\t\t\t\t<img loading=\"lazy\" decoding=\"async\" width=\"690\" height=\"430\" src=\"https:\/\/cliniquevisionpros.com\/wp-content\/uploads\/2023\/09\/vision_with_cataracts2.png\" class=\"attachment-large size-large wp-image-599\" alt=\"\" srcset=\"https:\/\/cliniquevisionpros.com\/wp-content\/uploads\/2023\/09\/vision_with_cataracts2.png 690w, https:\/\/cliniquevisionpros.com\/wp-content\/uploads\/2023\/09\/vision_with_cataracts2-300x187.png 300w\" sizes=\"(max-width: 690px) 100vw, 690px\" \/>\t\t\t\t\t\t\t\t\t\t\t\t\t\t\t<\/div>\n\t\t\t\t<\/div>\n\t\t\t\t<\/div>\n\t\t\t\t<\/div>\n\t\t<div class=\"elementor-element elementor-element-6253141 e-con-full e-flex e-con e-parent\" data-id=\"6253141\" data-element_type=\"container\" data-e-type=\"container\" data-settings=\"{&quot;background_background&quot;:&quot;classic&quot;}\">\n\t\t<div class=\"elementor-element elementor-element-2fe651d e-con-full e-flex e-con e-child\" data-id=\"2fe651d\" data-element_type=\"container\" data-e-type=\"container\" data-settings=\"{&quot;background_background&quot;:&quot;classic&quot;}\">\n\t\t\t\t<div class=\"elementor-element elementor-element-3f4ce4e elementor-widget elementor-widget-heading\" data-id=\"3f4ce4e\" data-element_type=\"widget\" data-e-type=\"widget\" data-widget_type=\"heading.default\">\n\t\t\t\t\t\t<div class=\"elementor-widget-container\">\n\t\t\t\t\t<h2 class=\"elementor-heading-title elementor-size-default\"><span style=\"font-weight:400\">Diagnostic <\/span> de la cataracte<\/h2>\t\t\t\t<\/div>\n\t\t\t\t<\/div>\n\t\t\t\t<\/div>\n\t\t<div class=\"elementor-element elementor-element-d824e59 e-con-full e-flex e-con e-child\" data-id=\"d824e59\" data-element_type=\"container\" data-e-type=\"container\" data-settings=\"{&quot;background_background&quot;:&quot;classic&quot;}\">\n\t\t\t\t<div class=\"elementor-element elementor-element-9f160cf elementor-widget elementor-widget-text-editor\" data-id=\"9f160cf\" data-element_type=\"widget\" data-e-type=\"widget\" data-widget_type=\"text-editor.default\">\n\t\t\t\t\t\t<div class=\"elementor-widget-container\">\n\t\t\t\t\t\t\t\t\t<p><span style=\"font-weight: 400;\">Votre ophtalmologiste peut diagnostiquer une cataracte dans un \u0153il ou dans les deux en identifiant les sympt\u00f4mes \u00e9num\u00e9r\u00e9s ci-dessus et en proc\u00e9dant \u00e0 un examen complet de l&rsquo;\u0153il.<\/span><\/p>\n<p><span style=\"font-weight: 400;\">L&rsquo;examen oculaire visant \u00e0 diagnostiquer la cataracte comprend les \u00e9l\u00e9ments suivants :<\/span><\/p>\n\t\t\t\t\t\t\t\t<\/div>\n\t\t\t\t<\/div>\n\t\t\t\t<div class=\"elementor-element elementor-element-48b0ee8 elementor-icon-list--layout-traditional elementor-list-item-link-full_width elementor-widget elementor-widget-icon-list\" data-id=\"48b0ee8\" data-element_type=\"widget\" data-e-type=\"widget\" data-widget_type=\"icon-list.default\">\n\t\t\t\t\t\t<div class=\"elementor-widget-container\">\n\t\t\t\t\t\t\t<ul class=\"elementor-icon-list-items\">\n\t\t\t\t\t\t\t<li class=\"elementor-icon-list-item\">\n\t\t\t\t\t\t\t\t\t\t\t<span class=\"elementor-icon-list-icon\">\n\t\t\t\t\t\t\t<svg xmlns=\"http:\/\/www.w3.org\/2000\/svg\" width=\"46.933\" height=\"34.859\" viewBox=\"0 0 46.933 34.859\"><ellipse id=\"Ellipse_4\" data-name=\"Ellipse 4\" cx=\"21.17\" cy=\"10.245\" rx=\"21.17\" ry=\"10.245\" transform=\"translate(0 15.861) rotate(-22)\" fill=\"#81d6d6\"><\/ellipse><\/svg>\t\t\t\t\t\t<\/span>\n\t\t\t\t\t\t\t\t\t\t<span class=\"elementor-icon-list-text\">Un test d'acuit\u00e9 visuelle<\/span>\n\t\t\t\t\t\t\t\t\t<\/li>\n\t\t\t\t\t\t\t\t<li class=\"elementor-icon-list-item\">\n\t\t\t\t\t\t\t\t\t\t\t<span class=\"elementor-icon-list-icon\">\n\t\t\t\t\t\t\t<svg xmlns=\"http:\/\/www.w3.org\/2000\/svg\" width=\"46.933\" height=\"34.859\" viewBox=\"0 0 46.933 34.859\"><ellipse id=\"Ellipse_4\" data-name=\"Ellipse 4\" cx=\"21.17\" cy=\"10.245\" rx=\"21.17\" ry=\"10.245\" transform=\"translate(0 15.861) rotate(-22)\" fill=\"#81d6d6\"><\/ellipse><\/svg>\t\t\t\t\t\t<\/span>\n\t\t\t\t\t\t\t\t\t\t<span class=\"elementor-icon-list-text\">Examen \u00e0 la lampe \u00e0 fente<\/span>\n\t\t\t\t\t\t\t\t\t<\/li>\n\t\t\t\t\t\t\t\t<li class=\"elementor-icon-list-item\">\n\t\t\t\t\t\t\t\t\t\t\t<span class=\"elementor-icon-list-icon\">\n\t\t\t\t\t\t\t<svg xmlns=\"http:\/\/www.w3.org\/2000\/svg\" width=\"46.933\" height=\"34.859\" viewBox=\"0 0 46.933 34.859\"><ellipse id=\"Ellipse_4\" data-name=\"Ellipse 4\" cx=\"21.17\" cy=\"10.245\" rx=\"21.17\" ry=\"10.245\" transform=\"translate(0 15.861) rotate(-22)\" fill=\"#81d6d6\"><\/ellipse><\/svg>\t\t\t\t\t\t<\/span>\n\t\t\t\t\t\t\t\t\t\t<span class=\"elementor-icon-list-text\">Tonom\u00e9trie (pression)<\/span>\n\t\t\t\t\t\t\t\t\t<\/li>\n\t\t\t\t\t\t\t\t<li class=\"elementor-icon-list-item\">\n\t\t\t\t\t\t\t\t\t\t\t<span class=\"elementor-icon-list-icon\">\n\t\t\t\t\t\t\t<svg xmlns=\"http:\/\/www.w3.org\/2000\/svg\" width=\"46.933\" height=\"34.859\" viewBox=\"0 0 46.933 34.859\"><ellipse id=\"Ellipse_4\" data-name=\"Ellipse 4\" cx=\"21.17\" cy=\"10.245\" rx=\"21.17\" ry=\"10.245\" transform=\"translate(0 15.861) rotate(-22)\" fill=\"#81d6d6\"><\/ellipse><\/svg>\t\t\t\t\t\t<\/span>\n\t\t\t\t\t\t\t\t\t\t<span class=\"elementor-icon-list-text\">Examen r\u00e9tinien complet<\/span>\n\t\t\t\t\t\t\t\t\t<\/li>\n\t\t\t\t\t\t\t\t<li class=\"elementor-icon-list-item\">\n\t\t\t\t\t\t\t\t\t\t\t<span class=\"elementor-icon-list-icon\">\n\t\t\t\t\t\t\t<svg xmlns=\"http:\/\/www.w3.org\/2000\/svg\" width=\"46.933\" height=\"34.859\" viewBox=\"0 0 46.933 34.859\"><ellipse id=\"Ellipse_4\" data-name=\"Ellipse 4\" cx=\"21.17\" cy=\"10.245\" rx=\"21.17\" ry=\"10.245\" transform=\"translate(0 15.861) rotate(-22)\" fill=\"#81d6d6\"><\/ellipse><\/svg>\t\t\t\t\t\t<\/span>\n\t\t\t\t\t\t\t\t\t\t<span class=\"elementor-icon-list-text\">OCT pour \u00e9liminer le glaucome et les pathologies maculaires <\/span>\n\t\t\t\t\t\t\t\t\t<\/li>\n\t\t\t\t\t\t\t\t<li class=\"elementor-icon-list-item\">\n\t\t\t\t\t\t\t\t\t\t\t<span class=\"elementor-icon-list-icon\">\n\t\t\t\t\t\t\t<svg xmlns=\"http:\/\/www.w3.org\/2000\/svg\" width=\"46.933\" height=\"34.859\" viewBox=\"0 0 46.933 34.859\"><ellipse id=\"Ellipse_4\" data-name=\"Ellipse 4\" cx=\"21.17\" cy=\"10.245\" rx=\"21.17\" ry=\"10.245\" transform=\"translate(0 15.861) rotate(-22)\" fill=\"#81d6d6\"><\/ellipse><\/svg>\t\t\t\t\t\t<\/span>\n\t\t\t\t\t\t\t\t\t\t<span class=\"elementor-icon-list-text\">Biom\u00e9trie<\/span>\n\t\t\t\t\t\t\t\t\t<\/li>\n\t\t\t\t\t\t\t\t<li class=\"elementor-icon-list-item\">\n\t\t\t\t\t\t\t\t\t\t\t<span class=\"elementor-icon-list-icon\">\n\t\t\t\t\t\t\t<svg xmlns=\"http:\/\/www.w3.org\/2000\/svg\" width=\"46.933\" height=\"34.859\" viewBox=\"0 0 46.933 34.859\"><ellipse id=\"Ellipse_4\" data-name=\"Ellipse 4\" cx=\"21.17\" cy=\"10.245\" rx=\"21.17\" ry=\"10.245\" transform=\"translate(0 15.861) rotate(-22)\" fill=\"#81d6d6\"><\/ellipse><\/svg>\t\t\t\t\t\t<\/span>\n\t\t\t\t\t\t\t\t\t\t<span class=\"elementor-icon-list-text\">Topographie de la corn\u00e9e<\/span>\n\t\t\t\t\t\t\t\t\t<\/li>\n\t\t\t\t\t\t<\/ul>\n\t\t\t\t\t\t<\/div>\n\t\t\t\t<\/div>\n\t\t\t\t<div class=\"elementor-element elementor-element-a381f30 elementor-align-left elementor-widget elementor-widget-button\" data-id=\"a381f30\" data-element_type=\"widget\" data-e-type=\"widget\" data-widget_type=\"button.default\">\n\t\t\t\t\t\t<div class=\"elementor-widget-container\">\n\t\t\t\t\t\t\t\t\t<div class=\"elementor-button-wrapper\">\n\t\t\t\t\t<a class=\"elementor-button elementor-button-link elementor-size-sm\" href=\"https:\/\/cliniquevisionpros.com\/fr\/prendre-rendez-vous\/\">\n\t\t\t\t\t\t<span class=\"elementor-button-content-wrapper\">\n\t\t\t\t\t\t<span class=\"elementor-button-icon\">\n\t\t\t\t<i aria-hidden=\"true\" class=\"fas fa-arrow-right\"><\/i>\t\t\t<\/span>\n\t\t\t\t\t\t\t\t\t<span class=\"elementor-button-text\">Prendre rendez-vous<\/span>\n\t\t\t\t\t<\/span>\n\t\t\t\t\t<\/a>\n\t\t\t\t<\/div>\n\t\t\t\t\t\t\t\t<\/div>\n\t\t\t\t<\/div>\n\t\t\t\t<\/div>\n\t\t\t\t<\/div>\n\t\t<div class=\"elementor-element elementor-element-539d1d7 e-con-full elementor-hidden-widescreen elementor-hidden-desktop elementor-hidden-laptop elementor-hidden-tablet_extra e-flex e-con e-parent\" data-id=\"539d1d7\" data-element_type=\"container\" data-e-type=\"container\" data-settings=\"{&quot;background_background&quot;:&quot;classic&quot;}\">\n\t\t\t\t<\/div>\n\t\t<div class=\"elementor-element elementor-element-61f44e0f e-con-full e-flex e-con e-parent\" data-id=\"61f44e0f\" data-element_type=\"container\" data-e-type=\"container\" data-settings=\"{&quot;background_background&quot;:&quot;classic&quot;}\">\n\t\t<div class=\"elementor-element elementor-element-4c80772 e-con-full e-flex e-con e-child\" data-id=\"4c80772\" data-element_type=\"container\" data-e-type=\"container\" data-settings=\"{&quot;background_background&quot;:&quot;classic&quot;}\">\n\t\t\t\t<div class=\"elementor-element elementor-element-43ada4ac elementor-widget elementor-widget-image\" data-id=\"43ada4ac\" data-element_type=\"widget\" data-e-type=\"widget\" data-widget_type=\"image.default\">\n\t\t\t\t\t\t<div class=\"elementor-widget-container\">\n\t\t\t\t\t\t\t\t\t\t\t\t\t\t\t<img loading=\"lazy\" decoding=\"async\" width=\"1024\" height=\"1024\" src=\"https:\/\/cliniquevisionpros.com\/wp-content\/uploads\/2023\/09\/visual-acuity-test-scaled-e1695758449908-1024x1024.jpeg\" class=\"attachment-large size-large wp-image-611\" alt=\"\" srcset=\"https:\/\/cliniquevisionpros.com\/wp-content\/uploads\/2023\/09\/visual-acuity-test-scaled-e1695758449908-1024x1024.jpeg 1024w, https:\/\/cliniquevisionpros.com\/wp-content\/uploads\/2023\/09\/visual-acuity-test-scaled-e1695758449908-300x300.jpeg 300w, https:\/\/cliniquevisionpros.com\/wp-content\/uploads\/2023\/09\/visual-acuity-test-scaled-e1695758449908-150x150.jpeg 150w, https:\/\/cliniquevisionpros.com\/wp-content\/uploads\/2023\/09\/visual-acuity-test-scaled-e1695758449908-768x768.jpeg 768w, https:\/\/cliniquevisionpros.com\/wp-content\/uploads\/2023\/09\/visual-acuity-test-scaled-e1695758449908-1536x1536.jpeg 1536w, https:\/\/cliniquevisionpros.com\/wp-content\/uploads\/2023\/09\/visual-acuity-test-scaled-e1695758449908.jpeg 1749w\" sizes=\"(max-width: 1024px) 100vw, 1024px\" \/>\t\t\t\t\t\t\t\t\t\t\t\t\t\t\t<\/div>\n\t\t\t\t<\/div>\n\t\t\t\t<\/div>\n\t\t<div class=\"elementor-element elementor-element-46eabf07 e-con-full e-flex e-con e-child\" data-id=\"46eabf07\" data-element_type=\"container\" data-e-type=\"container\" data-settings=\"{&quot;background_background&quot;:&quot;classic&quot;}\">\n\t\t\t\t<div class=\"elementor-element elementor-element-2c21e91e elementor-widget elementor-widget-heading\" data-id=\"2c21e91e\" data-element_type=\"widget\" data-e-type=\"widget\" data-widget_type=\"heading.default\">\n\t\t\t\t\t\t<div class=\"elementor-widget-container\">\n\t\t\t\t\t<h3 class=\"elementor-heading-title elementor-size-default\">Examen de l'acuit\u00e9 visuelle<\/h3>\t\t\t\t<\/div>\n\t\t\t\t<\/div>\n\t\t\t\t<div class=\"elementor-element elementor-element-65368440 elementor-widget elementor-widget-text-editor\" data-id=\"65368440\" data-element_type=\"widget\" data-e-type=\"widget\" data-widget_type=\"text-editor.default\">\n\t\t\t\t\t\t<div class=\"elementor-widget-container\">\n\t\t\t\t\t\t\t\t\t<p>L&rsquo;examen de l&rsquo;acuit\u00e9 visuelle est un test effectu\u00e9 \u00e0 l&rsquo;aide d&rsquo;une carte oculaire qui permet d&rsquo;\u00e9valuer votre vision \u00e0 diff\u00e9rentes distances.<\/p>\n<p>Votre ophtalmologiste combinera les r\u00e9sultats du test de la grille d&rsquo;Amsler et d&rsquo;un examen de l&rsquo;acuit\u00e9 visuelle pour diagnostiquer la DMLA avec plus de pr\u00e9cision. <\/p>\n\t\t\t\t\t\t\t\t<\/div>\n\t\t\t\t<\/div>\n\t\t\t\t<\/div>\n\t\t\t\t<\/div>\n\t\t<div class=\"elementor-element elementor-element-916a9ef e-con-full e-flex e-con e-parent\" data-id=\"916a9ef\" data-element_type=\"container\" data-e-type=\"container\" data-settings=\"{&quot;background_background&quot;:&quot;classic&quot;}\">\n\t\t<div class=\"elementor-element elementor-element-ebd19ad e-con-full e-flex e-con e-child\" data-id=\"ebd19ad\" data-element_type=\"container\" data-e-type=\"container\" data-settings=\"{&quot;background_background&quot;:&quot;classic&quot;}\">\n\t\t\t\t<div class=\"elementor-element elementor-element-68c3662 elementor-widget elementor-widget-image\" data-id=\"68c3662\" data-element_type=\"widget\" data-e-type=\"widget\" data-widget_type=\"image.default\">\n\t\t\t\t\t\t<div class=\"elementor-widget-container\">\n\t\t\t\t\t\t\t\t\t\t\t\t\t\t\t<img loading=\"lazy\" decoding=\"async\" width=\"1024\" height=\"1024\" src=\"https:\/\/cliniquevisionpros.com\/wp-content\/uploads\/2023\/08\/retinal_exam-1024x1024.jpg\" class=\"attachment-large size-large wp-image-587\" alt=\"\" srcset=\"https:\/\/cliniquevisionpros.com\/wp-content\/uploads\/2023\/08\/retinal_exam-1024x1024.jpg 1024w, https:\/\/cliniquevisionpros.com\/wp-content\/uploads\/2023\/08\/retinal_exam-300x300.jpg 300w, https:\/\/cliniquevisionpros.com\/wp-content\/uploads\/2023\/08\/retinal_exam-150x150.jpg 150w, https:\/\/cliniquevisionpros.com\/wp-content\/uploads\/2023\/08\/retinal_exam-768x768.jpg 768w, https:\/\/cliniquevisionpros.com\/wp-content\/uploads\/2023\/08\/retinal_exam-1536x1536.jpg 1536w, https:\/\/cliniquevisionpros.com\/wp-content\/uploads\/2023\/08\/retinal_exam-scaled.jpg 1920w\" sizes=\"(max-width: 1024px) 100vw, 1024px\" \/>\t\t\t\t\t\t\t\t\t\t\t\t\t\t\t<\/div>\n\t\t\t\t<\/div>\n\t\t\t\t<\/div>\n\t\t<div class=\"elementor-element elementor-element-29df3d5 e-con-full e-flex e-con e-child\" data-id=\"29df3d5\" data-element_type=\"container\" data-e-type=\"container\" data-settings=\"{&quot;background_background&quot;:&quot;classic&quot;}\">\n\t\t\t\t<div class=\"elementor-element elementor-element-f9a1276 elementor-widget elementor-widget-heading\" data-id=\"f9a1276\" data-element_type=\"widget\" data-e-type=\"widget\" data-widget_type=\"heading.default\">\n\t\t\t\t\t\t<div class=\"elementor-widget-container\">\n\t\t\t\t\t<h3 class=\"elementor-heading-title elementor-size-default\">Examen de la r\u00e9tine<\/h3>\t\t\t\t<\/div>\n\t\t\t\t<\/div>\n\t\t\t\t<div class=\"elementor-element elementor-element-1fce3fe elementor-widget elementor-widget-text-editor\" data-id=\"1fce3fe\" data-element_type=\"widget\" data-e-type=\"widget\" data-widget_type=\"text-editor.default\">\n\t\t\t\t\t\t<div class=\"elementor-widget-container\">\n\t\t\t\t\t\t\t\t\t<p><span style=\"font-weight: 400;\">Votre ophtalmologiste effectuera un examen de la r\u00e9tine en appliquant d&rsquo;abord des gouttes ophtalmiques pour dilater ou \u00e9largir vos pupilles afin qu&rsquo;il puisse facilement voir le nerf optique \u00e0 l&rsquo;arri\u00e8re de vos yeux \u00e0 l&rsquo;aide d&rsquo;une lampe \u00e0 fente. <\/span><\/p>\n\t\t\t\t\t\t\t\t<\/div>\n\t\t\t\t<\/div>\n\t\t\t\t<\/div>\n\t\t\t\t<\/div>\n\t\t<div class=\"elementor-element elementor-element-892d1b7 e-con-full e-flex e-con e-parent\" data-id=\"892d1b7\" data-element_type=\"container\" data-e-type=\"container\" data-settings=\"{&quot;background_background&quot;:&quot;classic&quot;}\">\n\t\t<div class=\"elementor-element elementor-element-f6e3e1e e-con-full e-flex e-con e-child\" data-id=\"f6e3e1e\" data-element_type=\"container\" data-e-type=\"container\" data-settings=\"{&quot;background_background&quot;:&quot;classic&quot;}\">\n\t\t\t\t<div class=\"elementor-element elementor-element-c60b8b7 elementor-widget elementor-widget-image\" data-id=\"c60b8b7\" data-element_type=\"widget\" data-e-type=\"widget\" data-widget_type=\"image.default\">\n\t\t\t\t\t\t<div class=\"elementor-widget-container\">\n\t\t\t\t\t\t\t\t\t\t\t\t\t\t\t<img loading=\"lazy\" decoding=\"async\" width=\"1024\" height=\"1024\" src=\"https:\/\/cliniquevisionpros.com\/wp-content\/uploads\/2023\/08\/slit_lamp_examination-1-1-1024x1024.jpg\" class=\"attachment-large size-large wp-image-588\" alt=\"\" srcset=\"https:\/\/cliniquevisionpros.com\/wp-content\/uploads\/2023\/08\/slit_lamp_examination-1-1-1024x1024.jpg 1024w, https:\/\/cliniquevisionpros.com\/wp-content\/uploads\/2023\/08\/slit_lamp_examination-1-1-300x300.jpg 300w, https:\/\/cliniquevisionpros.com\/wp-content\/uploads\/2023\/08\/slit_lamp_examination-1-1-150x150.jpg 150w, https:\/\/cliniquevisionpros.com\/wp-content\/uploads\/2023\/08\/slit_lamp_examination-1-1-768x768.jpg 768w, https:\/\/cliniquevisionpros.com\/wp-content\/uploads\/2023\/08\/slit_lamp_examination-1-1-1536x1536.jpg 1536w, https:\/\/cliniquevisionpros.com\/wp-content\/uploads\/2023\/08\/slit_lamp_examination-1-1-scaled.jpg 1920w\" sizes=\"(max-width: 1024px) 100vw, 1024px\" \/>\t\t\t\t\t\t\t\t\t\t\t\t\t\t\t<\/div>\n\t\t\t\t<\/div>\n\t\t\t\t<\/div>\n\t\t<div class=\"elementor-element elementor-element-5b84b4d e-con-full e-flex e-con e-child\" data-id=\"5b84b4d\" data-element_type=\"container\" data-e-type=\"container\" data-settings=\"{&quot;background_background&quot;:&quot;classic&quot;}\">\n\t\t\t\t<div class=\"elementor-element elementor-element-f424b2d elementor-widget elementor-widget-heading\" data-id=\"f424b2d\" data-element_type=\"widget\" data-e-type=\"widget\" data-widget_type=\"heading.default\">\n\t\t\t\t\t\t<div class=\"elementor-widget-container\">\n\t\t\t\t\t<h3 class=\"elementor-heading-title elementor-size-default\">Examen \u00e0 la lampe \u00e0 fente<\/h3>\t\t\t\t<\/div>\n\t\t\t\t<\/div>\n\t\t\t\t<div class=\"elementor-element elementor-element-b469f83 elementor-widget elementor-widget-text-editor\" data-id=\"b469f83\" data-element_type=\"widget\" data-e-type=\"widget\" data-widget_type=\"text-editor.default\">\n\t\t\t\t\t\t<div class=\"elementor-widget-container\">\n\t\t\t\t\t\t\t\t\t<p><span style=\"font-weight: 400;\">Lors d&rsquo;un examen \u00e0 la lampe \u00e0 fente, votre ophtalmologiste utilisera une lumi\u00e8re tr\u00e8s brillante et focalis\u00e9e pour voir l&rsquo;int\u00e9rieur de votre \u0153il et examiner la corn\u00e9e, l&rsquo;iris et le cristallin afin de d\u00e9tecter d&rsquo;\u00e9ventuelles l\u00e9sions. <\/span><\/p>\n\t\t\t\t\t\t\t\t<\/div>\n\t\t\t\t<\/div>\n\t\t\t\t<\/div>\n\t\t\t\t<\/div>\n\t\t<div class=\"elementor-element elementor-element-b895e69 e-con-full e-flex e-con e-parent\" data-id=\"b895e69\" data-element_type=\"container\" data-e-type=\"container\" data-settings=\"{&quot;background_background&quot;:&quot;classic&quot;}\">\n\t\t<div class=\"elementor-element elementor-element-dda3b5f e-con-full e-flex e-con e-child\" data-id=\"dda3b5f\" data-element_type=\"container\" data-e-type=\"container\" data-settings=\"{&quot;background_background&quot;:&quot;classic&quot;}\">\n\t\t\t\t<div class=\"elementor-element elementor-element-831c0bc elementor-widget elementor-widget-image\" data-id=\"831c0bc\" data-element_type=\"widget\" data-e-type=\"widget\" data-widget_type=\"image.default\">\n\t\t\t\t\t\t<div class=\"elementor-widget-container\">\n\t\t\t\t\t\t\t\t\t\t\t\t\t\t\t<img loading=\"lazy\" decoding=\"async\" width=\"1024\" height=\"1024\" src=\"https:\/\/cliniquevisionpros.com\/wp-content\/uploads\/2023\/08\/applanation_tonometry-1-1024x1024.jpg\" class=\"attachment-large size-large wp-image-589\" alt=\"\" srcset=\"https:\/\/cliniquevisionpros.com\/wp-content\/uploads\/2023\/08\/applanation_tonometry-1-1024x1024.jpg 1024w, https:\/\/cliniquevisionpros.com\/wp-content\/uploads\/2023\/08\/applanation_tonometry-1-300x300.jpg 300w, https:\/\/cliniquevisionpros.com\/wp-content\/uploads\/2023\/08\/applanation_tonometry-1-150x150.jpg 150w, https:\/\/cliniquevisionpros.com\/wp-content\/uploads\/2023\/08\/applanation_tonometry-1-768x768.jpg 768w, https:\/\/cliniquevisionpros.com\/wp-content\/uploads\/2023\/08\/applanation_tonometry-1-1536x1536.jpg 1536w, https:\/\/cliniquevisionpros.com\/wp-content\/uploads\/2023\/08\/applanation_tonometry-1.jpg 1920w\" sizes=\"(max-width: 1024px) 100vw, 1024px\" \/>\t\t\t\t\t\t\t\t\t\t\t\t\t\t\t<\/div>\n\t\t\t\t<\/div>\n\t\t\t\t<\/div>\n\t\t<div class=\"elementor-element elementor-element-36d8e8d e-con-full e-flex e-con e-child\" data-id=\"36d8e8d\" data-element_type=\"container\" data-e-type=\"container\" data-settings=\"{&quot;background_background&quot;:&quot;classic&quot;}\">\n\t\t\t\t<div class=\"elementor-element elementor-element-63048ba elementor-widget elementor-widget-heading\" data-id=\"63048ba\" data-element_type=\"widget\" data-e-type=\"widget\" data-widget_type=\"heading.default\">\n\t\t\t\t\t\t<div class=\"elementor-widget-container\">\n\t\t\t\t\t<h3 class=\"elementor-heading-title elementor-size-default\">Tonom\u00e9trie<\/h3>\t\t\t\t<\/div>\n\t\t\t\t<\/div>\n\t\t\t\t<div class=\"elementor-element elementor-element-be9df1d elementor-widget elementor-widget-text-editor\" data-id=\"be9df1d\" data-element_type=\"widget\" data-e-type=\"widget\" data-widget_type=\"text-editor.default\">\n\t\t\t\t\t\t<div class=\"elementor-widget-container\">\n\t\t\t\t\t\t\t\t\t<p><span style=\"font-weight: 400;\">La tonom\u00e9trie d&rsquo;aplanation est un examen qui permet \u00e0 votre ophtalmologiste de mesurer la pression intraoculaire (PIO) \u00e0 l&rsquo;int\u00e9rieur de votre \u0153il. <\/span><\/p>\n<p><span style=\"font-weight: 400;\">Une PIO \u00e9lev\u00e9e peut \u00eatre le signe d&rsquo;autres pathologies, telles que le glaucome. <\/span><\/p>\n\t\t\t\t\t\t\t\t<\/div>\n\t\t\t\t<\/div>\n\t\t\t\t<\/div>\n\t\t\t\t<\/div>\n\t\t<div class=\"elementor-element elementor-element-2b36636 e-con-full e-flex e-con e-parent\" data-id=\"2b36636\" data-element_type=\"container\" data-e-type=\"container\" data-settings=\"{&quot;background_background&quot;:&quot;classic&quot;}\">\n\t\t<div class=\"elementor-element elementor-element-22789cf e-con-full e-flex e-con e-child\" data-id=\"22789cf\" data-element_type=\"container\" data-e-type=\"container\" data-settings=\"{&quot;background_background&quot;:&quot;classic&quot;}\">\n\t\t\t\t<div class=\"elementor-element elementor-element-9917252 elementor-widget elementor-widget-image\" data-id=\"9917252\" data-element_type=\"widget\" data-e-type=\"widget\" data-widget_type=\"image.default\">\n\t\t\t\t\t\t<div class=\"elementor-widget-container\">\n\t\t\t\t\t\t\t\t\t\t\t\t\t\t\t<img loading=\"lazy\" decoding=\"async\" width=\"1024\" height=\"682\" src=\"https:\/\/cliniquevisionpros.com\/wp-content\/uploads\/2023\/08\/cataracts_treatment-1024x682.jpeg\" class=\"attachment-large size-large wp-image-590\" alt=\"\" srcset=\"https:\/\/cliniquevisionpros.com\/wp-content\/uploads\/2023\/08\/cataracts_treatment-1024x682.jpeg 1024w, https:\/\/cliniquevisionpros.com\/wp-content\/uploads\/2023\/08\/cataracts_treatment-300x200.jpeg 300w, https:\/\/cliniquevisionpros.com\/wp-content\/uploads\/2023\/08\/cataracts_treatment-768x512.jpeg 768w, https:\/\/cliniquevisionpros.com\/wp-content\/uploads\/2023\/08\/cataracts_treatment-1536x1024.jpeg 1536w, https:\/\/cliniquevisionpros.com\/wp-content\/uploads\/2023\/08\/cataracts_treatment-scaled.jpeg 1920w\" sizes=\"(max-width: 1024px) 100vw, 1024px\" \/>\t\t\t\t\t\t\t\t\t\t\t\t\t\t\t<\/div>\n\t\t\t\t<\/div>\n\t\t\t\t<\/div>\n\t\t<div class=\"elementor-element elementor-element-ba68320 e-con-full e-flex e-con e-child\" data-id=\"ba68320\" data-element_type=\"container\" data-e-type=\"container\" data-settings=\"{&quot;background_background&quot;:&quot;classic&quot;}\">\n\t\t\t\t<div class=\"elementor-element elementor-element-057f244 elementor-widget elementor-widget-heading\" data-id=\"057f244\" data-element_type=\"widget\" data-e-type=\"widget\" data-widget_type=\"heading.default\">\n\t\t\t\t\t\t<div class=\"elementor-widget-container\">\n\t\t\t\t\t<h2 class=\"elementor-heading-title elementor-size-default\"><span style=\"font-weight:400\">Traitement <\/span> de la cataracte<\/h2>\t\t\t\t<\/div>\n\t\t\t\t<\/div>\n\t\t\t\t<div class=\"elementor-element elementor-element-daa6e8c elementor-widget elementor-widget-text-editor\" data-id=\"daa6e8c\" data-element_type=\"widget\" data-e-type=\"widget\" data-widget_type=\"text-editor.default\">\n\t\t\t\t\t\t<div class=\"elementor-widget-container\">\n\t\t\t\t\t\t\t\t\t<p>La cataracte peut \u00eatre observ\u00e9e au stade l\u00e9ger et la vision peut souvent \u00eatre am\u00e9lior\u00e9e \u00e0 l&rsquo;aide de lunettes ou m\u00eame de lentilles de contact.<\/p>\n<p><span style=\"font-weight: 400;\">Lorsque votre vision se d\u00e9grade, votre ophtalmologiste peut vous recommander une chirurgie de la cataracte, \u00e9galement connue sous le nom de chirurgie phaco-r\u00e9fractive. <\/span><\/p>\n<p><span style=\"font-weight: 400;\">La chirurgie phaco-r\u00e9fractive consiste \u00e0 retirer le cristallin trouble et jaunissant qui se trouve \u00e0 l&rsquo;int\u00e9rieur de votre \u0153il. <\/span><\/p>\n<p><span style=\"font-weight: 400;\">La lentille endommag\u00e9e est ensuite remplac\u00e9e par l&rsquo;une des lentilles intraoculaires (LIO) suivantes, qui visent \u00e0 corriger votre vision :<\/span><\/p>\n\t\t\t\t\t\t\t\t<\/div>\n\t\t\t\t<\/div>\n\t\t\t\t<div class=\"elementor-element elementor-element-1599c7a elementor-icon-list--layout-traditional elementor-list-item-link-full_width elementor-widget elementor-widget-icon-list\" data-id=\"1599c7a\" data-element_type=\"widget\" data-e-type=\"widget\" data-widget_type=\"icon-list.default\">\n\t\t\t\t\t\t<div class=\"elementor-widget-container\">\n\t\t\t\t\t\t\t<ul class=\"elementor-icon-list-items\">\n\t\t\t\t\t\t\t<li class=\"elementor-icon-list-item\">\n\t\t\t\t\t\t\t\t\t\t\t<span class=\"elementor-icon-list-icon\">\n\t\t\t\t\t\t\t<svg xmlns=\"http:\/\/www.w3.org\/2000\/svg\" width=\"46.933\" height=\"34.859\" viewBox=\"0 0 46.933 34.859\"><ellipse id=\"Ellipse_4\" data-name=\"Ellipse 4\" cx=\"21.17\" cy=\"10.245\" rx=\"21.17\" ry=\"10.245\" transform=\"translate(0 15.861) rotate(-22)\" fill=\"#81d6d6\"><\/ellipse><\/svg>\t\t\t\t\t\t<\/span>\n\t\t\t\t\t\t\t\t\t\t<span class=\"elementor-icon-list-text\">Lentilles monofocales<\/span>\n\t\t\t\t\t\t\t\t\t<\/li>\n\t\t\t\t\t\t\t\t<li class=\"elementor-icon-list-item\">\n\t\t\t\t\t\t\t\t\t\t\t<span class=\"elementor-icon-list-icon\">\n\t\t\t\t\t\t\t<svg xmlns=\"http:\/\/www.w3.org\/2000\/svg\" width=\"46.933\" height=\"34.859\" viewBox=\"0 0 46.933 34.859\"><ellipse id=\"Ellipse_4\" data-name=\"Ellipse 4\" cx=\"21.17\" cy=\"10.245\" rx=\"21.17\" ry=\"10.245\" transform=\"translate(0 15.861) rotate(-22)\" fill=\"#81d6d6\"><\/ellipse><\/svg>\t\t\t\t\t\t<\/span>\n\t\t\t\t\t\t\t\t\t\t<span class=\"elementor-icon-list-text\">Lentilles multifocales ou trifocales<\/span>\n\t\t\t\t\t\t\t\t\t<\/li>\n\t\t\t\t\t\t\t\t<li class=\"elementor-icon-list-item\">\n\t\t\t\t\t\t\t\t\t\t\t<span class=\"elementor-icon-list-icon\">\n\t\t\t\t\t\t\t<svg xmlns=\"http:\/\/www.w3.org\/2000\/svg\" width=\"46.933\" height=\"34.859\" viewBox=\"0 0 46.933 34.859\"><ellipse id=\"Ellipse_4\" data-name=\"Ellipse 4\" cx=\"21.17\" cy=\"10.245\" rx=\"21.17\" ry=\"10.245\" transform=\"translate(0 15.861) rotate(-22)\" fill=\"#81d6d6\"><\/ellipse><\/svg>\t\t\t\t\t\t<\/span>\n\t\t\t\t\t\t\t\t\t\t<span class=\"elementor-icon-list-text\">Objectifs \u00e0 profondeur de champ \u00e9tendue (EDOF)<\/span>\n\t\t\t\t\t\t\t\t\t<\/li>\n\t\t\t\t\t\t\t\t<li class=\"elementor-icon-list-item\">\n\t\t\t\t\t\t\t\t\t\t\t<span class=\"elementor-icon-list-icon\">\n\t\t\t\t\t\t\t<svg xmlns=\"http:\/\/www.w3.org\/2000\/svg\" width=\"46.933\" height=\"34.859\" viewBox=\"0 0 46.933 34.859\"><ellipse id=\"Ellipse_4\" data-name=\"Ellipse 4\" cx=\"21.17\" cy=\"10.245\" rx=\"21.17\" ry=\"10.245\" transform=\"translate(0 15.861) rotate(-22)\" fill=\"#81d6d6\"><\/ellipse><\/svg>\t\t\t\t\t\t<\/span>\n\t\t\t\t\t\t\t\t\t\t<span class=\"elementor-icon-list-text\">Lentilles toriques pour la correction astigmatique<\/span>\n\t\t\t\t\t\t\t\t\t<\/li>\n\t\t\t\t\t\t<\/ul>\n\t\t\t\t\t\t<\/div>\n\t\t\t\t<\/div>\n\t\t\t\t<div class=\"elementor-element elementor-element-0012a71 elementor-align-left elementor-widget elementor-widget-button\" data-id=\"0012a71\" data-element_type=\"widget\" data-e-type=\"widget\" data-widget_type=\"button.default\">\n\t\t\t\t\t\t<div class=\"elementor-widget-container\">\n\t\t\t\t\t\t\t\t\t<div class=\"elementor-button-wrapper\">\n\t\t\t\t\t<a class=\"elementor-button elementor-button-link elementor-size-sm\" href=\"https:\/\/cliniquevisionpros.com\/fr\/prendre-rendez-vous\/\">\n\t\t\t\t\t\t<span class=\"elementor-button-content-wrapper\">\n\t\t\t\t\t\t<span class=\"elementor-button-icon\">\n\t\t\t\t<i aria-hidden=\"true\" class=\"fas fa-arrow-right\"><\/i>\t\t\t<\/span>\n\t\t\t\t\t\t\t\t\t<span class=\"elementor-button-text\">Prendre rendez-vous<\/span>\n\t\t\t\t\t<\/span>\n\t\t\t\t\t<\/a>\n\t\t\t\t<\/div>\n\t\t\t\t\t\t\t\t<\/div>\n\t\t\t\t<\/div>\n\t\t\t\t<div class=\"elementor-element elementor-element-a6992af elementor-tablet_extra-align-center elementor-hidden-widescreen elementor-hidden-desktop elementor-hidden-laptop elementor-hidden-tablet_extra elementor-hidden-tablet elementor-hidden-mobile_extra elementor-hidden-mobile elementor-widget elementor-widget-button\" data-id=\"a6992af\" data-element_type=\"widget\" data-e-type=\"widget\" data-widget_type=\"button.default\">\n\t\t\t\t\t\t<div class=\"elementor-widget-container\">\n\t\t\t\t\t\t\t\t\t<div class=\"elementor-button-wrapper\">\n\t\t\t\t\t<a class=\"elementor-button elementor-size-sm\" role=\"button\">\n\t\t\t\t\t\t<span class=\"elementor-button-content-wrapper\">\n\t\t\t\t\t\t<span class=\"elementor-button-icon\">\n\t\t\t\t<i aria-hidden=\"true\" class=\"fas fa-arrow-right\"><\/i>\t\t\t<\/span>\n\t\t\t\t\t\t\t\t\t<span class=\"elementor-button-text\">En savoir plus<\/span>\n\t\t\t\t\t<\/span>\n\t\t\t\t\t<\/a>\n\t\t\t\t<\/div>\n\t\t\t\t\t\t\t\t<\/div>\n\t\t\t\t<\/div>\n\t\t\t\t<\/div>\n\t\t\t\t<\/div>\n\t\t<div class=\"elementor-element elementor-element-0bdc5ee e-flex e-con-boxed e-con e-parent\" data-id=\"0bdc5ee\" data-element_type=\"container\" data-e-type=\"container\" data-settings=\"{&quot;background_background&quot;:&quot;classic&quot;}\">\n\t\t\t\t\t<div class=\"e-con-inner\">\n\t\t\t\t<div class=\"elementor-element elementor-element-4f9e9e4 elementor-widget elementor-widget-heading\" data-id=\"4f9e9e4\" data-element_type=\"widget\" data-e-type=\"widget\" data-widget_type=\"heading.default\">\n\t\t\t\t\t\t<div class=\"elementor-widget-container\">\n\t\t\t\t\t<h2 class=\"elementor-heading-title elementor-size-default\">Pourquoi choisir Vision Pros pour <span style=\"font-weight:400\">traiter votre cataracte ?<\/span><\/h2>\t\t\t\t<\/div>\n\t\t\t\t<\/div>\n\t\t\t\t<div class=\"elementor-element elementor-element-cb0cc8e elementor-icon-list--layout-traditional elementor-list-item-link-full_width elementor-widget elementor-widget-global elementor-global-681 elementor-global-363 elementor-widget-icon-list\" data-id=\"cb0cc8e\" data-element_type=\"widget\" data-e-type=\"widget\" data-widget_type=\"icon-list.default\">\n\t\t\t\t\t\t<div class=\"elementor-widget-container\">\n\t\t\t\t\t\t\t<ul class=\"elementor-icon-list-items\">\n\t\t\t\t\t\t\t<li class=\"elementor-icon-list-item\">\n\t\t\t\t\t\t\t\t\t\t\t<span class=\"elementor-icon-list-icon\">\n\t\t\t\t\t\t\t<svg xmlns=\"http:\/\/www.w3.org\/2000\/svg\" width=\"94.122\" height=\"76.004\" viewBox=\"0 0 94.122 76.004\"><g id=\"Eclipse_with_checkmark\" data-name=\"Eclipse with checkmark\" transform=\"translate(-552 -8407.711)\"><path id=\"Path_18\" data-name=\"Path 18\" d=\"M42.456,0C65.9,0,84.911,9.2,84.911,20.546S65.9,41.092,42.456,41.092,0,31.893,0,20.546,19.008,0,42.456,0Z\" transform=\"translate(552 8445.615) rotate(-22)\" fill=\"#81d6d6\"><\/path><path id=\"Icon_feather-check\" data-name=\"Icon feather-check\" d=\"M42.321-11,17.35,33.971,6,22.62\" transform=\"matrix(0.99, 0.139, -0.139, 0.99, 581.985, 8421.627)\" fill=\"none\" stroke=\"#000\" stroke-linecap=\"round\" stroke-linejoin=\"round\" stroke-width=\"5\"><\/path><\/g><\/svg>\t\t\t\t\t\t<\/span>\n\t\t\t\t\t\t\t\t\t\t<span class=\"elementor-icon-list-text\">Une \u00e9quipe de sp\u00e9cialistes en ophtalmologie exp\u00e9riment\u00e9s dans tous les domaines de l'ophtalmologie, de l'optom\u00e9trie et des soins oculaires g\u00e9n\u00e9raux.<\/span>\n\t\t\t\t\t\t\t\t\t<\/li>\n\t\t\t\t\t\t\t\t<li class=\"elementor-icon-list-item\">\n\t\t\t\t\t\t\t\t\t\t\t<span class=\"elementor-icon-list-icon\">\n\t\t\t\t\t\t\t<svg xmlns=\"http:\/\/www.w3.org\/2000\/svg\" width=\"94.122\" height=\"76.004\" viewBox=\"0 0 94.122 76.004\"><g id=\"Eclipse_with_checkmark\" data-name=\"Eclipse with checkmark\" transform=\"translate(-552 -8407.711)\"><path id=\"Path_18\" data-name=\"Path 18\" d=\"M42.456,0C65.9,0,84.911,9.2,84.911,20.546S65.9,41.092,42.456,41.092,0,31.893,0,20.546,19.008,0,42.456,0Z\" transform=\"translate(552 8445.615) rotate(-22)\" fill=\"#81d6d6\"><\/path><path id=\"Icon_feather-check\" data-name=\"Icon feather-check\" d=\"M42.321-11,17.35,33.971,6,22.62\" transform=\"matrix(0.99, 0.139, -0.139, 0.99, 581.985, 8421.627)\" fill=\"none\" stroke=\"#000\" stroke-linecap=\"round\" stroke-linejoin=\"round\" stroke-width=\"5\"><\/path><\/g><\/svg>\t\t\t\t\t\t<\/span>\n\t\t\t\t\t\t\t\t\t\t<span class=\"elementor-icon-list-text\">Acc\u00e8s rapide et orientation vers un d\u00e9pistage complet de niveau international et un traitement de pointe dans une clinique d'ophtalmologie ultramoderne.<\/span>\n\t\t\t\t\t\t\t\t\t<\/li>\n\t\t\t\t\t\t\t\t<li class=\"elementor-icon-list-item\">\n\t\t\t\t\t\t\t\t\t\t\t<span class=\"elementor-icon-list-icon\">\n\t\t\t\t\t\t\t<svg xmlns=\"http:\/\/www.w3.org\/2000\/svg\" width=\"94.122\" height=\"76.004\" viewBox=\"0 0 94.122 76.004\"><g id=\"Eclipse_with_checkmark\" data-name=\"Eclipse with checkmark\" transform=\"translate(-552 -8407.711)\"><path id=\"Path_18\" data-name=\"Path 18\" d=\"M42.456,0C65.9,0,84.911,9.2,84.911,20.546S65.9,41.092,42.456,41.092,0,31.893,0,20.546,19.008,0,42.456,0Z\" transform=\"translate(552 8445.615) rotate(-22)\" fill=\"#81d6d6\"><\/path><path id=\"Icon_feather-check\" data-name=\"Icon feather-check\" d=\"M42.321-11,17.35,33.971,6,22.62\" transform=\"matrix(0.99, 0.139, -0.139, 0.99, 581.985, 8421.627)\" fill=\"none\" stroke=\"#000\" stroke-linecap=\"round\" stroke-linejoin=\"round\" stroke-width=\"5\"><\/path><\/g><\/svg>\t\t\t\t\t\t<\/span>\n\t\t\t\t\t\t\t\t\t\t<span class=\"elementor-icon-list-text\">Approche holistique, personnelle et centr\u00e9e sur le patient de tous les aspects des soins oculaires.<\/span>\n\t\t\t\t\t\t\t\t\t<\/li>\n\t\t\t\t\t\t<\/ul>\n\t\t\t\t\t\t<\/div>\n\t\t\t\t<\/div>\n\t\t\t\t\t<\/div>\n\t\t\t\t<\/div>\n\t\t<div class=\"elementor-element elementor-element-42e3079 e-flex e-con-boxed e-con e-parent\" data-id=\"42e3079\" data-element_type=\"container\" data-e-type=\"container\" data-settings=\"{&quot;background_background&quot;:&quot;classic&quot;}\">\n\t\t\t\t\t<div class=\"e-con-inner\">\n\t\t\t\t<div class=\"elementor-element elementor-element-1be703a elementor-widget elementor-widget-heading\" data-id=\"1be703a\" data-element_type=\"widget\" data-e-type=\"widget\" data-widget_type=\"heading.default\">\n\t\t\t\t\t\t<div class=\"elementor-widget-container\">\n\t\t\t\t\t<h2 class=\"elementor-heading-title elementor-size-default\">Prenez rendez-vous pour un <span style=\"font-weight:400\">examen complet de la<\/span> vue d\u00e8s aujourd'hui<\/h2>\t\t\t\t<\/div>\n\t\t\t\t<\/div>\n\t\t\t\t<div class=\"elementor-element elementor-element-6c8afc6 elementor-align-center elementor-widget elementor-widget-button\" data-id=\"6c8afc6\" data-element_type=\"widget\" data-e-type=\"widget\" data-widget_type=\"button.default\">\n\t\t\t\t\t\t<div class=\"elementor-widget-container\">\n\t\t\t\t\t\t\t\t\t<div class=\"elementor-button-wrapper\">\n\t\t\t\t\t<a class=\"elementor-button elementor-button-link elementor-size-sm\" href=\"https:\/\/cliniquevisionpros.com\/fr\/prendre-rendez-vous\/\">\n\t\t\t\t\t\t<span class=\"elementor-button-content-wrapper\">\n\t\t\t\t\t\t<span class=\"elementor-button-icon\">\n\t\t\t\t<i aria-hidden=\"true\" class=\"fas fa-arrow-right\"><\/i>\t\t\t<\/span>\n\t\t\t\t\t\t\t\t\t<span class=\"elementor-button-text\">Prendre rendez-vous<\/span>\n\t\t\t\t\t<\/span>\n\t\t\t\t\t<\/a>\n\t\t\t\t<\/div>\n\t\t\t\t\t\t\t\t<\/div>\n\t\t\t\t<\/div>\n\t\t\t\t\t<\/div>\n\t\t\t\t<\/div>\n\t\t<div class=\"elementor-element elementor-element-2040958 e-con-full e-flex e-con e-parent\" data-id=\"2040958\" data-element_type=\"container\" data-e-type=\"container\" data-settings=\"{&quot;background_background&quot;:&quot;classic&quot;}\">\n\t\t\t\t<div class=\"elementor-element elementor-element-9392ca9 elementor-widget elementor-widget-toggle\" data-id=\"9392ca9\" data-element_type=\"widget\" data-e-type=\"widget\" data-widget_type=\"toggle.default\">\n\t\t\t\t\t\t<div class=\"elementor-widget-container\">\n\t\t\t\t\t\t\t<div class=\"elementor-toggle\">\n\t\t\t\t\t\t\t<div class=\"elementor-toggle-item\">\n\t\t\t\t\t<div id=\"elementor-tab-title-1541\" class=\"elementor-tab-title\" data-tab=\"1\" role=\"button\" aria-controls=\"elementor-tab-content-1541\" aria-expanded=\"false\">\n\t\t\t\t\t\t\t\t\t\t\t\t<span class=\"elementor-toggle-icon elementor-toggle-icon-right\" aria-hidden=\"true\">\n\t\t\t\t\t\t\t\t\t\t\t\t\t\t\t<span class=\"elementor-toggle-icon-closed\"><i class=\"fas fa-caret-down\"><\/i><\/span>\n\t\t\t\t\t\t\t\t<span class=\"elementor-toggle-icon-opened\"><i class=\"elementor-toggle-icon-opened fas fa-caret-up\"><\/i><\/span>\n\t\t\t\t\t\t\t\t\t\t\t\t\t<\/span>\n\t\t\t\t\t\t\t\t\t\t\t\t<a class=\"elementor-toggle-title\" tabindex=\"0\"><span style=\"font-weight:400;\">Sources<\/span><\/a>\n\t\t\t\t\t<\/div>\n\n\t\t\t\t\t<div id=\"elementor-tab-content-1541\" class=\"elementor-tab-content elementor-clearfix\" data-tab=\"1\" role=\"region\" aria-labelledby=\"elementor-tab-title-1541\"><ul>\n<li><a href=\"https:\/\/www.cos-sco.ca\/report-provides-20-20-vision-on-value-of-ophthalmology-in-canada\/\" target=\"_blank\" rel=\"noopener\">https:\/\/www.cos-sco.ca\/report-provides-20-20-vision-on-value-of-ophthalmology-in-canada\/<\/a><\/li>\n<li><a href=\"https:\/\/www.mayoclinic.org\/diseases-conditions\/cataracts\/symptoms-causes\/syc-20353790\" target=\"_blank\" rel=\"noopener\">https:\/\/www.mayoclinic.org\/diseases-conditions\/cataracts\/symptoms-causes\/syc-20353790<\/a><\/li>\n<li><a href=\"https:\/\/www.aao.org\/eye-health\/diseases\/what-are-cataracts\" target=\"_blank\" rel=\"noopener\">https:\/\/www.aao.org\/eye-health\/diseases\/what-are-cataracts<\/a><\/li>\n<li><a href=\"https:\/\/my.clevelandclinic.org\/health\/diseases\/8589-cataracts\" target=\"_blank\" rel=\"noopener\">https:\/\/my.clevelandclinic.org\/health\/diseases\/8589-cataracts<\/a><\/li>\n<li><a href=\"https:\/\/www.hopkinsmedicine.org\/health\/conditions-and-diseases\/cataracts\" target=\"_blank\" rel=\"noopener\">https:\/\/www.hopkinsmedicine.org\/health\/conditions-and-diseases\/cataracts<\/a><\/li>\n<li><a href=\"https:\/\/www.healthdirect.gov.au\/cataracts\" target=\"_blank\" rel=\"noopener\">https:\/\/www.healthdirect.gov.au\/cataracts<\/a><\/li>\n<li><a href=\"https:\/\/www.nei.nih.gov\/learn-about-eye-health\/eye-conditions-and-diseases\/cataracts#:~:text=What%20are%20cataracts%3F,to%20get%20rid%20of%20cataracts.\" target=\"_blank\" rel=\"noopener\">https:\/\/www.nei.nih.gov\/learn-about-eye-health\/eye-conditions-and-diseases\/cataracts#:~:text=What%20are%20cataracts%3F,to%20get%20rid%20of%20cataracts.<\/a><\/li>\n<li><a href=\"https:\/\/youtu.be\/D7lONeb3ONI\" target=\"_blank\" rel=\"noopener\">https:\/\/youtu.be\/D7lONeb3ONI<\/a><\/li>\n<li><a href=\"https:\/\/youtu.be\/u_l0rY_Z-pE\" target=\"_blank\" rel=\"noopener\">https:\/\/youtu.be\/u_l0rY_Z-pE<\/a><\/li>\n<li><a href=\"https:\/\/youtu.be\/3sjtN6tratU\" target=\"_blank\" rel=\"noopener\">https:\/\/youtu.be\/3sjtN6tratU<\/a><\/li>\n<li><a href=\"https:\/\/youtu.be\/BmhwqYDDYgQ\" target=\"_blank\" rel=\"noopener\">https:\/\/youtu.be\/BmhwqYDDYgQ<\/a><\/li>\n<li><a href=\"https:\/\/youtu.be\/FSgRFpYQ638\" target=\"_blank\" rel=\"noopener\">https:\/\/youtu.be\/FSgRFpYQ638<\/a><\/li>\n<li><a href=\"https:\/\/youtu.be\/TqR-WlH2ROM\" target=\"_blank\" rel=\"noopener\">https:\/\/youtu.be\/TqR-WlH2ROM<\/a><\/li>\n<li><a href=\"https:\/\/david-richardson-md.com\/lp\/cataract-surgery-using-laser-is-it-really-worth-the-high-cost\/\" target=\"_blank\" rel=\"noopener\">https:\/\/david-richardson-md.com\/lp\/cataract-surgery-using-laser-is-it-really-worth-the-high-cost\/<\/a><\/li>\n<li><a href=\"https:\/\/cliniquebellevue.com\/en\/phacorefractive-surgery-a-flexible-solution\/\" target=\"_blank\" rel=\"noopener\">https:\/\/cliniquebellevue.com\/en\/phacorefractive-surgery-a-flexible-solution\/<\/a><\/li>\n<li><a href=\"https:\/\/youtu.be\/VPKDse027AA\" target=\"_blank\" rel=\"noopener\">https:\/\/youtu.be\/VPKDse027AA<\/a><\/li>\n<\/ul>\n<\/div>\n\t\t\t\t<\/div>\n\t\t\t\t\t\t\t\t<\/div>\n\t\t\t\t\t\t<\/div>\n\t\t\t\t<\/div>\n\t\t\t\t<\/div>\n\t\t\t\t<\/div>\n\t\t","protected":false},"excerpt":{"rendered":"<p>Pathologies de l&rsquo;\u0153il Cataractes Prenez rendez-vous avec un ophtalmologiste pour traiter vos cataractes en aussi peu qu&rsquo;une semaine. Aucune r\u00e9f\u00e9rence n&rsquo;est n\u00e9cessaire. Prendre rendez-vous La cataracte est l&rsquo;une des cinq grandes maladies oculaires identifi\u00e9es comme les principales causes de perte de vision, avec le glaucome, la d\u00e9g\u00e9n\u00e9rescence maculaire li\u00e9e \u00e0 l&rsquo;\u00e2ge, la r\u00e9tinopathie diab\u00e9tique et [&hellip;]<\/p>\n","protected":false},"author":2,"featured_media":0,"parent":0,"menu_order":0,"comment_status":"closed","ping_status":"closed","template":"","meta":{"site-sidebar-layout":"no-sidebar","site-content-layout":"page-builder","ast-site-content-layout":"","site-content-style":"default","site-sidebar-style":"default","ast-global-header-display":"","ast-banner-title-visibility":"","ast-main-header-display":"","ast-hfb-above-header-display":"","ast-hfb-below-header-display":"","ast-hfb-mobile-header-display":"","site-post-title":"disabled","ast-breadcrumbs-content":"","ast-featured-img":"disabled","footer-sml-layout":"","theme-transparent-header-meta":"","adv-header-id-meta":"","stick-header-meta":"","header-above-stick-meta":"","header-main-stick-meta":"","header-below-stick-meta":"","astra-migrate-meta-layouts":"default","ast-page-background-enabled":"default","ast-page-background-meta":{"desktop":{"background-color":"var(--ast-global-color-4)","background-image":"","background-repeat":"repeat","background-position":"center center","background-size":"auto","background-attachment":"scroll","background-type":"","background-media":"","overlay-type":"","overlay-color":"","overlay-opacity":"","overlay-gradient":""},"tablet":{"background-color":"","background-image":"","background-repeat":"repeat","background-position":"center center","background-size":"auto","background-attachment":"scroll","background-type":"","background-media":"","overlay-type":"","overlay-color":"","overlay-opacity":"","overlay-gradient":""},"mobile":{"background-color":"","background-image":"","background-repeat":"repeat","background-position":"center center","background-size":"auto","background-attachment":"scroll","background-type":"","background-media":"","overlay-type":"","overlay-color":"","overlay-opacity":"","overlay-gradient":""}},"ast-content-background-meta":{"desktop":{"background-color":"var(--ast-global-color-5)","background-image":"","background-repeat":"repeat","background-position":"center center","background-size":"auto","background-attachment":"scroll","background-type":"","background-media":"","overlay-type":"","overlay-color":"","overlay-opacity":"","overlay-gradient":""},"tablet":{"background-color":"var(--ast-global-color-5)","background-image":"","background-repeat":"repeat","background-position":"center center","background-size":"auto","background-attachment":"scroll","background-type":"","background-media":"","overlay-type":"","overlay-color":"","overlay-opacity":"","overlay-gradient":""},"mobile":{"background-color":"var(--ast-global-color-5)","background-image":"","background-repeat":"repeat","background-position":"center center","background-size":"auto","background-attachment":"scroll","background-type":"","background-media":"","overlay-type":"","overlay-color":"","overlay-opacity":"","overlay-gradient":""}},"footnotes":""},"class_list":["post-765","page","type-page","status-publish","hentry"],"yoast_head":"<!-- This site is optimized with the Yoast SEO plugin v27.4 - https:\/\/yoast.com\/product\/yoast-seo-wordpress\/ -->\n<title>Sympt\u00f4mes et traitement des cataractes - Clinique VisionPros<\/title>\n<meta name=\"description\" content=\"Avez-vous une vision floue ou terne ? D\u00e9couvrez comment les cataractes sont diagnostiqu\u00e9es et trait\u00e9es \u00e0 la clinique d&#039;ophtalmologie Vision Pros.\" \/>\n<meta name=\"robots\" content=\"index, follow, max-snippet:-1, max-image-preview:large, max-video-preview:-1\" \/>\n<link rel=\"canonical\" href=\"https:\/\/cliniquevisionpros.com\/fr\/cataractes\/\" \/>\n<meta property=\"og:locale\" content=\"fr_FR\" \/>\n<meta property=\"og:type\" content=\"article\" \/>\n<meta property=\"og:title\" content=\"Sympt\u00f4mes et traitement des cataractes - Clinique VisionPros\" \/>\n<meta property=\"og:description\" content=\"Avez-vous une vision floue ou terne ? D\u00e9couvrez comment les cataractes sont diagnostiqu\u00e9es et trait\u00e9es \u00e0 la clinique d&#039;ophtalmologie Vision Pros.\" \/>\n<meta property=\"og:url\" content=\"https:\/\/cliniquevisionpros.com\/fr\/cataractes\/\" \/>\n<meta property=\"og:site_name\" content=\"Clinique VisionPros\" \/>\n<meta property=\"article:modified_time\" content=\"2024-07-11T14:36:38+00:00\" \/>\n<meta property=\"og:image\" content=\"https:\/\/cliniquevisionpros.com\/wp-content\/uploads\/2023\/09\/regular_vision.png\" \/>\n<meta name=\"twitter:card\" content=\"summary_large_image\" \/>\n<meta name=\"twitter:label1\" content=\"Dur\u00e9e de lecture estim\u00e9e\" \/>\n\t<meta name=\"twitter:data1\" content=\"6 minutes\" \/>\n<script type=\"application\/ld+json\" class=\"yoast-schema-graph\">{\"@context\":\"https:\\\/\\\/schema.org\",\"@graph\":[{\"@type\":\"WebPage\",\"@id\":\"https:\\\/\\\/cliniquevisionpros.com\\\/fr\\\/cataractes\\\/\",\"url\":\"https:\\\/\\\/cliniquevisionpros.com\\\/fr\\\/cataractes\\\/\",\"name\":\"Sympt\u00f4mes et traitement des cataractes - Clinique VisionPros\",\"isPartOf\":{\"@id\":\"https:\\\/\\\/cliniquevisionpros.com\\\/fr\\\/#website\"},\"primaryImageOfPage\":{\"@id\":\"https:\\\/\\\/cliniquevisionpros.com\\\/fr\\\/cataractes\\\/#primaryimage\"},\"image\":{\"@id\":\"https:\\\/\\\/cliniquevisionpros.com\\\/fr\\\/cataractes\\\/#primaryimage\"},\"thumbnailUrl\":\"https:\\\/\\\/cliniquevisionpros.com\\\/wp-content\\\/uploads\\\/2023\\\/09\\\/regular_vision.png\",\"datePublished\":\"2023-08-16T14:46:01+00:00\",\"dateModified\":\"2024-07-11T14:36:38+00:00\",\"description\":\"Avez-vous une vision floue ou terne ? D\u00e9couvrez comment les cataractes sont diagnostiqu\u00e9es et trait\u00e9es \u00e0 la clinique d'ophtalmologie Vision Pros.\",\"breadcrumb\":{\"@id\":\"https:\\\/\\\/cliniquevisionpros.com\\\/fr\\\/cataractes\\\/#breadcrumb\"},\"inLanguage\":\"fr-FR\",\"potentialAction\":[{\"@type\":\"ReadAction\",\"target\":[\"https:\\\/\\\/cliniquevisionpros.com\\\/fr\\\/cataractes\\\/\"]}]},{\"@type\":\"ImageObject\",\"inLanguage\":\"fr-FR\",\"@id\":\"https:\\\/\\\/cliniquevisionpros.com\\\/fr\\\/cataractes\\\/#primaryimage\",\"url\":\"https:\\\/\\\/cliniquevisionpros.com\\\/wp-content\\\/uploads\\\/2023\\\/09\\\/regular_vision.png\",\"contentUrl\":\"https:\\\/\\\/cliniquevisionpros.com\\\/wp-content\\\/uploads\\\/2023\\\/09\\\/regular_vision.png\"},{\"@type\":\"BreadcrumbList\",\"@id\":\"https:\\\/\\\/cliniquevisionpros.com\\\/fr\\\/cataractes\\\/#breadcrumb\",\"itemListElement\":[{\"@type\":\"ListItem\",\"position\":1,\"name\":\"Home\",\"item\":\"https:\\\/\\\/cliniquevisionpros.com\\\/fr\\\/\"},{\"@type\":\"ListItem\",\"position\":2,\"name\":\"Pathologies &#8211; Cataractes\"}]},{\"@type\":\"WebSite\",\"@id\":\"https:\\\/\\\/cliniquevisionpros.com\\\/fr\\\/#website\",\"url\":\"https:\\\/\\\/cliniquevisionpros.com\\\/fr\\\/\",\"name\":\"Clinique VisionPros\",\"description\":\"Ophthalmology clinic in Montreal\",\"publisher\":{\"@id\":\"https:\\\/\\\/cliniquevisionpros.com\\\/fr\\\/#organization\"},\"potentialAction\":[{\"@type\":\"SearchAction\",\"target\":{\"@type\":\"EntryPoint\",\"urlTemplate\":\"https:\\\/\\\/cliniquevisionpros.com\\\/fr\\\/?s={search_term_string}\"},\"query-input\":{\"@type\":\"PropertyValueSpecification\",\"valueRequired\":true,\"valueName\":\"search_term_string\"}}],\"inLanguage\":\"fr-FR\"},{\"@type\":\"Organization\",\"@id\":\"https:\\\/\\\/cliniquevisionpros.com\\\/fr\\\/#organization\",\"name\":\"Clinique Vision Pros\",\"url\":\"https:\\\/\\\/cliniquevisionpros.com\\\/fr\\\/\",\"logo\":{\"@type\":\"ImageObject\",\"inLanguage\":\"fr-FR\",\"@id\":\"https:\\\/\\\/cliniquevisionpros.com\\\/fr\\\/#\\\/schema\\\/logo\\\/image\\\/\",\"url\":\"https:\\\/\\\/cliniquevisionpros.com\\\/wp-content\\\/uploads\\\/2023\\\/08\\\/VISION_PROS_LOGO_FINAL_BLACK.svg\",\"contentUrl\":\"https:\\\/\\\/cliniquevisionpros.com\\\/wp-content\\\/uploads\\\/2023\\\/08\\\/VISION_PROS_LOGO_FINAL_BLACK.svg\",\"caption\":\"Clinique Vision Pros\"},\"image\":{\"@id\":\"https:\\\/\\\/cliniquevisionpros.com\\\/fr\\\/#\\\/schema\\\/logo\\\/image\\\/\"}}]}<\/script>\n<!-- \/ Yoast SEO plugin. -->","yoast_head_json":{"title":"Sympt\u00f4mes et traitement des cataractes - Clinique VisionPros","description":"Avez-vous une vision floue ou terne ? D\u00e9couvrez comment les cataractes sont diagnostiqu\u00e9es et trait\u00e9es \u00e0 la clinique d'ophtalmologie Vision Pros.","robots":{"index":"index","follow":"follow","max-snippet":"max-snippet:-1","max-image-preview":"max-image-preview:large","max-video-preview":"max-video-preview:-1"},"canonical":"https:\/\/cliniquevisionpros.com\/fr\/cataractes\/","og_locale":"fr_FR","og_type":"article","og_title":"Sympt\u00f4mes et traitement des cataractes - Clinique VisionPros","og_description":"Avez-vous une vision floue ou terne ? D\u00e9couvrez comment les cataractes sont diagnostiqu\u00e9es et trait\u00e9es \u00e0 la clinique d'ophtalmologie Vision Pros.","og_url":"https:\/\/cliniquevisionpros.com\/fr\/cataractes\/","og_site_name":"Clinique VisionPros","article_modified_time":"2024-07-11T14:36:38+00:00","og_image":[{"url":"https:\/\/cliniquevisionpros.com\/wp-content\/uploads\/2023\/09\/regular_vision.png","type":"","width":"","height":""}],"twitter_card":"summary_large_image","twitter_misc":{"Dur\u00e9e de lecture estim\u00e9e":"6 minutes"},"schema":{"@context":"https:\/\/schema.org","@graph":[{"@type":"WebPage","@id":"https:\/\/cliniquevisionpros.com\/fr\/cataractes\/","url":"https:\/\/cliniquevisionpros.com\/fr\/cataractes\/","name":"Sympt\u00f4mes et traitement des cataractes - Clinique VisionPros","isPartOf":{"@id":"https:\/\/cliniquevisionpros.com\/fr\/#website"},"primaryImageOfPage":{"@id":"https:\/\/cliniquevisionpros.com\/fr\/cataractes\/#primaryimage"},"image":{"@id":"https:\/\/cliniquevisionpros.com\/fr\/cataractes\/#primaryimage"},"thumbnailUrl":"https:\/\/cliniquevisionpros.com\/wp-content\/uploads\/2023\/09\/regular_vision.png","datePublished":"2023-08-16T14:46:01+00:00","dateModified":"2024-07-11T14:36:38+00:00","description":"Avez-vous une vision floue ou terne ? D\u00e9couvrez comment les cataractes sont diagnostiqu\u00e9es et trait\u00e9es \u00e0 la clinique d'ophtalmologie Vision Pros.","breadcrumb":{"@id":"https:\/\/cliniquevisionpros.com\/fr\/cataractes\/#breadcrumb"},"inLanguage":"fr-FR","potentialAction":[{"@type":"ReadAction","target":["https:\/\/cliniquevisionpros.com\/fr\/cataractes\/"]}]},{"@type":"ImageObject","inLanguage":"fr-FR","@id":"https:\/\/cliniquevisionpros.com\/fr\/cataractes\/#primaryimage","url":"https:\/\/cliniquevisionpros.com\/wp-content\/uploads\/2023\/09\/regular_vision.png","contentUrl":"https:\/\/cliniquevisionpros.com\/wp-content\/uploads\/2023\/09\/regular_vision.png"},{"@type":"BreadcrumbList","@id":"https:\/\/cliniquevisionpros.com\/fr\/cataractes\/#breadcrumb","itemListElement":[{"@type":"ListItem","position":1,"name":"Home","item":"https:\/\/cliniquevisionpros.com\/fr\/"},{"@type":"ListItem","position":2,"name":"Pathologies &#8211; Cataractes"}]},{"@type":"WebSite","@id":"https:\/\/cliniquevisionpros.com\/fr\/#website","url":"https:\/\/cliniquevisionpros.com\/fr\/","name":"Clinique VisionPros","description":"Ophthalmology clinic in Montreal","publisher":{"@id":"https:\/\/cliniquevisionpros.com\/fr\/#organization"},"potentialAction":[{"@type":"SearchAction","target":{"@type":"EntryPoint","urlTemplate":"https:\/\/cliniquevisionpros.com\/fr\/?s={search_term_string}"},"query-input":{"@type":"PropertyValueSpecification","valueRequired":true,"valueName":"search_term_string"}}],"inLanguage":"fr-FR"},{"@type":"Organization","@id":"https:\/\/cliniquevisionpros.com\/fr\/#organization","name":"Clinique Vision Pros","url":"https:\/\/cliniquevisionpros.com\/fr\/","logo":{"@type":"ImageObject","inLanguage":"fr-FR","@id":"https:\/\/cliniquevisionpros.com\/fr\/#\/schema\/logo\/image\/","url":"https:\/\/cliniquevisionpros.com\/wp-content\/uploads\/2023\/08\/VISION_PROS_LOGO_FINAL_BLACK.svg","contentUrl":"https:\/\/cliniquevisionpros.com\/wp-content\/uploads\/2023\/08\/VISION_PROS_LOGO_FINAL_BLACK.svg","caption":"Clinique Vision Pros"},"image":{"@id":"https:\/\/cliniquevisionpros.com\/fr\/#\/schema\/logo\/image\/"}}]}},"_links":{"self":[{"href":"https:\/\/cliniquevisionpros.com\/fr\/wp-json\/wp\/v2\/pages\/765","targetHints":{"allow":["GET"]}}],"collection":[{"href":"https:\/\/cliniquevisionpros.com\/fr\/wp-json\/wp\/v2\/pages"}],"about":[{"href":"https:\/\/cliniquevisionpros.com\/fr\/wp-json\/wp\/v2\/types\/page"}],"author":[{"embeddable":true,"href":"https:\/\/cliniquevisionpros.com\/fr\/wp-json\/wp\/v2\/users\/2"}],"replies":[{"embeddable":true,"href":"https:\/\/cliniquevisionpros.com\/fr\/wp-json\/wp\/v2\/comments?post=765"}],"version-history":[{"count":0,"href":"https:\/\/cliniquevisionpros.com\/fr\/wp-json\/wp\/v2\/pages\/765\/revisions"}],"wp:attachment":[{"href":"https:\/\/cliniquevisionpros.com\/fr\/wp-json\/wp\/v2\/media?parent=765"}],"curies":[{"name":"wp","href":"https:\/\/api.w.org\/{rel}","templated":true}]}}