{"id":743,"date":"2023-10-11T12:00:27","date_gmt":"2023-10-11T17:00:27","guid":{"rendered":"https:\/\/cliniquevisionpros.com\/dr-hillel-zukor\/"},"modified":"2024-12-20T10:38:33","modified_gmt":"2024-12-20T15:38:33","slug":"dr-hillel-zukor-ophtalmologiste","status":"publish","type":"page","link":"https:\/\/cliniquevisionpros.com\/fr\/dr-hillel-zukor-ophtalmologiste\/","title":{"rendered":"Dr Hillel Zukor"},"content":{"rendered":"\t\t<div data-elementor-type=\"wp-page\" data-elementor-id=\"743\" class=\"elementor elementor-743 elementor-473\" data-elementor-post-type=\"page\">\n\t\t\t\t<div class=\"elementor-element elementor-element-f429e2c e-con-full e-flex e-con e-parent\" data-id=\"f429e2c\" data-element_type=\"container\" data-e-type=\"container\" data-settings=\"{&quot;background_background&quot;:&quot;classic&quot;}\">\n\t\t<div class=\"elementor-element elementor-element-8c24a23 e-con-full e-flex e-con e-child\" data-id=\"8c24a23\" data-element_type=\"container\" data-e-type=\"container\" data-settings=\"{&quot;background_background&quot;:&quot;classic&quot;}\">\n\t\t\t\t<div class=\"elementor-element elementor-element-865c053 elementor-widget elementor-widget-image\" data-id=\"865c053\" data-element_type=\"widget\" data-e-type=\"widget\" data-widget_type=\"image.default\">\n\t\t\t\t\t\t<div class=\"elementor-widget-container\">\n\t\t\t\t\t\t\t\t\t\t\t\t\t\t\t<img fetchpriority=\"high\" decoding=\"async\" width=\"767\" height=\"1024\" src=\"https:\/\/cliniquevisionpros.com\/wp-content\/uploads\/2023\/08\/doctor_hillel_zukor-1-767x1024.jpg\" class=\"attachment-large size-large wp-image-582\" alt=\"\" srcset=\"https:\/\/cliniquevisionpros.com\/wp-content\/uploads\/2023\/08\/doctor_hillel_zukor-1-767x1024.jpg 767w, https:\/\/cliniquevisionpros.com\/wp-content\/uploads\/2023\/08\/doctor_hillel_zukor-1-225x300.jpg 225w, https:\/\/cliniquevisionpros.com\/wp-content\/uploads\/2023\/08\/doctor_hillel_zukor-1-768x1026.jpg 768w, https:\/\/cliniquevisionpros.com\/wp-content\/uploads\/2023\/08\/doctor_hillel_zukor-1-1150x1536.jpg 1150w, https:\/\/cliniquevisionpros.com\/wp-content\/uploads\/2023\/08\/doctor_hillel_zukor-1.jpg 1204w\" sizes=\"(max-width: 767px) 100vw, 767px\" \/>\t\t\t\t\t\t\t\t\t\t\t\t\t\t\t<\/div>\n\t\t\t\t<\/div>\n\t\t\t\t<\/div>\n\t\t<div class=\"elementor-element elementor-element-5d567c2 e-con-full e-flex e-con e-child\" data-id=\"5d567c2\" data-element_type=\"container\" data-e-type=\"container\" data-settings=\"{&quot;background_background&quot;:&quot;classic&quot;}\">\n\t\t\t\t<div class=\"elementor-element elementor-element-86204c5 elementor-widget elementor-widget-heading\" data-id=\"86204c5\" data-element_type=\"widget\" data-e-type=\"widget\" data-widget_type=\"heading.default\">\n\t\t\t\t\t\t<div class=\"elementor-widget-container\">\n\t\t\t\t\t<h1 class=\"elementor-heading-title elementor-size-default\">Dr <span style=\"font-weight:400\">Hillel Zukor<\/span><\/h1>\t\t\t\t<\/div>\n\t\t\t\t<\/div>\n\t\t\t\t<div class=\"elementor-element elementor-element-9f1eb81 elementor-widget elementor-widget-heading\" data-id=\"9f1eb81\" data-element_type=\"widget\" data-e-type=\"widget\" data-widget_type=\"heading.default\">\n\t\t\t\t\t\t<div class=\"elementor-widget-container\">\n\t\t\t\t\t<h3 class=\"elementor-heading-title elementor-size-default\">Ophtalmologue - MD PhD FRCSC<\/h3>\t\t\t\t<\/div>\n\t\t\t\t<\/div>\n\t\t\t\t<div class=\"elementor-element elementor-element-4493973 elementor-widget elementor-widget-text-editor\" data-id=\"4493973\" data-element_type=\"widget\" data-e-type=\"widget\" data-widget_type=\"text-editor.default\">\n\t\t\t\t\t\t<div class=\"elementor-widget-container\">\n\t\t\t\t\t\t\t\t\t<p><span style=\"font-weight: 400;\">Le Dr Zukor s&rsquo;est int\u00e9ress\u00e9 \u00e0 l&rsquo;ophtalmologie alors qu&rsquo;il poursuivait des \u00e9tudes de doctorat en neurosciences. Il se passionne pour l&rsquo;ophtalmologie depuis ses \u00e9tudes de m\u00e9decine \u00e0 l&rsquo;Universit\u00e9 McGill, o\u00f9 il a obtenu son dipl\u00f4me de m\u00e9decine et son doctorat. <\/span><\/p>\n<p><span style=\"font-weight: 400;\">Le docteur Zukor est un membre actif du Coll\u00e8ge royal des m\u00e9decins et chirurgiens du Canada, du Coll\u00e8ge des m\u00e9decins du Qu\u00e9bec, de l&rsquo;Association des m\u00e9decins ophtalmologistes du Qu\u00e9bec (AMOQ), de la Soci\u00e9t\u00e9 canadienne d&rsquo;ophtalmologie (SCO) et de la Soci\u00e9t\u00e9 canadienne du glaucome (SCG).<\/span><\/p>\n\t\t\t\t\t\t\t\t<\/div>\n\t\t\t\t<\/div>\n\t\t\t\t<div class=\"elementor-element elementor-element-66be049 elementor-align-left elementor-widget elementor-widget-button\" data-id=\"66be049\" data-element_type=\"widget\" data-e-type=\"widget\" data-widget_type=\"button.default\">\n\t\t\t\t\t\t<div class=\"elementor-widget-container\">\n\t\t\t\t\t\t\t\t\t<div class=\"elementor-button-wrapper\">\n\t\t\t\t\t<a class=\"elementor-button elementor-button-link elementor-size-sm\" href=\"https:\/\/cliniquevisionpros.com\/fr\/prendre-rendez-vous\/\">\n\t\t\t\t\t\t<span class=\"elementor-button-content-wrapper\">\n\t\t\t\t\t\t<span class=\"elementor-button-icon\">\n\t\t\t\t<i aria-hidden=\"true\" class=\"fas fa-arrow-right\"><\/i>\t\t\t<\/span>\n\t\t\t\t\t\t\t\t\t<span class=\"elementor-button-text\">Prendre rendez-vous<\/span>\n\t\t\t\t\t<\/span>\n\t\t\t\t\t<\/a>\n\t\t\t\t<\/div>\n\t\t\t\t\t\t\t\t<\/div>\n\t\t\t\t<\/div>\n\t\t\t\t<\/div>\n\t\t\t\t<\/div>\n\t\t<div class=\"elementor-element elementor-element-5f2fd3cf e-con-full e-flex e-con e-parent\" data-id=\"5f2fd3cf\" data-element_type=\"container\" data-e-type=\"container\" data-settings=\"{&quot;background_background&quot;:&quot;classic&quot;}\">\n\t\t<div class=\"elementor-element elementor-element-43c440d6 e-con-full e-flex e-con e-child\" data-id=\"43c440d6\" data-element_type=\"container\" data-e-type=\"container\" data-settings=\"{&quot;background_background&quot;:&quot;classic&quot;}\">\n\t\t<div class=\"elementor-element elementor-element-6c1b04ce e-flex e-con-boxed e-con e-child\" data-id=\"6c1b04ce\" data-element_type=\"container\" data-e-type=\"container\" data-settings=\"{&quot;background_background&quot;:&quot;classic&quot;}\">\n\t\t\t\t\t<div class=\"e-con-inner\">\n\t\t\t\t<div class=\"elementor-element elementor-element-65669e08 elementor-widget elementor-widget-image\" data-id=\"65669e08\" data-element_type=\"widget\" data-e-type=\"widget\" data-widget_type=\"image.default\">\n\t\t\t\t\t\t<div class=\"elementor-widget-container\">\n\t\t\t\t\t\t\t\t\t\t\t\t\t\t\t<img decoding=\"async\" width=\"49\" height=\"45\" src=\"https:\/\/cliniquevisionpros.com\/wp-content\/uploads\/2024\/06\/quotes.png\" class=\"attachment-large size-large wp-image-909\" alt=\"\" \/>\t\t\t\t\t\t\t\t\t\t\t\t\t\t\t<\/div>\n\t\t\t\t<\/div>\n\t\t\t\t<div class=\"elementor-element elementor-element-3616b3f9 elementor-widget elementor-widget-testimonial\" data-id=\"3616b3f9\" data-element_type=\"widget\" data-e-type=\"widget\" data-widget_type=\"testimonial.default\">\n\t\t\t\t\t\t<div class=\"elementor-widget-container\">\n\t\t\t\t\t\t\t<div class=\"elementor-testimonial-wrapper\">\n\t\t\t\t\t\t\t<div class=\"elementor-testimonial-content\"><p>\"Tr\u00e8s compatissant, compr\u00e9hensif et patient. Il a pris le temps de m'\u00e9couter et a r\u00e9pondu \u00e0 toutes mes questions. Tr\u00e8s professionnel et minutieux. L'un des meilleurs m\u00e9decins que j'aie jamais rencontr\u00e9s. Il m'a redonn\u00e9 espoir et a m\u00eame acc\u00e9l\u00e9r\u00e9 mes rendez-vous. Merci Dr. Zukor ! !!\"<\/p>\n<\/div>\n\t\t\t\n\t\t\t\t\t<\/div>\n\t\t\t\t\t\t<\/div>\n\t\t\t\t<\/div>\n\t\t\t\t\t<\/div>\n\t\t\t\t<\/div>\n\t\t<div class=\"elementor-element elementor-element-28810922 e-flex e-con-boxed e-con e-child\" data-id=\"28810922\" data-element_type=\"container\" data-e-type=\"container\" data-settings=\"{&quot;background_background&quot;:&quot;classic&quot;}\">\n\t\t\t\t\t<div class=\"e-con-inner\">\n\t\t\t\t<div class=\"elementor-element elementor-element-58485bd0 elementor-widget elementor-widget-image\" data-id=\"58485bd0\" data-element_type=\"widget\" data-e-type=\"widget\" data-widget_type=\"image.default\">\n\t\t\t\t\t\t<div class=\"elementor-widget-container\">\n\t\t\t\t\t\t\t\t\t\t\t\t\t\t\t<img decoding=\"async\" width=\"49\" height=\"45\" src=\"https:\/\/cliniquevisionpros.com\/wp-content\/uploads\/2024\/06\/quotes.png\" class=\"attachment-large size-large wp-image-909\" alt=\"\" \/>\t\t\t\t\t\t\t\t\t\t\t\t\t\t\t<\/div>\n\t\t\t\t<\/div>\n\t\t\t\t<div class=\"elementor-element elementor-element-2fb1a15a elementor-widget elementor-widget-testimonial\" data-id=\"2fb1a15a\" data-element_type=\"widget\" data-e-type=\"widget\" data-widget_type=\"testimonial.default\">\n\t\t\t\t\t\t<div class=\"elementor-widget-container\">\n\t\t\t\t\t\t\t<div class=\"elementor-testimonial-wrapper\">\n\t\t\t\t\t\t\t<div class=\"elementor-testimonial-content\"><p>\"M\u00e9decin tr\u00e8s attentif. Il inspire confiance car il explique clairement le diagnostic et la solution. Je l'ai aussi trouv\u00e9 tr\u00e8s humain ! Merci docteur !\"<\/p>\n<\/div>\n\t\t\t\n\t\t\t\t\t<\/div>\n\t\t\t\t\t\t<\/div>\n\t\t\t\t<\/div>\n\t\t\t\t\t<\/div>\n\t\t\t\t<\/div>\n\t\t<div class=\"elementor-element elementor-element-5e2ea702 e-flex e-con-boxed e-con e-child\" data-id=\"5e2ea702\" data-element_type=\"container\" data-e-type=\"container\" data-settings=\"{&quot;background_background&quot;:&quot;classic&quot;}\">\n\t\t\t\t\t<div class=\"e-con-inner\">\n\t\t\t\t<div class=\"elementor-element elementor-element-4045fa44 elementor-widget elementor-widget-image\" data-id=\"4045fa44\" data-element_type=\"widget\" data-e-type=\"widget\" data-widget_type=\"image.default\">\n\t\t\t\t\t\t<div class=\"elementor-widget-container\">\n\t\t\t\t\t\t\t\t\t\t\t\t\t\t\t<img decoding=\"async\" width=\"49\" height=\"45\" src=\"https:\/\/cliniquevisionpros.com\/wp-content\/uploads\/2024\/06\/quotes.png\" class=\"attachment-large size-large wp-image-909\" alt=\"\" \/>\t\t\t\t\t\t\t\t\t\t\t\t\t\t\t<\/div>\n\t\t\t\t<\/div>\n\t\t\t\t<div class=\"elementor-element elementor-element-32d726b5 elementor-widget elementor-widget-testimonial\" data-id=\"32d726b5\" data-element_type=\"widget\" data-e-type=\"widget\" data-widget_type=\"testimonial.default\">\n\t\t\t\t\t\t<div class=\"elementor-widget-container\">\n\t\t\t\t\t\t\t<div class=\"elementor-testimonial-wrapper\">\n\t\t\t\t\t\t\t<div class=\"elementor-testimonial-content\"><p>\"Un groupe de personnes comp\u00e9tentes, aimables et tr\u00e8s serviables. Je me consid\u00e8re tr\u00e8s chanceuse d'avoir \u00e9t\u00e9 orient\u00e9e vers le Dr Zukor et d'avoir appris des choses sur mes yeux que je ne connaissais pas auparavant. Ces personnes prendront vraiment soin de vous. Je ne les remercierai jamais assez pour leur aide.\"<\/p>\n<\/div>\n\t\t\t\n\t\t\t\t\t<\/div>\n\t\t\t\t\t\t<\/div>\n\t\t\t\t<\/div>\n\t\t\t\t\t<\/div>\n\t\t\t\t<\/div>\n\t\t\t\t<\/div>\n\t\t\t\t<\/div>\n\t\t<div class=\"elementor-element elementor-element-5413ed17 e-flex e-con-boxed e-con e-parent\" data-id=\"5413ed17\" data-element_type=\"container\" data-e-type=\"container\" data-settings=\"{&quot;background_background&quot;:&quot;classic&quot;}\">\n\t\t\t\t\t<div class=\"e-con-inner\">\n\t\t<div class=\"elementor-element elementor-element-454dbe73 e-con-full e-flex e-con e-child\" data-id=\"454dbe73\" data-element_type=\"container\" data-e-type=\"container\" data-settings=\"{&quot;background_background&quot;:&quot;classic&quot;}\">\n\t\t<div class=\"elementor-element elementor-element-1193d222 e-flex e-con-boxed e-con e-child\" data-id=\"1193d222\" data-element_type=\"container\" data-e-type=\"container\">\n\t\t\t\t\t<div class=\"e-con-inner\">\n\t\t\t\t<div class=\"elementor-element elementor-element-3c890878 elementor-icon-list--layout-traditional elementor-list-item-link-full_width elementor-widget elementor-widget-icon-list\" data-id=\"3c890878\" data-element_type=\"widget\" data-e-type=\"widget\" data-widget_type=\"icon-list.default\">\n\t\t\t\t\t\t<div class=\"elementor-widget-container\">\n\t\t\t\t\t\t\t<ul class=\"elementor-icon-list-items\">\n\t\t\t\t\t\t\t<li class=\"elementor-icon-list-item\">\n\t\t\t\t\t\t\t\t\t\t\t<span class=\"elementor-icon-list-icon\">\n\t\t\t\t\t\t\t<i aria-hidden=\"true\" class=\"fas fa-star\"><\/i>\t\t\t\t\t\t<\/span>\n\t\t\t\t\t\t\t\t\t\t<span class=\"elementor-icon-list-text\">4.9<\/span>\n\t\t\t\t\t\t\t\t\t<\/li>\n\t\t\t\t\t\t<\/ul>\n\t\t\t\t\t\t<\/div>\n\t\t\t\t<\/div>\n\t\t\t\t<div class=\"elementor-element elementor-element-1cb38c94 elementor-widget elementor-widget-heading\" data-id=\"1cb38c94\" data-element_type=\"widget\" data-e-type=\"widget\" data-widget_type=\"heading.default\">\n\t\t\t\t\t\t<div class=\"elementor-widget-container\">\n\t\t\t\t\t<h3 class=\"elementor-heading-title elementor-size-default\">Dr Hillel Zukor<\/h3>\t\t\t\t<\/div>\n\t\t\t\t<\/div>\n\t\t\t\t<div class=\"elementor-element elementor-element-443a40da elementor-widget elementor-widget-text-editor\" data-id=\"443a40da\" data-element_type=\"widget\" data-e-type=\"widget\" data-widget_type=\"text-editor.default\">\n\t\t\t\t\t\t<div class=\"elementor-widget-container\">\n\t\t\t\t\t\t\t\t\t<p><span style=\"font-weight: 400;\">Le Dr Zukor a obtenu une note exceptionnelle de 4,9 \u00e9toiles sur 5 \u00e0 partir de 39 avis sur <\/span><a href=\"https:\/\/www.doctr.ca\/app\/doctors\/100793\/Hillel%20Yehudah%20Zukor\/fr\" target=\"_blank\" rel=\"noopener\"> <span style=\"font-weight: 400;\">Lumino Health<\/span> <\/a><span style=\"font-weight: 400;\">et 4,8 \u00e9toiles sur 5 \u00e0 partir de 65 avis sur <\/span><a href=\"https:\/\/www.ratemds.com\/doctor-ratings\/dr-ramina-nissan-ville-saint-laurent-qc-ca\/\" target=\"_blank\" rel=\"noopener\"> <span style=\"font-weight: 400;\">RateMDs<\/span> <\/a><span style=\"font-weight: 400;\">ce qui t\u00e9moigne de son engagement en faveur de l&rsquo;excellence des soins et de la satisfaction des patients.<\/span><\/p>\n\t\t\t\t\t\t\t\t<\/div>\n\t\t\t\t<\/div>\n\t\t\t\t\t<\/div>\n\t\t\t\t<\/div>\n\t\t<div class=\"elementor-element elementor-element-523df564 e-flex e-con-boxed e-con e-child\" data-id=\"523df564\" data-element_type=\"container\" data-e-type=\"container\" data-settings=\"{&quot;background_background&quot;:&quot;classic&quot;}\">\n\t\t\t\t\t<div class=\"e-con-inner\">\n\t\t\t\t<div class=\"elementor-element elementor-element-cfa755b elementor-icon-list--layout-traditional elementor-list-item-link-full_width elementor-widget elementor-widget-global elementor-global-1334 elementor-widget-icon-list\" data-id=\"cfa755b\" data-element_type=\"widget\" data-e-type=\"widget\" data-widget_type=\"icon-list.default\">\n\t\t\t\t\t\t<div class=\"elementor-widget-container\">\n\t\t\t\t\t\t\t<ul class=\"elementor-icon-list-items\">\n\t\t\t\t\t\t\t<li class=\"elementor-icon-list-item\">\n\t\t\t\t\t\t\t\t\t\t\t<span class=\"elementor-icon-list-icon\">\n\t\t\t\t\t\t\t<i aria-hidden=\"true\" class=\"fas fa-star\"><\/i>\t\t\t\t\t\t<\/span>\n\t\t\t\t\t\t\t\t\t\t<span class=\"elementor-icon-list-text\">4.6<\/span>\n\t\t\t\t\t\t\t\t\t<\/li>\n\t\t\t\t\t\t<\/ul>\n\t\t\t\t\t\t<\/div>\n\t\t\t\t<\/div>\n\t\t\t\t<div class=\"elementor-element elementor-element-3ce7eda5 elementor-widget elementor-widget-heading\" data-id=\"3ce7eda5\" data-element_type=\"widget\" data-e-type=\"widget\" data-widget_type=\"heading.default\">\n\t\t\t\t\t\t<div class=\"elementor-widget-container\">\n\t\t\t\t\t<h3 class=\"elementor-heading-title elementor-size-default\">Clinique VisionPros<\/h3>\t\t\t\t<\/div>\n\t\t\t\t<\/div>\n\t\t\t\t<div class=\"elementor-element elementor-element-6e4a551 elementor-widget elementor-widget-global elementor-global-1335 elementor-widget-text-editor\" data-id=\"6e4a551\" data-element_type=\"widget\" data-e-type=\"widget\" data-widget_type=\"text-editor.default\">\n\t\t\t\t\t\t<div class=\"elementor-widget-container\">\n\t\t\t\t\t\t\t\t\t<p><span style=\"font-weight: 400;\">Clinique Vision Pros has a near-perfect rating of 4.6 out of 5 stars from 39 reviews on <\/span><a href=\"https:\/\/g.co\/kgs\/B4TPHzU\" target=\"_blank\" rel=\"noopener\"><span style=\"font-weight: 400;\">Google<\/span><\/a><span style=\"font-weight: 400;\">, highlighting our dedication to providing compassionate, professional, and thorough care.<\/span><\/p>\t\t\t\t\t\t\t\t<\/div>\n\t\t\t\t<\/div>\n\t\t\t\t\t<\/div>\n\t\t\t\t<\/div>\n\t\t\t\t<\/div>\n\t\t\t\t\t<\/div>\n\t\t\t\t<\/div>\n\t\t<div class=\"elementor-element elementor-element-125c0d6 e-flex e-con-boxed e-con e-parent\" data-id=\"125c0d6\" data-element_type=\"container\" data-e-type=\"container\" data-settings=\"{&quot;background_background&quot;:&quot;classic&quot;}\">\n\t\t\t\t\t<div class=\"e-con-inner\">\n\t\t\t\t<div class=\"elementor-element elementor-element-1df8adb elementor-widget elementor-widget-heading\" data-id=\"1df8adb\" data-element_type=\"widget\" data-e-type=\"widget\" data-widget_type=\"heading.default\">\n\t\t\t\t\t\t<div class=\"elementor-widget-container\">\n\t\t\t\t\t<h2 class=\"elementor-heading-title elementor-size-default\">Je me r\u00e9jouis de construire avec vous une relation qui durera toute une vie, en <span style=\"font-weight:400\">vous aidant \u00e0 voir le monde<\/span> d'une toute nouvelle mani\u00e8re !<\/h2>\t\t\t\t<\/div>\n\t\t\t\t<\/div>\n\t\t\t\t<div class=\"elementor-element elementor-element-a916411 elementor-widget elementor-widget-text-editor\" data-id=\"a916411\" data-element_type=\"widget\" data-e-type=\"widget\" data-widget_type=\"text-editor.default\">\n\t\t\t\t\t\t<div class=\"elementor-widget-container\">\n\t\t\t\t\t\t\t\t\t<p><span style=\"font-weight: 400;\">Prenez rendez-vous d\u00e8s aujourd&rsquo;hui pour d\u00e9couvrir l&rsquo;approche personnalis\u00e9e et humaine de Vision Pros en mati\u00e8re de soins oculaires.<\/span><\/p>\n\t\t\t\t\t\t\t\t<\/div>\n\t\t\t\t<\/div>\n\t\t\t\t<div class=\"elementor-element elementor-element-c1e93f9 elementor-align-center elementor-widget elementor-widget-button\" data-id=\"c1e93f9\" data-element_type=\"widget\" data-e-type=\"widget\" data-widget_type=\"button.default\">\n\t\t\t\t\t\t<div class=\"elementor-widget-container\">\n\t\t\t\t\t\t\t\t\t<div class=\"elementor-button-wrapper\">\n\t\t\t\t\t<a class=\"elementor-button elementor-button-link elementor-size-sm\" href=\"https:\/\/cliniquevisionpros.com\/fr\/prendre-rendez-vous\/\">\n\t\t\t\t\t\t<span class=\"elementor-button-content-wrapper\">\n\t\t\t\t\t\t<span class=\"elementor-button-icon\">\n\t\t\t\t<i aria-hidden=\"true\" class=\"fas fa-arrow-right\"><\/i>\t\t\t<\/span>\n\t\t\t\t\t\t\t\t\t<span class=\"elementor-button-text\">Prendre rendez-vous<\/span>\n\t\t\t\t\t<\/span>\n\t\t\t\t\t<\/a>\n\t\t\t\t<\/div>\n\t\t\t\t\t\t\t\t<\/div>\n\t\t\t\t<\/div>\n\t\t\t\t\t<\/div>\n\t\t\t\t<\/div>\n\t\t\t\t<\/div>\n\t\t","protected":false},"excerpt":{"rendered":"<p>Dr Hillel Zukor Ophtalmologue &#8211; MD PhD FRCSC Le Dr Zukor s&rsquo;est int\u00e9ress\u00e9 \u00e0 l&rsquo;ophtalmologie alors qu&rsquo;il poursuivait des \u00e9tudes de doctorat en neurosciences. Il se passionne pour l&rsquo;ophtalmologie depuis ses \u00e9tudes de m\u00e9decine \u00e0 l&rsquo;Universit\u00e9 McGill, o\u00f9 il a obtenu son dipl\u00f4me de m\u00e9decine et son doctorat. Le docteur Zukor est un membre actif [&hellip;]<\/p>\n","protected":false},"author":2,"featured_media":0,"parent":0,"menu_order":0,"comment_status":"closed","ping_status":"closed","template":"","meta":{"site-sidebar-layout":"no-sidebar","site-content-layout":"page-builder","ast-site-content-layout":"","site-content-style":"default","site-sidebar-style":"default","ast-global-header-display":"","ast-banner-title-visibility":"","ast-main-header-display":"","ast-hfb-above-header-display":"","ast-hfb-below-header-display":"","ast-hfb-mobile-header-display":"","site-post-title":"disabled","ast-breadcrumbs-content":"","ast-featured-img":"disabled","footer-sml-layout":"","theme-transparent-header-meta":"","adv-header-id-meta":"","stick-header-meta":"","header-above-stick-meta":"","header-main-stick-meta":"","header-below-stick-meta":"","astra-migrate-meta-layouts":"set","ast-page-background-enabled":"default","ast-page-background-meta":{"desktop":{"background-color":"var(--ast-global-color-4)","background-image":"","background-repeat":"repeat","background-position":"center center","background-size":"auto","background-attachment":"scroll","background-type":"","background-media":"","overlay-type":"","overlay-color":"","overlay-opacity":"","overlay-gradient":""},"tablet":{"background-color":"","background-image":"","background-repeat":"repeat","background-position":"center center","background-size":"auto","background-attachment":"scroll","background-type":"","background-media":"","overlay-type":"","overlay-color":"","overlay-opacity":"","overlay-gradient":""},"mobile":{"background-color":"","background-image":"","background-repeat":"repeat","background-position":"center center","background-size":"auto","background-attachment":"scroll","background-type":"","background-media":"","overlay-type":"","overlay-color":"","overlay-opacity":"","overlay-gradient":""}},"ast-content-background-meta":{"desktop":{"background-color":"var(--ast-global-color-5)","background-image":"","background-repeat":"repeat","background-position":"center center","background-size":"auto","background-attachment":"scroll","background-type":"","background-media":"","overlay-type":"","overlay-color":"","overlay-opacity":"","overlay-gradient":""},"tablet":{"background-color":"var(--ast-global-color-5)","background-image":"","background-repeat":"repeat","background-position":"center center","background-size":"auto","background-attachment":"scroll","background-type":"","background-media":"","overlay-type":"","overlay-color":"","overlay-opacity":"","overlay-gradient":""},"mobile":{"background-color":"var(--ast-global-color-5)","background-image":"","background-repeat":"repeat","background-position":"center center","background-size":"auto","background-attachment":"scroll","background-type":"","background-media":"","overlay-type":"","overlay-color":"","overlay-opacity":"","overlay-gradient":""}},"footnotes":""},"class_list":["post-743","page","type-page","status-publish","hentry"],"yoast_head":"<!-- This site is optimized with the Yoast SEO plugin v27.5 - https:\/\/yoast.com\/product\/yoast-seo-wordpress\/ -->\n<title>Dr. Hillel Zukor, ophtalmologue et directeur m\u00e9dical - Clinique VisionPros<\/title>\n<meta name=\"description\" content=\"&quot;Tr\u00e8s empathique, compr\u00e9hensif et patient. Il a pris le temps de m&#039;\u00e9couter et a r\u00e9pondu \u00e0 toutes mes questions. &quot;\" \/>\n<meta name=\"robots\" content=\"index, follow, max-snippet:-1, max-image-preview:large, max-video-preview:-1\" \/>\n<link rel=\"canonical\" href=\"https:\/\/cliniquevisionpros.com\/fr\/dr-hillel-zukor-ophtalmologiste\/\" \/>\n<meta property=\"og:locale\" content=\"fr_FR\" \/>\n<meta property=\"og:type\" content=\"article\" \/>\n<meta property=\"og:title\" content=\"Dr. Hillel Zukor, ophtalmologue et directeur m\u00e9dical - Clinique VisionPros\" \/>\n<meta property=\"og:description\" content=\"&quot;Tr\u00e8s empathique, compr\u00e9hensif et patient. Il a pris le temps de m&#039;\u00e9couter et a r\u00e9pondu \u00e0 toutes mes questions. &quot;\" \/>\n<meta property=\"og:url\" content=\"https:\/\/cliniquevisionpros.com\/fr\/dr-hillel-zukor-ophtalmologiste\/\" \/>\n<meta property=\"og:site_name\" content=\"Clinique VisionPros\" \/>\n<meta property=\"article:modified_time\" content=\"2024-12-20T15:38:33+00:00\" \/>\n<meta property=\"og:image\" content=\"https:\/\/cliniquevisionpros.com\/wp-content\/uploads\/2023\/08\/doctor_hillel_zukor-1.jpg\" \/>\n\t<meta property=\"og:image:width\" content=\"1204\" \/>\n\t<meta property=\"og:image:height\" content=\"1608\" \/>\n\t<meta property=\"og:image:type\" content=\"image\/jpeg\" \/>\n<meta name=\"twitter:card\" content=\"summary_large_image\" \/>\n<meta name=\"twitter:label1\" content=\"Dur\u00e9e de lecture estim\u00e9e\" \/>\n\t<meta name=\"twitter:data1\" content=\"2 minutes\" \/>\n<script type=\"application\/ld+json\" class=\"yoast-schema-graph\">{\"@context\":\"https:\\\/\\\/schema.org\",\"@graph\":[{\"@type\":\"WebPage\",\"@id\":\"https:\\\/\\\/cliniquevisionpros.com\\\/fr\\\/dr-hillel-zukor-ophtalmologiste\\\/\",\"url\":\"https:\\\/\\\/cliniquevisionpros.com\\\/fr\\\/dr-hillel-zukor-ophtalmologiste\\\/\",\"name\":\"Dr. Hillel Zukor, ophtalmologue et directeur m\u00e9dical - Clinique VisionPros\",\"isPartOf\":{\"@id\":\"https:\\\/\\\/cliniquevisionpros.com\\\/fr\\\/#website\"},\"primaryImageOfPage\":{\"@id\":\"https:\\\/\\\/cliniquevisionpros.com\\\/fr\\\/dr-hillel-zukor-ophtalmologiste\\\/#primaryimage\"},\"image\":{\"@id\":\"https:\\\/\\\/cliniquevisionpros.com\\\/fr\\\/dr-hillel-zukor-ophtalmologiste\\\/#primaryimage\"},\"thumbnailUrl\":\"https:\\\/\\\/cliniquevisionpros.com\\\/wp-content\\\/uploads\\\/2023\\\/08\\\/doctor_hillel_zukor-1-767x1024.jpg\",\"datePublished\":\"2023-10-11T17:00:27+00:00\",\"dateModified\":\"2024-12-20T15:38:33+00:00\",\"description\":\"\\\"Tr\u00e8s empathique, compr\u00e9hensif et patient. Il a pris le temps de m'\u00e9couter et a r\u00e9pondu \u00e0 toutes mes questions. \\\"\",\"breadcrumb\":{\"@id\":\"https:\\\/\\\/cliniquevisionpros.com\\\/fr\\\/dr-hillel-zukor-ophtalmologiste\\\/#breadcrumb\"},\"inLanguage\":\"fr-FR\",\"potentialAction\":[{\"@type\":\"ReadAction\",\"target\":[\"https:\\\/\\\/cliniquevisionpros.com\\\/fr\\\/dr-hillel-zukor-ophtalmologiste\\\/\"]}]},{\"@type\":\"ImageObject\",\"inLanguage\":\"fr-FR\",\"@id\":\"https:\\\/\\\/cliniquevisionpros.com\\\/fr\\\/dr-hillel-zukor-ophtalmologiste\\\/#primaryimage\",\"url\":\"https:\\\/\\\/cliniquevisionpros.com\\\/wp-content\\\/uploads\\\/2023\\\/08\\\/doctor_hillel_zukor-1-767x1024.jpg\",\"contentUrl\":\"https:\\\/\\\/cliniquevisionpros.com\\\/wp-content\\\/uploads\\\/2023\\\/08\\\/doctor_hillel_zukor-1-767x1024.jpg\"},{\"@type\":\"BreadcrumbList\",\"@id\":\"https:\\\/\\\/cliniquevisionpros.com\\\/fr\\\/dr-hillel-zukor-ophtalmologiste\\\/#breadcrumb\",\"itemListElement\":[{\"@type\":\"ListItem\",\"position\":1,\"name\":\"Home\",\"item\":\"https:\\\/\\\/cliniquevisionpros.com\\\/fr\\\/\"},{\"@type\":\"ListItem\",\"position\":2,\"name\":\"Dr Hillel Zukor\"}]},{\"@type\":\"WebSite\",\"@id\":\"https:\\\/\\\/cliniquevisionpros.com\\\/fr\\\/#website\",\"url\":\"https:\\\/\\\/cliniquevisionpros.com\\\/fr\\\/\",\"name\":\"Clinique VisionPros\",\"description\":\"Ophthalmology clinic in Montreal\",\"publisher\":{\"@id\":\"https:\\\/\\\/cliniquevisionpros.com\\\/fr\\\/#organization\"},\"potentialAction\":[{\"@type\":\"SearchAction\",\"target\":{\"@type\":\"EntryPoint\",\"urlTemplate\":\"https:\\\/\\\/cliniquevisionpros.com\\\/fr\\\/?s={search_term_string}\"},\"query-input\":{\"@type\":\"PropertyValueSpecification\",\"valueRequired\":true,\"valueName\":\"search_term_string\"}}],\"inLanguage\":\"fr-FR\"},{\"@type\":\"Organization\",\"@id\":\"https:\\\/\\\/cliniquevisionpros.com\\\/fr\\\/#organization\",\"name\":\"Clinique Vision Pros\",\"url\":\"https:\\\/\\\/cliniquevisionpros.com\\\/fr\\\/\",\"logo\":{\"@type\":\"ImageObject\",\"inLanguage\":\"fr-FR\",\"@id\":\"https:\\\/\\\/cliniquevisionpros.com\\\/fr\\\/#\\\/schema\\\/logo\\\/image\\\/\",\"url\":\"https:\\\/\\\/cliniquevisionpros.com\\\/wp-content\\\/uploads\\\/2023\\\/08\\\/VISION_PROS_LOGO_FINAL_BLACK.svg\",\"contentUrl\":\"https:\\\/\\\/cliniquevisionpros.com\\\/wp-content\\\/uploads\\\/2023\\\/08\\\/VISION_PROS_LOGO_FINAL_BLACK.svg\",\"caption\":\"Clinique Vision Pros\"},\"image\":{\"@id\":\"https:\\\/\\\/cliniquevisionpros.com\\\/fr\\\/#\\\/schema\\\/logo\\\/image\\\/\"}}]}<\/script>\n<!-- \/ Yoast SEO plugin. -->","yoast_head_json":{"title":"Dr. Hillel Zukor, ophtalmologue et directeur m\u00e9dical - Clinique VisionPros","description":"\"Tr\u00e8s empathique, compr\u00e9hensif et patient. Il a pris le temps de m'\u00e9couter et a r\u00e9pondu \u00e0 toutes mes questions. \"","robots":{"index":"index","follow":"follow","max-snippet":"max-snippet:-1","max-image-preview":"max-image-preview:large","max-video-preview":"max-video-preview:-1"},"canonical":"https:\/\/cliniquevisionpros.com\/fr\/dr-hillel-zukor-ophtalmologiste\/","og_locale":"fr_FR","og_type":"article","og_title":"Dr. Hillel Zukor, ophtalmologue et directeur m\u00e9dical - Clinique VisionPros","og_description":"\"Tr\u00e8s empathique, compr\u00e9hensif et patient. Il a pris le temps de m'\u00e9couter et a r\u00e9pondu \u00e0 toutes mes questions. \"","og_url":"https:\/\/cliniquevisionpros.com\/fr\/dr-hillel-zukor-ophtalmologiste\/","og_site_name":"Clinique VisionPros","article_modified_time":"2024-12-20T15:38:33+00:00","og_image":[{"width":1204,"height":1608,"url":"https:\/\/cliniquevisionpros.com\/wp-content\/uploads\/2023\/08\/doctor_hillel_zukor-1.jpg","type":"image\/jpeg"}],"twitter_card":"summary_large_image","twitter_misc":{"Dur\u00e9e de lecture estim\u00e9e":"2 minutes"},"schema":{"@context":"https:\/\/schema.org","@graph":[{"@type":"WebPage","@id":"https:\/\/cliniquevisionpros.com\/fr\/dr-hillel-zukor-ophtalmologiste\/","url":"https:\/\/cliniquevisionpros.com\/fr\/dr-hillel-zukor-ophtalmologiste\/","name":"Dr. Hillel Zukor, ophtalmologue et directeur m\u00e9dical - Clinique VisionPros","isPartOf":{"@id":"https:\/\/cliniquevisionpros.com\/fr\/#website"},"primaryImageOfPage":{"@id":"https:\/\/cliniquevisionpros.com\/fr\/dr-hillel-zukor-ophtalmologiste\/#primaryimage"},"image":{"@id":"https:\/\/cliniquevisionpros.com\/fr\/dr-hillel-zukor-ophtalmologiste\/#primaryimage"},"thumbnailUrl":"https:\/\/cliniquevisionpros.com\/wp-content\/uploads\/2023\/08\/doctor_hillel_zukor-1-767x1024.jpg","datePublished":"2023-10-11T17:00:27+00:00","dateModified":"2024-12-20T15:38:33+00:00","description":"\"Tr\u00e8s empathique, compr\u00e9hensif et patient. Il a pris le temps de m'\u00e9couter et a r\u00e9pondu \u00e0 toutes mes questions. \"","breadcrumb":{"@id":"https:\/\/cliniquevisionpros.com\/fr\/dr-hillel-zukor-ophtalmologiste\/#breadcrumb"},"inLanguage":"fr-FR","potentialAction":[{"@type":"ReadAction","target":["https:\/\/cliniquevisionpros.com\/fr\/dr-hillel-zukor-ophtalmologiste\/"]}]},{"@type":"ImageObject","inLanguage":"fr-FR","@id":"https:\/\/cliniquevisionpros.com\/fr\/dr-hillel-zukor-ophtalmologiste\/#primaryimage","url":"https:\/\/cliniquevisionpros.com\/wp-content\/uploads\/2023\/08\/doctor_hillel_zukor-1-767x1024.jpg","contentUrl":"https:\/\/cliniquevisionpros.com\/wp-content\/uploads\/2023\/08\/doctor_hillel_zukor-1-767x1024.jpg"},{"@type":"BreadcrumbList","@id":"https:\/\/cliniquevisionpros.com\/fr\/dr-hillel-zukor-ophtalmologiste\/#breadcrumb","itemListElement":[{"@type":"ListItem","position":1,"name":"Home","item":"https:\/\/cliniquevisionpros.com\/fr\/"},{"@type":"ListItem","position":2,"name":"Dr Hillel Zukor"}]},{"@type":"WebSite","@id":"https:\/\/cliniquevisionpros.com\/fr\/#website","url":"https:\/\/cliniquevisionpros.com\/fr\/","name":"Clinique VisionPros","description":"Ophthalmology clinic in Montreal","publisher":{"@id":"https:\/\/cliniquevisionpros.com\/fr\/#organization"},"potentialAction":[{"@type":"SearchAction","target":{"@type":"EntryPoint","urlTemplate":"https:\/\/cliniquevisionpros.com\/fr\/?s={search_term_string}"},"query-input":{"@type":"PropertyValueSpecification","valueRequired":true,"valueName":"search_term_string"}}],"inLanguage":"fr-FR"},{"@type":"Organization","@id":"https:\/\/cliniquevisionpros.com\/fr\/#organization","name":"Clinique Vision Pros","url":"https:\/\/cliniquevisionpros.com\/fr\/","logo":{"@type":"ImageObject","inLanguage":"fr-FR","@id":"https:\/\/cliniquevisionpros.com\/fr\/#\/schema\/logo\/image\/","url":"https:\/\/cliniquevisionpros.com\/wp-content\/uploads\/2023\/08\/VISION_PROS_LOGO_FINAL_BLACK.svg","contentUrl":"https:\/\/cliniquevisionpros.com\/wp-content\/uploads\/2023\/08\/VISION_PROS_LOGO_FINAL_BLACK.svg","caption":"Clinique Vision Pros"},"image":{"@id":"https:\/\/cliniquevisionpros.com\/fr\/#\/schema\/logo\/image\/"}}]}},"_links":{"self":[{"href":"https:\/\/cliniquevisionpros.com\/fr\/wp-json\/wp\/v2\/pages\/743","targetHints":{"allow":["GET"]}}],"collection":[{"href":"https:\/\/cliniquevisionpros.com\/fr\/wp-json\/wp\/v2\/pages"}],"about":[{"href":"https:\/\/cliniquevisionpros.com\/fr\/wp-json\/wp\/v2\/types\/page"}],"author":[{"embeddable":true,"href":"https:\/\/cliniquevisionpros.com\/fr\/wp-json\/wp\/v2\/users\/2"}],"replies":[{"embeddable":true,"href":"https:\/\/cliniquevisionpros.com\/fr\/wp-json\/wp\/v2\/comments?post=743"}],"version-history":[{"count":0,"href":"https:\/\/cliniquevisionpros.com\/fr\/wp-json\/wp\/v2\/pages\/743\/revisions"}],"wp:attachment":[{"href":"https:\/\/cliniquevisionpros.com\/fr\/wp-json\/wp\/v2\/media?parent=743"}],"curies":[{"name":"wp","href":"https:\/\/api.w.org\/{rel}","templated":true}]}}