{"id":1420,"date":"2024-12-20T09:36:47","date_gmt":"2024-12-20T14:36:47","guid":{"rendered":"https:\/\/cliniquevisionpros.com\/?page_id=1420"},"modified":"2025-02-05T14:40:54","modified_gmt":"2025-02-05T19:40:54","slug":"dr-fatma-zaguia-ophtalmologiste","status":"publish","type":"page","link":"https:\/\/cliniquevisionpros.com\/fr\/dr-fatma-zaguia-ophtalmologiste\/","title":{"rendered":"Dr Fatma Zaguia"},"content":{"rendered":"\t\t<div data-elementor-type=\"wp-page\" data-elementor-id=\"1420\" class=\"elementor elementor-1420 elementor-1419\" data-elementor-post-type=\"page\">\n\t\t\t\t<div class=\"elementor-element elementor-element-f429e2c e-con-full e-flex e-con e-parent\" data-id=\"f429e2c\" data-element_type=\"container\" data-e-type=\"container\" data-settings=\"{&quot;background_background&quot;:&quot;classic&quot;}\">\n\t\t<div class=\"elementor-element elementor-element-8c24a23 e-con-full e-flex e-con e-child\" data-id=\"8c24a23\" data-element_type=\"container\" data-e-type=\"container\" data-settings=\"{&quot;background_background&quot;:&quot;classic&quot;}\">\n\t\t\t\t<div class=\"elementor-element elementor-element-865c053 elementor-widget elementor-widget-image\" data-id=\"865c053\" data-element_type=\"widget\" data-e-type=\"widget\" data-widget_type=\"image.default\">\n\t\t\t\t\t\t<div class=\"elementor-widget-container\">\n\t\t\t\t\t\t\t\t\t\t\t\t\t\t\t<img fetchpriority=\"high\" decoding=\"async\" width=\"800\" height=\"800\" src=\"https:\/\/cliniquevisionpros.com\/wp-content\/uploads\/2024\/12\/1630976349680.jpg\" class=\"attachment-large size-large wp-image-1432\" alt=\"\" srcset=\"https:\/\/cliniquevisionpros.com\/wp-content\/uploads\/2024\/12\/1630976349680.jpg 800w, https:\/\/cliniquevisionpros.com\/wp-content\/uploads\/2024\/12\/1630976349680-300x300.jpg 300w, https:\/\/cliniquevisionpros.com\/wp-content\/uploads\/2024\/12\/1630976349680-150x150.jpg 150w, https:\/\/cliniquevisionpros.com\/wp-content\/uploads\/2024\/12\/1630976349680-768x768.jpg 768w, https:\/\/cliniquevisionpros.com\/wp-content\/uploads\/2024\/12\/1630976349680-400x400.jpg 400w, https:\/\/cliniquevisionpros.com\/wp-content\/uploads\/2024\/12\/1630976349680-600x600.jpg 600w\" sizes=\"(max-width: 800px) 100vw, 800px\" \/>\t\t\t\t\t\t\t\t\t\t\t\t\t\t\t<\/div>\n\t\t\t\t<\/div>\n\t\t\t\t<\/div>\n\t\t<div class=\"elementor-element elementor-element-5d567c2 e-con-full e-flex e-con e-child\" data-id=\"5d567c2\" data-element_type=\"container\" data-e-type=\"container\" data-settings=\"{&quot;background_background&quot;:&quot;classic&quot;}\">\n\t\t\t\t<div class=\"elementor-element elementor-element-86204c5 elementor-widget elementor-widget-heading\" data-id=\"86204c5\" data-element_type=\"widget\" data-e-type=\"widget\" data-widget_type=\"heading.default\">\n\t\t\t\t\t\t<div class=\"elementor-widget-container\">\n\t\t\t\t\t<h1 class=\"elementor-heading-title elementor-size-default\">Dr <span style=\"font-weight:400\">Fatma Zaguia<\/span><\/h1>\t\t\t\t<\/div>\n\t\t\t\t<\/div>\n\t\t\t\t<div class=\"elementor-element elementor-element-9f1eb81 elementor-widget elementor-widget-heading\" data-id=\"9f1eb81\" data-element_type=\"widget\" data-e-type=\"widget\" data-widget_type=\"heading.default\">\n\t\t\t\t\t\t<div class=\"elementor-widget-container\">\n\t\t\t\t\t<h3 class=\"elementor-heading-title elementor-size-default\">Ophtalmologiste - MD MSc FRCSC<\/h3>\t\t\t\t<\/div>\n\t\t\t\t<\/div>\n\t\t\t\t<div class=\"elementor-element elementor-element-4493973 elementor-widget elementor-widget-text-editor\" data-id=\"4493973\" data-element_type=\"widget\" data-e-type=\"widget\" data-widget_type=\"text-editor.default\">\n\t\t\t\t\t\t<div class=\"elementor-widget-container\">\n\t\t\t\t\t\t\t\t\t<p><span style=\"font-family: Arial;\">Fatma Zaguia est une ophtalmologiste bas\u00e9e \u00e0 Montr\u00e9al (Qu\u00e9bec), sp\u00e9cialis\u00e9e dans le diagnostic et la prise en charge de cas oculaires complexes. Elle a obtenu son dipl\u00f4me de m\u00e9decine et une ma\u00eetrise en neuro-immunologie \u00e0 l\u2019Universit\u00e9 McGill \u00e0 Montr\u00e9al. Elle a ensuite effectu\u00e9 sa r\u00e9sidence en ophtalmologie \u00e0 l\u2019Universit\u00e9 McGill en 2020. En 2021, Dr Zaguia a compl\u00e9t\u00e9 son fellowship en immunologie oculaire \u00e0 l\u2019Universit\u00e9 Northwestern a Chicago. Elle est actuellement professeure adjointe \u00e0 l\u2019Universit\u00e9 McGill et membre associ\u00e9e en uv\u00e9ite et immunologie oculaire au CHUM (Centre hospitalier de l\u2019Universit\u00e9 de Montr\u00e9al). Elle participe activement \u00e0 l\u2019enseignement des \u00e9tudiants en m\u00e9decine, aux r\u00e9sidents et fellows, et occupe actuellement le poste de pr\u00e9sidente du comit\u00e9 de comp\u00e9tence du programme de r\u00e9sidence de l\u2019Universit\u00e9 McGill.     <\/span><\/p>\n<p><span style=\"font-family: Arial;\">Elle est membre active de plusieurs organisations professionnelles, dont le Coll\u00e8ge royal des m\u00e9decins et chirurgiens du Canada, la Soci\u00e9t\u00e9 canadienne d\u2019ophtalmologie (SCO) et l\u2019Acad\u00e9mie am\u00e9ricaine d\u2019ophtalmologie.<\/span><\/p>\n\t\t\t\t\t\t\t\t<\/div>\n\t\t\t\t<\/div>\n\t\t\t\t<div class=\"elementor-element elementor-element-66be049 elementor-align-left elementor-widget elementor-widget-button\" data-id=\"66be049\" data-element_type=\"widget\" data-e-type=\"widget\" data-widget_type=\"button.default\">\n\t\t\t\t\t\t<div class=\"elementor-widget-container\">\n\t\t\t\t\t\t\t\t\t<div class=\"elementor-button-wrapper\">\n\t\t\t\t\t<a class=\"elementor-button elementor-button-link elementor-size-sm\" href=\"https:\/\/cliniquevisionpros.com\/fr\/prendre-rendez-vous\/\">\n\t\t\t\t\t\t<span class=\"elementor-button-content-wrapper\">\n\t\t\t\t\t\t<span class=\"elementor-button-icon\">\n\t\t\t\t<i aria-hidden=\"true\" class=\"fas fa-arrow-right\"><\/i>\t\t\t<\/span>\n\t\t\t\t\t\t\t\t\t<span class=\"elementor-button-text\">Prendre rendez-vous<\/span>\n\t\t\t\t\t<\/span>\n\t\t\t\t\t<\/a>\n\t\t\t\t<\/div>\n\t\t\t\t\t\t\t\t<\/div>\n\t\t\t\t<\/div>\n\t\t\t\t<\/div>\n\t\t\t\t<\/div>\n\t\t<div class=\"elementor-element elementor-element-5f2fd3cf e-con-full e-flex e-con e-parent\" data-id=\"5f2fd3cf\" data-element_type=\"container\" data-e-type=\"container\" data-settings=\"{&quot;background_background&quot;:&quot;classic&quot;}\">\n\t\t<div class=\"elementor-element elementor-element-43c440d6 e-con-full e-flex e-con e-child\" data-id=\"43c440d6\" data-element_type=\"container\" data-e-type=\"container\" data-settings=\"{&quot;background_background&quot;:&quot;classic&quot;}\">\n\t\t<div class=\"elementor-element elementor-element-6c1b04ce e-flex e-con-boxed e-con e-child\" data-id=\"6c1b04ce\" data-element_type=\"container\" data-e-type=\"container\" data-settings=\"{&quot;background_background&quot;:&quot;classic&quot;}\">\n\t\t\t\t\t<div class=\"e-con-inner\">\n\t\t\t\t<div class=\"elementor-element elementor-element-65669e08 elementor-widget elementor-widget-image\" data-id=\"65669e08\" data-element_type=\"widget\" data-e-type=\"widget\" data-widget_type=\"image.default\">\n\t\t\t\t\t\t<div class=\"elementor-widget-container\">\n\t\t\t\t\t\t\t\t\t\t\t\t\t\t\t<img decoding=\"async\" width=\"49\" height=\"45\" src=\"https:\/\/cliniquevisionpros.com\/wp-content\/uploads\/2024\/06\/quotes.png\" class=\"attachment-large size-large wp-image-909\" alt=\"\" \/>\t\t\t\t\t\t\t\t\t\t\t\t\t\t\t<\/div>\n\t\t\t\t<\/div>\n\t\t\t\t<div class=\"elementor-element elementor-element-3616b3f9 elementor-widget elementor-widget-testimonial\" data-id=\"3616b3f9\" data-element_type=\"widget\" data-e-type=\"widget\" data-widget_type=\"testimonial.default\">\n\t\t\t\t\t\t<div class=\"elementor-widget-container\">\n\t\t\t\t\t\t\t<div class=\"elementor-testimonial-wrapper\">\n\t\t\t\t\t\t\t<div class=\"elementor-testimonial-content\"><p>\u201cLa docteure Zaguia m'a op\u00e9r\u00e9 pour la cataracte. J'\u00e9tais tr\u00e8s anxieuse car c'\u00e9tait le seul \u0153il avec lequel je pouvais voir. L'op\u00e9ration s'est d\u00e9roul\u00e9e sans probl\u00e8me. Je n'ai pas eu besoin de prendre de Tylenol apr\u00e8s l'op\u00e9ration. Merci beaucoup pour la comp\u00e9tence, la gentillesse et le professionnalisme de Dr Zaguia.\u201d<\/p>\n<\/div>\n\t\t\t\n\t\t\t\t\t<\/div>\n\t\t\t\t\t\t<\/div>\n\t\t\t\t<\/div>\n\t\t\t\t\t<\/div>\n\t\t\t\t<\/div>\n\t\t<div class=\"elementor-element elementor-element-28810922 e-flex e-con-boxed e-con e-child\" data-id=\"28810922\" data-element_type=\"container\" data-e-type=\"container\" data-settings=\"{&quot;background_background&quot;:&quot;classic&quot;}\">\n\t\t\t\t\t<div class=\"e-con-inner\">\n\t\t\t\t<div class=\"elementor-element elementor-element-58485bd0 elementor-widget elementor-widget-image\" data-id=\"58485bd0\" data-element_type=\"widget\" data-e-type=\"widget\" data-widget_type=\"image.default\">\n\t\t\t\t\t\t<div class=\"elementor-widget-container\">\n\t\t\t\t\t\t\t\t\t\t\t\t\t\t\t<img decoding=\"async\" width=\"49\" height=\"45\" src=\"https:\/\/cliniquevisionpros.com\/wp-content\/uploads\/2024\/06\/quotes.png\" class=\"attachment-large size-large wp-image-909\" alt=\"\" \/>\t\t\t\t\t\t\t\t\t\t\t\t\t\t\t<\/div>\n\t\t\t\t<\/div>\n\t\t\t\t<div class=\"elementor-element elementor-element-2fb1a15a elementor-widget elementor-widget-testimonial\" data-id=\"2fb1a15a\" data-element_type=\"widget\" data-e-type=\"widget\" data-widget_type=\"testimonial.default\">\n\t\t\t\t\t\t<div class=\"elementor-widget-container\">\n\t\t\t\t\t\t\t<div class=\"elementor-testimonial-wrapper\">\n\t\t\t\t\t\t\t<div class=\"elementor-testimonial-content\"><p>\u201cLorsque je suis arriv\u00e9e \u00e0 ma consultation avec Dr Zaguia, cela lui a pris qu\u2019une fraction de seconde pour diagnostiquer une uv\u00e9ite alors qu\u2019un autre ophtalmologiste ainsi qu\u2019un optom\u00e9triste qui m\u2019avaient fait des scans n\u2019ont jamais trouv\u00e9 mon probl\u00e8me avec mon \u0153il. Par la suite, Dr Zaguia m\u2019a prise en charge rapidement et me traite pour une uv\u00e9ite interm\u00e9diaire et post\u00e9rieure idiopathique. Nous venons de gagner une premi\u00e8re manche car l\u2019inflammation est maintenant disparue. C\u2019est un privil\u00e8ge d\u2019\u00eatre sa patiente.\u201d<\/p>\n<\/div>\n\t\t\t\n\t\t\t\t\t<\/div>\n\t\t\t\t\t\t<\/div>\n\t\t\t\t<\/div>\n\t\t\t\t\t<\/div>\n\t\t\t\t<\/div>\n\t\t\t\t<\/div>\n\t\t\t\t<\/div>\n\t\t<div class=\"elementor-element elementor-element-125c0d6 e-flex e-con-boxed e-con e-parent\" data-id=\"125c0d6\" data-element_type=\"container\" data-e-type=\"container\" data-settings=\"{&quot;background_background&quot;:&quot;classic&quot;}\">\n\t\t\t\t\t<div class=\"e-con-inner\">\n\t\t\t\t<div class=\"elementor-element elementor-element-1df8adb elementor-widget elementor-widget-heading\" data-id=\"1df8adb\" data-element_type=\"widget\" data-e-type=\"widget\" data-widget_type=\"heading.default\">\n\t\t\t\t\t\t<div class=\"elementor-widget-container\">\n\t\t\t\t\t<h2 class=\"elementor-heading-title elementor-size-default\">Nous nous r\u00e9jouissons de construire avec vous une relation qui durera toute une vie, en vous <span style=\"font-weight:400\">aidant \u00e0 voir le monde<\/span> d'une toute nouvelle mani\u00e8re !<\/h2>\t\t\t\t<\/div>\n\t\t\t\t<\/div>\n\t\t\t\t<div class=\"elementor-element elementor-element-a916411 elementor-widget elementor-widget-text-editor\" data-id=\"a916411\" data-element_type=\"widget\" data-e-type=\"widget\" data-widget_type=\"text-editor.default\">\n\t\t\t\t\t\t<div class=\"elementor-widget-container\">\n\t\t\t\t\t\t\t\t\t<p><span style=\"font-weight: 400;\">Prenez rendez-vous d\u00e8s aujourd&rsquo;hui pour d\u00e9couvrir l&rsquo;approche personnalis\u00e9e et compatissante de VisionPros en mati\u00e8re de soins oculaires.<\/span><\/p>\n\t\t\t\t\t\t\t\t<\/div>\n\t\t\t\t<\/div>\n\t\t\t\t<div class=\"elementor-element elementor-element-c1e93f9 elementor-align-center elementor-widget elementor-widget-button\" data-id=\"c1e93f9\" data-element_type=\"widget\" data-e-type=\"widget\" data-widget_type=\"button.default\">\n\t\t\t\t\t\t<div class=\"elementor-widget-container\">\n\t\t\t\t\t\t\t\t\t<div class=\"elementor-button-wrapper\">\n\t\t\t\t\t<a class=\"elementor-button elementor-button-link elementor-size-sm\" href=\"https:\/\/cliniquevisionpros.com\/fr\/prendre-rendez-vous\/\">\n\t\t\t\t\t\t<span class=\"elementor-button-content-wrapper\">\n\t\t\t\t\t\t<span class=\"elementor-button-icon\">\n\t\t\t\t<i aria-hidden=\"true\" class=\"fas fa-arrow-right\"><\/i>\t\t\t<\/span>\n\t\t\t\t\t\t\t\t\t<span class=\"elementor-button-text\">Prendre rendez-vous<\/span>\n\t\t\t\t\t<\/span>\n\t\t\t\t\t<\/a>\n\t\t\t\t<\/div>\n\t\t\t\t\t\t\t\t<\/div>\n\t\t\t\t<\/div>\n\t\t\t\t\t<\/div>\n\t\t\t\t<\/div>\n\t\t\t\t<\/div>\n\t\t","protected":false},"excerpt":{"rendered":"<p>Dr Fatma Zaguia Ophtalmologiste &#8211; MD MSc FRCSC Fatma Zaguia est une ophtalmologiste bas\u00e9e \u00e0 Montr\u00e9al (Qu\u00e9bec), sp\u00e9cialis\u00e9e dans le diagnostic et la prise en charge de cas oculaires complexes. Elle a obtenu son dipl\u00f4me de m\u00e9decine et une ma\u00eetrise en neuro-immunologie \u00e0 l\u2019Universit\u00e9 McGill \u00e0 Montr\u00e9al. Elle a ensuite effectu\u00e9 sa r\u00e9sidence en ophtalmologie [&hellip;]<\/p>\n","protected":false},"author":2,"featured_media":0,"parent":0,"menu_order":0,"comment_status":"closed","ping_status":"closed","template":"","meta":{"site-sidebar-layout":"no-sidebar","site-content-layout":"page-builder","ast-site-content-layout":"full-width-container","site-content-style":"unboxed","site-sidebar-style":"unboxed","ast-global-header-display":"","ast-banner-title-visibility":"","ast-main-header-display":"","ast-hfb-above-header-display":"","ast-hfb-below-header-display":"","ast-hfb-mobile-header-display":"","site-post-title":"disabled","ast-breadcrumbs-content":"","ast-featured-img":"disabled","footer-sml-layout":"","theme-transparent-header-meta":"","adv-header-id-meta":"","stick-header-meta":"","header-above-stick-meta":"","header-main-stick-meta":"","header-below-stick-meta":"","astra-migrate-meta-layouts":"set","ast-page-background-enabled":"default","ast-page-background-meta":{"desktop":{"background-color":"var(--ast-global-color-4)","background-image":"","background-repeat":"repeat","background-position":"center center","background-size":"auto","background-attachment":"scroll","background-type":"","background-media":"","overlay-type":"","overlay-color":"","overlay-opacity":"","overlay-gradient":""},"tablet":{"background-color":"","background-image":"","background-repeat":"repeat","background-position":"center center","background-size":"auto","background-attachment":"scroll","background-type":"","background-media":"","overlay-type":"","overlay-color":"","overlay-opacity":"","overlay-gradient":""},"mobile":{"background-color":"","background-image":"","background-repeat":"repeat","background-position":"center center","background-size":"auto","background-attachment":"scroll","background-type":"","background-media":"","overlay-type":"","overlay-color":"","overlay-opacity":"","overlay-gradient":""}},"ast-content-background-meta":{"desktop":{"background-color":"var(--ast-global-color-5)","background-image":"","background-repeat":"repeat","background-position":"center center","background-size":"auto","background-attachment":"scroll","background-type":"","background-media":"","overlay-type":"","overlay-color":"","overlay-opacity":"","overlay-gradient":""},"tablet":{"background-color":"var(--ast-global-color-5)","background-image":"","background-repeat":"repeat","background-position":"center center","background-size":"auto","background-attachment":"scroll","background-type":"","background-media":"","overlay-type":"","overlay-color":"","overlay-opacity":"","overlay-gradient":""},"mobile":{"background-color":"var(--ast-global-color-5)","background-image":"","background-repeat":"repeat","background-position":"center center","background-size":"auto","background-attachment":"scroll","background-type":"","background-media":"","overlay-type":"","overlay-color":"","overlay-opacity":"","overlay-gradient":""}},"footnotes":""},"class_list":["post-1420","page","type-page","status-publish","hentry"],"yoast_head":"<!-- This site is optimized with the Yoast SEO plugin v27.4 - https:\/\/yoast.com\/product\/yoast-seo-wordpress\/ -->\n<title>Dr Fatma Zaguia, ophtalmologiste - Clinique VisionPros<\/title>\n<meta name=\"description\" content=\"Dr Fatma Zaguia est ophtalmologue \u00e0 Montr\u00e9al (Qu\u00e9bec) et poss\u00e8de une expertise dans le diagnostic et la prise en charge des affections oculaires complexes.\" \/>\n<meta name=\"robots\" content=\"index, follow, max-snippet:-1, max-image-preview:large, max-video-preview:-1\" \/>\n<link rel=\"canonical\" href=\"https:\/\/cliniquevisionpros.com\/fr\/dr-fatma-zaguia-ophtalmologiste\/\" \/>\n<meta property=\"og:locale\" content=\"fr_FR\" \/>\n<meta property=\"og:type\" content=\"article\" \/>\n<meta property=\"og:title\" content=\"Dr Fatma Zaguia, ophtalmologiste - Clinique VisionPros\" \/>\n<meta property=\"og:description\" content=\"Dr Fatma Zaguia est ophtalmologue \u00e0 Montr\u00e9al (Qu\u00e9bec) et poss\u00e8de une expertise dans le diagnostic et la prise en charge des affections oculaires complexes.\" \/>\n<meta property=\"og:url\" content=\"https:\/\/cliniquevisionpros.com\/fr\/dr-fatma-zaguia-ophtalmologiste\/\" \/>\n<meta property=\"og:site_name\" content=\"Clinique VisionPros\" \/>\n<meta property=\"article:modified_time\" content=\"2025-02-05T19:40:54+00:00\" \/>\n<meta property=\"og:image\" content=\"https:\/\/cliniquevisionpros.com\/wp-content\/uploads\/2024\/12\/1630976349680.jpg\" \/>\n\t<meta property=\"og:image:width\" content=\"800\" \/>\n\t<meta property=\"og:image:height\" content=\"800\" \/>\n\t<meta property=\"og:image:type\" content=\"image\/jpeg\" \/>\n<meta name=\"twitter:card\" content=\"summary_large_image\" \/>\n<meta name=\"twitter:label1\" content=\"Dur\u00e9e de lecture estim\u00e9e\" \/>\n\t<meta name=\"twitter:data1\" content=\"3 minutes\" \/>\n<script type=\"application\/ld+json\" class=\"yoast-schema-graph\">{\"@context\":\"https:\\\/\\\/schema.org\",\"@graph\":[{\"@type\":\"WebPage\",\"@id\":\"https:\\\/\\\/cliniquevisionpros.com\\\/fr\\\/dr-fatma-zaguia-ophtalmologiste\\\/\",\"url\":\"https:\\\/\\\/cliniquevisionpros.com\\\/fr\\\/dr-fatma-zaguia-ophtalmologiste\\\/\",\"name\":\"Dr Fatma Zaguia, ophtalmologiste - Clinique VisionPros\",\"isPartOf\":{\"@id\":\"https:\\\/\\\/cliniquevisionpros.com\\\/fr\\\/#website\"},\"primaryImageOfPage\":{\"@id\":\"https:\\\/\\\/cliniquevisionpros.com\\\/fr\\\/dr-fatma-zaguia-ophtalmologiste\\\/#primaryimage\"},\"image\":{\"@id\":\"https:\\\/\\\/cliniquevisionpros.com\\\/fr\\\/dr-fatma-zaguia-ophtalmologiste\\\/#primaryimage\"},\"thumbnailUrl\":\"https:\\\/\\\/cliniquevisionpros.com\\\/wp-content\\\/uploads\\\/2024\\\/12\\\/1630976349680.jpg\",\"datePublished\":\"2024-12-20T14:36:47+00:00\",\"dateModified\":\"2025-02-05T19:40:54+00:00\",\"description\":\"Dr Fatma Zaguia est ophtalmologue \u00e0 Montr\u00e9al (Qu\u00e9bec) et poss\u00e8de une expertise dans le diagnostic et la prise en charge des affections oculaires complexes.\",\"breadcrumb\":{\"@id\":\"https:\\\/\\\/cliniquevisionpros.com\\\/fr\\\/dr-fatma-zaguia-ophtalmologiste\\\/#breadcrumb\"},\"inLanguage\":\"fr-FR\",\"potentialAction\":[{\"@type\":\"ReadAction\",\"target\":[\"https:\\\/\\\/cliniquevisionpros.com\\\/fr\\\/dr-fatma-zaguia-ophtalmologiste\\\/\"]}]},{\"@type\":\"ImageObject\",\"inLanguage\":\"fr-FR\",\"@id\":\"https:\\\/\\\/cliniquevisionpros.com\\\/fr\\\/dr-fatma-zaguia-ophtalmologiste\\\/#primaryimage\",\"url\":\"https:\\\/\\\/cliniquevisionpros.com\\\/wp-content\\\/uploads\\\/2024\\\/12\\\/1630976349680.jpg\",\"contentUrl\":\"https:\\\/\\\/cliniquevisionpros.com\\\/wp-content\\\/uploads\\\/2024\\\/12\\\/1630976349680.jpg\"},{\"@type\":\"BreadcrumbList\",\"@id\":\"https:\\\/\\\/cliniquevisionpros.com\\\/fr\\\/dr-fatma-zaguia-ophtalmologiste\\\/#breadcrumb\",\"itemListElement\":[{\"@type\":\"ListItem\",\"position\":1,\"name\":\"Home\",\"item\":\"https:\\\/\\\/cliniquevisionpros.com\\\/fr\\\/\"},{\"@type\":\"ListItem\",\"position\":2,\"name\":\"Dr Fatma Zaguia\"}]},{\"@type\":\"WebSite\",\"@id\":\"https:\\\/\\\/cliniquevisionpros.com\\\/fr\\\/#website\",\"url\":\"https:\\\/\\\/cliniquevisionpros.com\\\/fr\\\/\",\"name\":\"Clinique VisionPros\",\"description\":\"Ophthalmology clinic in Montreal\",\"publisher\":{\"@id\":\"https:\\\/\\\/cliniquevisionpros.com\\\/fr\\\/#organization\"},\"potentialAction\":[{\"@type\":\"SearchAction\",\"target\":{\"@type\":\"EntryPoint\",\"urlTemplate\":\"https:\\\/\\\/cliniquevisionpros.com\\\/fr\\\/?s={search_term_string}\"},\"query-input\":{\"@type\":\"PropertyValueSpecification\",\"valueRequired\":true,\"valueName\":\"search_term_string\"}}],\"inLanguage\":\"fr-FR\"},{\"@type\":\"Organization\",\"@id\":\"https:\\\/\\\/cliniquevisionpros.com\\\/fr\\\/#organization\",\"name\":\"Clinique Vision Pros\",\"url\":\"https:\\\/\\\/cliniquevisionpros.com\\\/fr\\\/\",\"logo\":{\"@type\":\"ImageObject\",\"inLanguage\":\"fr-FR\",\"@id\":\"https:\\\/\\\/cliniquevisionpros.com\\\/fr\\\/#\\\/schema\\\/logo\\\/image\\\/\",\"url\":\"https:\\\/\\\/cliniquevisionpros.com\\\/wp-content\\\/uploads\\\/2023\\\/08\\\/VISION_PROS_LOGO_FINAL_BLACK.svg\",\"contentUrl\":\"https:\\\/\\\/cliniquevisionpros.com\\\/wp-content\\\/uploads\\\/2023\\\/08\\\/VISION_PROS_LOGO_FINAL_BLACK.svg\",\"caption\":\"Clinique Vision Pros\"},\"image\":{\"@id\":\"https:\\\/\\\/cliniquevisionpros.com\\\/fr\\\/#\\\/schema\\\/logo\\\/image\\\/\"}}]}<\/script>\n<!-- \/ Yoast SEO plugin. -->","yoast_head_json":{"title":"Dr Fatma Zaguia, ophtalmologiste - Clinique VisionPros","description":"Dr Fatma Zaguia est ophtalmologue \u00e0 Montr\u00e9al (Qu\u00e9bec) et poss\u00e8de une expertise dans le diagnostic et la prise en charge des affections oculaires complexes.","robots":{"index":"index","follow":"follow","max-snippet":"max-snippet:-1","max-image-preview":"max-image-preview:large","max-video-preview":"max-video-preview:-1"},"canonical":"https:\/\/cliniquevisionpros.com\/fr\/dr-fatma-zaguia-ophtalmologiste\/","og_locale":"fr_FR","og_type":"article","og_title":"Dr Fatma Zaguia, ophtalmologiste - Clinique VisionPros","og_description":"Dr Fatma Zaguia est ophtalmologue \u00e0 Montr\u00e9al (Qu\u00e9bec) et poss\u00e8de une expertise dans le diagnostic et la prise en charge des affections oculaires complexes.","og_url":"https:\/\/cliniquevisionpros.com\/fr\/dr-fatma-zaguia-ophtalmologiste\/","og_site_name":"Clinique VisionPros","article_modified_time":"2025-02-05T19:40:54+00:00","og_image":[{"width":800,"height":800,"url":"https:\/\/cliniquevisionpros.com\/wp-content\/uploads\/2024\/12\/1630976349680.jpg","type":"image\/jpeg"}],"twitter_card":"summary_large_image","twitter_misc":{"Dur\u00e9e de lecture estim\u00e9e":"3 minutes"},"schema":{"@context":"https:\/\/schema.org","@graph":[{"@type":"WebPage","@id":"https:\/\/cliniquevisionpros.com\/fr\/dr-fatma-zaguia-ophtalmologiste\/","url":"https:\/\/cliniquevisionpros.com\/fr\/dr-fatma-zaguia-ophtalmologiste\/","name":"Dr Fatma Zaguia, ophtalmologiste - Clinique VisionPros","isPartOf":{"@id":"https:\/\/cliniquevisionpros.com\/fr\/#website"},"primaryImageOfPage":{"@id":"https:\/\/cliniquevisionpros.com\/fr\/dr-fatma-zaguia-ophtalmologiste\/#primaryimage"},"image":{"@id":"https:\/\/cliniquevisionpros.com\/fr\/dr-fatma-zaguia-ophtalmologiste\/#primaryimage"},"thumbnailUrl":"https:\/\/cliniquevisionpros.com\/wp-content\/uploads\/2024\/12\/1630976349680.jpg","datePublished":"2024-12-20T14:36:47+00:00","dateModified":"2025-02-05T19:40:54+00:00","description":"Dr Fatma Zaguia est ophtalmologue \u00e0 Montr\u00e9al (Qu\u00e9bec) et poss\u00e8de une expertise dans le diagnostic et la prise en charge des affections oculaires complexes.","breadcrumb":{"@id":"https:\/\/cliniquevisionpros.com\/fr\/dr-fatma-zaguia-ophtalmologiste\/#breadcrumb"},"inLanguage":"fr-FR","potentialAction":[{"@type":"ReadAction","target":["https:\/\/cliniquevisionpros.com\/fr\/dr-fatma-zaguia-ophtalmologiste\/"]}]},{"@type":"ImageObject","inLanguage":"fr-FR","@id":"https:\/\/cliniquevisionpros.com\/fr\/dr-fatma-zaguia-ophtalmologiste\/#primaryimage","url":"https:\/\/cliniquevisionpros.com\/wp-content\/uploads\/2024\/12\/1630976349680.jpg","contentUrl":"https:\/\/cliniquevisionpros.com\/wp-content\/uploads\/2024\/12\/1630976349680.jpg"},{"@type":"BreadcrumbList","@id":"https:\/\/cliniquevisionpros.com\/fr\/dr-fatma-zaguia-ophtalmologiste\/#breadcrumb","itemListElement":[{"@type":"ListItem","position":1,"name":"Home","item":"https:\/\/cliniquevisionpros.com\/fr\/"},{"@type":"ListItem","position":2,"name":"Dr Fatma Zaguia"}]},{"@type":"WebSite","@id":"https:\/\/cliniquevisionpros.com\/fr\/#website","url":"https:\/\/cliniquevisionpros.com\/fr\/","name":"Clinique VisionPros","description":"Ophthalmology clinic in Montreal","publisher":{"@id":"https:\/\/cliniquevisionpros.com\/fr\/#organization"},"potentialAction":[{"@type":"SearchAction","target":{"@type":"EntryPoint","urlTemplate":"https:\/\/cliniquevisionpros.com\/fr\/?s={search_term_string}"},"query-input":{"@type":"PropertyValueSpecification","valueRequired":true,"valueName":"search_term_string"}}],"inLanguage":"fr-FR"},{"@type":"Organization","@id":"https:\/\/cliniquevisionpros.com\/fr\/#organization","name":"Clinique Vision Pros","url":"https:\/\/cliniquevisionpros.com\/fr\/","logo":{"@type":"ImageObject","inLanguage":"fr-FR","@id":"https:\/\/cliniquevisionpros.com\/fr\/#\/schema\/logo\/image\/","url":"https:\/\/cliniquevisionpros.com\/wp-content\/uploads\/2023\/08\/VISION_PROS_LOGO_FINAL_BLACK.svg","contentUrl":"https:\/\/cliniquevisionpros.com\/wp-content\/uploads\/2023\/08\/VISION_PROS_LOGO_FINAL_BLACK.svg","caption":"Clinique Vision Pros"},"image":{"@id":"https:\/\/cliniquevisionpros.com\/fr\/#\/schema\/logo\/image\/"}}]}},"_links":{"self":[{"href":"https:\/\/cliniquevisionpros.com\/fr\/wp-json\/wp\/v2\/pages\/1420","targetHints":{"allow":["GET"]}}],"collection":[{"href":"https:\/\/cliniquevisionpros.com\/fr\/wp-json\/wp\/v2\/pages"}],"about":[{"href":"https:\/\/cliniquevisionpros.com\/fr\/wp-json\/wp\/v2\/types\/page"}],"author":[{"embeddable":true,"href":"https:\/\/cliniquevisionpros.com\/fr\/wp-json\/wp\/v2\/users\/2"}],"replies":[{"embeddable":true,"href":"https:\/\/cliniquevisionpros.com\/fr\/wp-json\/wp\/v2\/comments?post=1420"}],"version-history":[{"count":0,"href":"https:\/\/cliniquevisionpros.com\/fr\/wp-json\/wp\/v2\/pages\/1420\/revisions"}],"wp:attachment":[{"href":"https:\/\/cliniquevisionpros.com\/fr\/wp-json\/wp\/v2\/media?parent=1420"}],"curies":[{"name":"wp","href":"https:\/\/api.w.org\/{rel}","templated":true}]}}