{"id":1418,"date":"2024-12-20T09:50:31","date_gmt":"2024-12-20T14:50:31","guid":{"rendered":"https:\/\/cliniquevisionpros.com\/?page_id=1418"},"modified":"2024-12-24T08:07:16","modified_gmt":"2024-12-24T13:07:16","slug":"dr-cristina-bostan-ophtalmologiste","status":"publish","type":"page","link":"https:\/\/cliniquevisionpros.com\/fr\/dr-cristina-bostan-ophtalmologiste\/","title":{"rendered":"Dr Cristina Bostan"},"content":{"rendered":"\t\t<div data-elementor-type=\"wp-page\" data-elementor-id=\"1418\" class=\"elementor elementor-1418 elementor-1417\" data-elementor-post-type=\"page\">\n\t\t\t\t<div class=\"elementor-element elementor-element-f429e2c e-con-full e-flex e-con e-parent\" data-id=\"f429e2c\" data-element_type=\"container\" data-e-type=\"container\" data-settings=\"{&quot;background_background&quot;:&quot;classic&quot;}\">\n\t\t<div class=\"elementor-element elementor-element-8c24a23 e-con-full e-flex e-con e-child\" data-id=\"8c24a23\" data-element_type=\"container\" data-e-type=\"container\" data-settings=\"{&quot;background_background&quot;:&quot;classic&quot;}\">\n\t\t\t\t<div class=\"elementor-element elementor-element-865c053 elementor-widget elementor-widget-image\" data-id=\"865c053\" data-element_type=\"widget\" data-e-type=\"widget\" data-widget_type=\"image.default\">\n\t\t\t\t\t\t<div class=\"elementor-widget-container\">\n\t\t\t\t\t\t\t\t\t\t\t\t\t\t\t<img fetchpriority=\"high\" decoding=\"async\" width=\"463\" height=\"662\" src=\"https:\/\/cliniquevisionpros.com\/wp-content\/uploads\/2024\/12\/images.jpg\" class=\"attachment-large size-large wp-image-1436\" alt=\"\" srcset=\"https:\/\/cliniquevisionpros.com\/wp-content\/uploads\/2024\/12\/images.jpg 463w, https:\/\/cliniquevisionpros.com\/wp-content\/uploads\/2024\/12\/images-210x300.jpg 210w\" sizes=\"(max-width: 463px) 100vw, 463px\" \/>\t\t\t\t\t\t\t\t\t\t\t\t\t\t\t<\/div>\n\t\t\t\t<\/div>\n\t\t\t\t<\/div>\n\t\t<div class=\"elementor-element elementor-element-5d567c2 e-con-full e-flex e-con e-child\" data-id=\"5d567c2\" data-element_type=\"container\" data-e-type=\"container\" data-settings=\"{&quot;background_background&quot;:&quot;classic&quot;}\">\n\t\t\t\t<div class=\"elementor-element elementor-element-86204c5 elementor-widget elementor-widget-heading\" data-id=\"86204c5\" data-element_type=\"widget\" data-e-type=\"widget\" data-widget_type=\"heading.default\">\n\t\t\t\t\t\t<div class=\"elementor-widget-container\">\n\t\t\t\t\t<h1 class=\"elementor-heading-title elementor-size-default\">Dr <span style=\"font-weight:400\">Cristina Bostan<\/span><\/h1>\t\t\t\t<\/div>\n\t\t\t\t<\/div>\n\t\t\t\t<div class=\"elementor-element elementor-element-9f1eb81 elementor-widget elementor-widget-heading\" data-id=\"9f1eb81\" data-element_type=\"widget\" data-e-type=\"widget\" data-widget_type=\"heading.default\">\n\t\t\t\t\t\t<div class=\"elementor-widget-container\">\n\t\t\t\t\t<h3 class=\"elementor-heading-title elementor-size-default\">Ophtalmologiste - MD MSc FRCSC<\/h3>\t\t\t\t<\/div>\n\t\t\t\t<\/div>\n\t\t\t\t<div class=\"elementor-element elementor-element-4493973 elementor-widget elementor-widget-text-editor\" data-id=\"4493973\" data-element_type=\"widget\" data-e-type=\"widget\" data-widget_type=\"text-editor.default\">\n\t\t\t\t\t\t<div class=\"elementor-widget-container\">\n\t\t\t\t\t\t\t\t\t<p><span style=\"font-weight: 400;\">Dr Cristina Bostan a compl\u00e9t\u00e9 le programme combin\u00e9 de Doctorat en m\u00e9decine et de Ma\u00eetrise en sciences \u00e0 l\u2019Universit\u00e9 de Montr\u00e9al, suivi d\u2019une r\u00e9sidence en ophtalmologie dans le Programme de formation de cliniciens-chercheurs. Elle a servi en tant que r\u00e9sidente-chef et a \u00e9t\u00e9 nomm\u00e9e sur la Liste de la Doyenne \u00e0 sa graduation.  <\/span><\/p>\n<p><span style=\"font-weight: 400;\">Elle a ensuite poursuivi une formation compl\u00e9mentaire clinique et chirurgicale d\u2019un an en Corn\u00e9e, maladies externes et chirurgie r\u00e9fractive au Cole Eye Institute de la prestigieuse Cleveland Clinic, o\u00f9 elle a acquis une expertise dans la prise en charge du spectre complet des maladies corn\u00e9ennes et dans les chirurgies de surface oculaire, les transplantations corn\u00e9ennes, les chirurgies complexes de la cataracte et du segment ant\u00e9rieur, et dans les chirurgies au laser telles la r\u00e9ticulation du collag\u00e8ne corn\u00e9en, la k\u00e9ratotomie phototh\u00e9rapeutique, le LASIK, la k\u00e9ratotomie photor\u00e9fractive, et le SMILE. <\/span><\/p>\n<p><span style=\"font-weight: 400;\">Dr Bostan a \u00e9galement suivi une formation compl\u00e9mentaire de recherche en maladies corn\u00e9ennes d\u2019un an et finalise actuellement une Ma\u00eetrise en Recherche Translationnelle \u00e0 l&rsquo;Universit\u00e9 de Toronto.<\/span><\/p>\n<p><span style=\"font-weight: 400;\">Dr Bostan est maintenant sp\u00e9cialiste de la Corn\u00e9e, maladies externes, cataracte\/segment ant\u00e9rieur et chirurgie r\u00e9fractive au Centre universitaire d&rsquo;ophtalmologie de l&rsquo;Universit\u00e9 de Montr\u00e9al \u00e0 l&rsquo;H\u00f4pital Maisonneuve-Rosemont, Professeure Adjointe de Clinique \u00e0 l&rsquo;Universit\u00e9 de Montr\u00e9al et Clinicienne associ\u00e9e au Centre de Recherche de l&rsquo;H\u00f4pital Maisonneuve-Rosemont. Dans ce r\u00f4le, elle supervise des \u00e9tudiants en m\u00e9decine, des r\u00e9sidents en ophtalmologie et des fellows en corn\u00e9e. Elle est \u00e9galement activement impliqu\u00e9e dans la recherche, avec l&rsquo;objectif principal d&rsquo;acc\u00e9l\u00e9rer la vitesse \u00e0 laquelle les th\u00e9rapies \u00e9mergentes atteignent ses patients.   <\/span><\/p>\n<p><span style=\"font-weight: 400;\">Ses travaux de recherche ont re\u00e7u de nombreux prix et subventions &#8211; y compris de la part d&rsquo;agences de subvention provinciales et nationales majeures &#8211; et ont fait l&rsquo;objet de plus de 100 publications et pr\u00e9sentations au niveau local et international.<\/span><\/p>\n<p><span style=\"font-weight: 400;\">Dans son travail clinique, Dr Bostan valorise le partenariat avec ses patients et leur satisfaction avant tout, et vise \u00e0 offrir des soins de la plus haute qualit\u00e9 \u00e0 chaque patient.<\/span><\/p>\n\t\t\t\t\t\t\t\t<\/div>\n\t\t\t\t<\/div>\n\t\t\t\t<div class=\"elementor-element elementor-element-66be049 elementor-align-left elementor-widget elementor-widget-button\" data-id=\"66be049\" data-element_type=\"widget\" data-e-type=\"widget\" data-widget_type=\"button.default\">\n\t\t\t\t\t\t<div class=\"elementor-widget-container\">\n\t\t\t\t\t\t\t\t\t<div class=\"elementor-button-wrapper\">\n\t\t\t\t\t<a class=\"elementor-button elementor-button-link elementor-size-sm\" href=\"https:\/\/cliniquevisionpros.com\/fr\/prendre-rendez-vous\/\">\n\t\t\t\t\t\t<span class=\"elementor-button-content-wrapper\">\n\t\t\t\t\t\t<span class=\"elementor-button-icon\">\n\t\t\t\t<i aria-hidden=\"true\" class=\"fas fa-arrow-right\"><\/i>\t\t\t<\/span>\n\t\t\t\t\t\t\t\t\t<span class=\"elementor-button-text\">Prendre rendez-vous<\/span>\n\t\t\t\t\t<\/span>\n\t\t\t\t\t<\/a>\n\t\t\t\t<\/div>\n\t\t\t\t\t\t\t\t<\/div>\n\t\t\t\t<\/div>\n\t\t\t\t<\/div>\n\t\t\t\t<\/div>\n\t\t<div class=\"elementor-element elementor-element-5f2fd3cf e-con-full e-flex e-con e-parent\" data-id=\"5f2fd3cf\" data-element_type=\"container\" data-e-type=\"container\" data-settings=\"{&quot;background_background&quot;:&quot;classic&quot;}\">\n\t\t<div class=\"elementor-element elementor-element-43c440d6 e-con-full e-flex e-con e-child\" data-id=\"43c440d6\" data-element_type=\"container\" data-e-type=\"container\" data-settings=\"{&quot;background_background&quot;:&quot;classic&quot;}\">\n\t\t<div class=\"elementor-element elementor-element-6c1b04ce e-flex e-con-boxed e-con e-child\" data-id=\"6c1b04ce\" data-element_type=\"container\" data-e-type=\"container\" data-settings=\"{&quot;background_background&quot;:&quot;classic&quot;}\">\n\t\t\t\t\t<div class=\"e-con-inner\">\n\t\t\t\t<div class=\"elementor-element elementor-element-65669e08 elementor-widget elementor-widget-image\" data-id=\"65669e08\" data-element_type=\"widget\" data-e-type=\"widget\" data-widget_type=\"image.default\">\n\t\t\t\t\t\t<div class=\"elementor-widget-container\">\n\t\t\t\t\t\t\t\t\t\t\t\t\t\t\t<img decoding=\"async\" width=\"49\" height=\"45\" src=\"https:\/\/cliniquevisionpros.com\/wp-content\/uploads\/2024\/06\/quotes.png\" class=\"attachment-large size-large wp-image-909\" alt=\"\" \/>\t\t\t\t\t\t\t\t\t\t\t\t\t\t\t<\/div>\n\t\t\t\t<\/div>\n\t\t\t\t<div class=\"elementor-element elementor-element-3616b3f9 elementor-widget elementor-widget-testimonial\" data-id=\"3616b3f9\" data-element_type=\"widget\" data-e-type=\"widget\" data-widget_type=\"testimonial.default\">\n\t\t\t\t\t\t<div class=\"elementor-widget-container\">\n\t\t\t\t\t\t\t<div class=\"elementor-testimonial-wrapper\">\n\t\t\t\t\t\t\t<div class=\"elementor-testimonial-content\"><p>\u201cCette docteure est fantastique ! Elle nous a expliqu\u00e9 les choses de mani\u00e8re tr\u00e8s d\u00e9taill\u00e9e. Elle a fait beaucoup plus que de recevoir notre fils un vendredi soir pour une abrasion de la corn\u00e9e. Elle a \u00e9galement r\u00e9pondu aux questions que nous avions pos\u00e9es pendant le week-end. C'est une docteure tr\u00e8s chaleureuse et attentionn\u00e9e que nous recommandons vivement \u00e0 d'autres. Elle est incroyable !!!!!!!!\u201d<\/p>\n<\/div>\n\t\t\t\n\t\t\t\t\t<\/div>\n\t\t\t\t\t\t<\/div>\n\t\t\t\t<\/div>\n\t\t\t\t\t<\/div>\n\t\t\t\t<\/div>\n\t\t\t\t<\/div>\n\t\t\t\t<\/div>\n\t\t<div class=\"elementor-element elementor-element-125c0d6 e-flex e-con-boxed e-con e-parent\" data-id=\"125c0d6\" data-element_type=\"container\" data-e-type=\"container\" data-settings=\"{&quot;background_background&quot;:&quot;classic&quot;}\">\n\t\t\t\t\t<div class=\"e-con-inner\">\n\t\t\t\t<div class=\"elementor-element elementor-element-1df8adb elementor-widget elementor-widget-heading\" data-id=\"1df8adb\" data-element_type=\"widget\" data-e-type=\"widget\" data-widget_type=\"heading.default\">\n\t\t\t\t\t\t<div class=\"elementor-widget-container\">\n\t\t\t\t\t<h2 class=\"elementor-heading-title elementor-size-default\">Nous nous r\u00e9jouissons de construire avec vous une relation qui durera toute une vie, en vous <span style=\"font-weight:400\">aidant \u00e0 voir le monde<\/span> d'une toute nouvelle mani\u00e8re !<\/h2>\t\t\t\t<\/div>\n\t\t\t\t<\/div>\n\t\t\t\t<div class=\"elementor-element elementor-element-a916411 elementor-widget elementor-widget-text-editor\" data-id=\"a916411\" data-element_type=\"widget\" data-e-type=\"widget\" data-widget_type=\"text-editor.default\">\n\t\t\t\t\t\t<div class=\"elementor-widget-container\">\n\t\t\t\t\t\t\t\t\t<p><span style=\"font-weight: 400;\">Prenez rendez-vous d\u00e8s aujourd&rsquo;hui pour d\u00e9couvrir l&rsquo;approche personnalis\u00e9e et compatissante de VisionPros en mati\u00e8re de soins oculaires.<\/span><\/p>\n\t\t\t\t\t\t\t\t<\/div>\n\t\t\t\t<\/div>\n\t\t\t\t<div class=\"elementor-element elementor-element-c1e93f9 elementor-align-center elementor-widget elementor-widget-button\" data-id=\"c1e93f9\" data-element_type=\"widget\" data-e-type=\"widget\" data-widget_type=\"button.default\">\n\t\t\t\t\t\t<div class=\"elementor-widget-container\">\n\t\t\t\t\t\t\t\t\t<div class=\"elementor-button-wrapper\">\n\t\t\t\t\t<a class=\"elementor-button elementor-button-link elementor-size-sm\" href=\"https:\/\/cliniquevisionpros.com\/fr\/prendre-rendez-vous\/\">\n\t\t\t\t\t\t<span class=\"elementor-button-content-wrapper\">\n\t\t\t\t\t\t<span class=\"elementor-button-icon\">\n\t\t\t\t<i aria-hidden=\"true\" class=\"fas fa-arrow-right\"><\/i>\t\t\t<\/span>\n\t\t\t\t\t\t\t\t\t<span class=\"elementor-button-text\">Prendre rendez-vous<\/span>\n\t\t\t\t\t<\/span>\n\t\t\t\t\t<\/a>\n\t\t\t\t<\/div>\n\t\t\t\t\t\t\t\t<\/div>\n\t\t\t\t<\/div>\n\t\t\t\t\t<\/div>\n\t\t\t\t<\/div>\n\t\t\t\t<\/div>\n\t\t","protected":false},"excerpt":{"rendered":"<p>Dr Cristina Bostan Ophtalmologiste &#8211; MD MSc FRCSC Dr Cristina Bostan a compl\u00e9t\u00e9 le programme combin\u00e9 de Doctorat en m\u00e9decine et de Ma\u00eetrise en sciences \u00e0 l\u2019Universit\u00e9 de Montr\u00e9al, suivi d\u2019une r\u00e9sidence en ophtalmologie dans le Programme de formation de cliniciens-chercheurs. Elle a servi en tant que r\u00e9sidente-chef et a \u00e9t\u00e9 nomm\u00e9e sur la Liste [&hellip;]<\/p>\n","protected":false},"author":2,"featured_media":0,"parent":0,"menu_order":0,"comment_status":"closed","ping_status":"closed","template":"","meta":{"site-sidebar-layout":"no-sidebar","site-content-layout":"page-builder","ast-site-content-layout":"full-width-container","site-content-style":"unboxed","site-sidebar-style":"unboxed","ast-global-header-display":"","ast-banner-title-visibility":"","ast-main-header-display":"","ast-hfb-above-header-display":"","ast-hfb-below-header-display":"","ast-hfb-mobile-header-display":"","site-post-title":"disabled","ast-breadcrumbs-content":"","ast-featured-img":"disabled","footer-sml-layout":"","theme-transparent-header-meta":"","adv-header-id-meta":"","stick-header-meta":"","header-above-stick-meta":"","header-main-stick-meta":"","header-below-stick-meta":"","astra-migrate-meta-layouts":"set","ast-page-background-enabled":"default","ast-page-background-meta":{"desktop":{"background-color":"var(--ast-global-color-4)","background-image":"","background-repeat":"repeat","background-position":"center center","background-size":"auto","background-attachment":"scroll","background-type":"","background-media":"","overlay-type":"","overlay-color":"","overlay-opacity":"","overlay-gradient":""},"tablet":{"background-color":"","background-image":"","background-repeat":"repeat","background-position":"center center","background-size":"auto","background-attachment":"scroll","background-type":"","background-media":"","overlay-type":"","overlay-color":"","overlay-opacity":"","overlay-gradient":""},"mobile":{"background-color":"","background-image":"","background-repeat":"repeat","background-position":"center center","background-size":"auto","background-attachment":"scroll","background-type":"","background-media":"","overlay-type":"","overlay-color":"","overlay-opacity":"","overlay-gradient":""}},"ast-content-background-meta":{"desktop":{"background-color":"var(--ast-global-color-5)","background-image":"","background-repeat":"repeat","background-position":"center center","background-size":"auto","background-attachment":"scroll","background-type":"","background-media":"","overlay-type":"","overlay-color":"","overlay-opacity":"","overlay-gradient":""},"tablet":{"background-color":"var(--ast-global-color-5)","background-image":"","background-repeat":"repeat","background-position":"center center","background-size":"auto","background-attachment":"scroll","background-type":"","background-media":"","overlay-type":"","overlay-color":"","overlay-opacity":"","overlay-gradient":""},"mobile":{"background-color":"var(--ast-global-color-5)","background-image":"","background-repeat":"repeat","background-position":"center center","background-size":"auto","background-attachment":"scroll","background-type":"","background-media":"","overlay-type":"","overlay-color":"","overlay-opacity":"","overlay-gradient":""}},"footnotes":""},"class_list":["post-1418","page","type-page","status-publish","hentry"],"yoast_head":"<!-- This site is optimized with the Yoast SEO plugin v27.4 - https:\/\/yoast.com\/product\/yoast-seo-wordpress\/ -->\n<title>Dr. Cristina Bostan, Ophtalmologue- Clinique VisionPros<\/title>\n<meta name=\"description\" content=\"Dans son travail clinique, Dr Bostan valorise le partenariat avec ses patients et leur satisfaction avant tout, et vise \u00e0 offrir des soins de la plus haute qualit\u00e9 \u00e0 chaque patient.\" \/>\n<meta name=\"robots\" content=\"index, follow, max-snippet:-1, max-image-preview:large, max-video-preview:-1\" \/>\n<link rel=\"canonical\" href=\"https:\/\/cliniquevisionpros.com\/fr\/dr-cristina-bostan-ophtalmologiste\/\" \/>\n<meta property=\"og:locale\" content=\"fr_FR\" \/>\n<meta property=\"og:type\" content=\"article\" \/>\n<meta property=\"og:title\" content=\"Dr. Cristina Bostan, Ophtalmologue- Clinique VisionPros\" \/>\n<meta property=\"og:description\" content=\"Dans son travail clinique, Dr Bostan valorise le partenariat avec ses patients et leur satisfaction avant tout, et vise \u00e0 offrir des soins de la plus haute qualit\u00e9 \u00e0 chaque patient.\" \/>\n<meta property=\"og:url\" content=\"https:\/\/cliniquevisionpros.com\/fr\/dr-cristina-bostan-ophtalmologiste\/\" \/>\n<meta property=\"og:site_name\" content=\"Clinique VisionPros\" \/>\n<meta property=\"article:modified_time\" content=\"2024-12-24T13:07:16+00:00\" \/>\n<meta property=\"og:image\" content=\"https:\/\/cliniquevisionpros.com\/wp-content\/uploads\/2024\/12\/images.jpg\" \/>\n\t<meta property=\"og:image:width\" content=\"463\" \/>\n\t<meta property=\"og:image:height\" content=\"662\" \/>\n\t<meta property=\"og:image:type\" content=\"image\/jpeg\" \/>\n<meta name=\"twitter:card\" content=\"summary_large_image\" \/>\n<meta name=\"twitter:label1\" content=\"Dur\u00e9e de lecture estim\u00e9e\" \/>\n\t<meta name=\"twitter:data1\" content=\"3 minutes\" \/>\n<script type=\"application\/ld+json\" class=\"yoast-schema-graph\">{\"@context\":\"https:\\\/\\\/schema.org\",\"@graph\":[{\"@type\":\"WebPage\",\"@id\":\"https:\\\/\\\/cliniquevisionpros.com\\\/fr\\\/dr-cristina-bostan-ophtalmologiste\\\/\",\"url\":\"https:\\\/\\\/cliniquevisionpros.com\\\/fr\\\/dr-cristina-bostan-ophtalmologiste\\\/\",\"name\":\"Dr. Cristina Bostan, Ophtalmologue- Clinique VisionPros\",\"isPartOf\":{\"@id\":\"https:\\\/\\\/cliniquevisionpros.com\\\/fr\\\/#website\"},\"primaryImageOfPage\":{\"@id\":\"https:\\\/\\\/cliniquevisionpros.com\\\/fr\\\/dr-cristina-bostan-ophtalmologiste\\\/#primaryimage\"},\"image\":{\"@id\":\"https:\\\/\\\/cliniquevisionpros.com\\\/fr\\\/dr-cristina-bostan-ophtalmologiste\\\/#primaryimage\"},\"thumbnailUrl\":\"https:\\\/\\\/cliniquevisionpros.com\\\/wp-content\\\/uploads\\\/2024\\\/12\\\/images.jpg\",\"datePublished\":\"2024-12-20T14:50:31+00:00\",\"dateModified\":\"2024-12-24T13:07:16+00:00\",\"description\":\"Dans son travail clinique, Dr Bostan valorise le partenariat avec ses patients et leur satisfaction avant tout, et vise \u00e0 offrir des soins de la plus haute qualit\u00e9 \u00e0 chaque patient.\",\"breadcrumb\":{\"@id\":\"https:\\\/\\\/cliniquevisionpros.com\\\/fr\\\/dr-cristina-bostan-ophtalmologiste\\\/#breadcrumb\"},\"inLanguage\":\"fr-FR\",\"potentialAction\":[{\"@type\":\"ReadAction\",\"target\":[\"https:\\\/\\\/cliniquevisionpros.com\\\/fr\\\/dr-cristina-bostan-ophtalmologiste\\\/\"]}]},{\"@type\":\"ImageObject\",\"inLanguage\":\"fr-FR\",\"@id\":\"https:\\\/\\\/cliniquevisionpros.com\\\/fr\\\/dr-cristina-bostan-ophtalmologiste\\\/#primaryimage\",\"url\":\"https:\\\/\\\/cliniquevisionpros.com\\\/wp-content\\\/uploads\\\/2024\\\/12\\\/images.jpg\",\"contentUrl\":\"https:\\\/\\\/cliniquevisionpros.com\\\/wp-content\\\/uploads\\\/2024\\\/12\\\/images.jpg\"},{\"@type\":\"BreadcrumbList\",\"@id\":\"https:\\\/\\\/cliniquevisionpros.com\\\/fr\\\/dr-cristina-bostan-ophtalmologiste\\\/#breadcrumb\",\"itemListElement\":[{\"@type\":\"ListItem\",\"position\":1,\"name\":\"Home\",\"item\":\"https:\\\/\\\/cliniquevisionpros.com\\\/fr\\\/\"},{\"@type\":\"ListItem\",\"position\":2,\"name\":\"Dr Cristina Bostan\"}]},{\"@type\":\"WebSite\",\"@id\":\"https:\\\/\\\/cliniquevisionpros.com\\\/fr\\\/#website\",\"url\":\"https:\\\/\\\/cliniquevisionpros.com\\\/fr\\\/\",\"name\":\"Clinique VisionPros\",\"description\":\"Ophthalmology clinic in Montreal\",\"publisher\":{\"@id\":\"https:\\\/\\\/cliniquevisionpros.com\\\/fr\\\/#organization\"},\"potentialAction\":[{\"@type\":\"SearchAction\",\"target\":{\"@type\":\"EntryPoint\",\"urlTemplate\":\"https:\\\/\\\/cliniquevisionpros.com\\\/fr\\\/?s={search_term_string}\"},\"query-input\":{\"@type\":\"PropertyValueSpecification\",\"valueRequired\":true,\"valueName\":\"search_term_string\"}}],\"inLanguage\":\"fr-FR\"},{\"@type\":\"Organization\",\"@id\":\"https:\\\/\\\/cliniquevisionpros.com\\\/fr\\\/#organization\",\"name\":\"Clinique Vision Pros\",\"url\":\"https:\\\/\\\/cliniquevisionpros.com\\\/fr\\\/\",\"logo\":{\"@type\":\"ImageObject\",\"inLanguage\":\"fr-FR\",\"@id\":\"https:\\\/\\\/cliniquevisionpros.com\\\/fr\\\/#\\\/schema\\\/logo\\\/image\\\/\",\"url\":\"https:\\\/\\\/cliniquevisionpros.com\\\/wp-content\\\/uploads\\\/2023\\\/08\\\/VISION_PROS_LOGO_FINAL_BLACK.svg\",\"contentUrl\":\"https:\\\/\\\/cliniquevisionpros.com\\\/wp-content\\\/uploads\\\/2023\\\/08\\\/VISION_PROS_LOGO_FINAL_BLACK.svg\",\"caption\":\"Clinique Vision Pros\"},\"image\":{\"@id\":\"https:\\\/\\\/cliniquevisionpros.com\\\/fr\\\/#\\\/schema\\\/logo\\\/image\\\/\"}}]}<\/script>\n<!-- \/ Yoast SEO plugin. -->","yoast_head_json":{"title":"Dr. Cristina Bostan, Ophtalmologue- Clinique VisionPros","description":"Dans son travail clinique, Dr Bostan valorise le partenariat avec ses patients et leur satisfaction avant tout, et vise \u00e0 offrir des soins de la plus haute qualit\u00e9 \u00e0 chaque patient.","robots":{"index":"index","follow":"follow","max-snippet":"max-snippet:-1","max-image-preview":"max-image-preview:large","max-video-preview":"max-video-preview:-1"},"canonical":"https:\/\/cliniquevisionpros.com\/fr\/dr-cristina-bostan-ophtalmologiste\/","og_locale":"fr_FR","og_type":"article","og_title":"Dr. Cristina Bostan, Ophtalmologue- Clinique VisionPros","og_description":"Dans son travail clinique, Dr Bostan valorise le partenariat avec ses patients et leur satisfaction avant tout, et vise \u00e0 offrir des soins de la plus haute qualit\u00e9 \u00e0 chaque patient.","og_url":"https:\/\/cliniquevisionpros.com\/fr\/dr-cristina-bostan-ophtalmologiste\/","og_site_name":"Clinique VisionPros","article_modified_time":"2024-12-24T13:07:16+00:00","og_image":[{"width":463,"height":662,"url":"https:\/\/cliniquevisionpros.com\/wp-content\/uploads\/2024\/12\/images.jpg","type":"image\/jpeg"}],"twitter_card":"summary_large_image","twitter_misc":{"Dur\u00e9e de lecture estim\u00e9e":"3 minutes"},"schema":{"@context":"https:\/\/schema.org","@graph":[{"@type":"WebPage","@id":"https:\/\/cliniquevisionpros.com\/fr\/dr-cristina-bostan-ophtalmologiste\/","url":"https:\/\/cliniquevisionpros.com\/fr\/dr-cristina-bostan-ophtalmologiste\/","name":"Dr. Cristina Bostan, Ophtalmologue- Clinique VisionPros","isPartOf":{"@id":"https:\/\/cliniquevisionpros.com\/fr\/#website"},"primaryImageOfPage":{"@id":"https:\/\/cliniquevisionpros.com\/fr\/dr-cristina-bostan-ophtalmologiste\/#primaryimage"},"image":{"@id":"https:\/\/cliniquevisionpros.com\/fr\/dr-cristina-bostan-ophtalmologiste\/#primaryimage"},"thumbnailUrl":"https:\/\/cliniquevisionpros.com\/wp-content\/uploads\/2024\/12\/images.jpg","datePublished":"2024-12-20T14:50:31+00:00","dateModified":"2024-12-24T13:07:16+00:00","description":"Dans son travail clinique, Dr Bostan valorise le partenariat avec ses patients et leur satisfaction avant tout, et vise \u00e0 offrir des soins de la plus haute qualit\u00e9 \u00e0 chaque patient.","breadcrumb":{"@id":"https:\/\/cliniquevisionpros.com\/fr\/dr-cristina-bostan-ophtalmologiste\/#breadcrumb"},"inLanguage":"fr-FR","potentialAction":[{"@type":"ReadAction","target":["https:\/\/cliniquevisionpros.com\/fr\/dr-cristina-bostan-ophtalmologiste\/"]}]},{"@type":"ImageObject","inLanguage":"fr-FR","@id":"https:\/\/cliniquevisionpros.com\/fr\/dr-cristina-bostan-ophtalmologiste\/#primaryimage","url":"https:\/\/cliniquevisionpros.com\/wp-content\/uploads\/2024\/12\/images.jpg","contentUrl":"https:\/\/cliniquevisionpros.com\/wp-content\/uploads\/2024\/12\/images.jpg"},{"@type":"BreadcrumbList","@id":"https:\/\/cliniquevisionpros.com\/fr\/dr-cristina-bostan-ophtalmologiste\/#breadcrumb","itemListElement":[{"@type":"ListItem","position":1,"name":"Home","item":"https:\/\/cliniquevisionpros.com\/fr\/"},{"@type":"ListItem","position":2,"name":"Dr Cristina Bostan"}]},{"@type":"WebSite","@id":"https:\/\/cliniquevisionpros.com\/fr\/#website","url":"https:\/\/cliniquevisionpros.com\/fr\/","name":"Clinique VisionPros","description":"Ophthalmology clinic in Montreal","publisher":{"@id":"https:\/\/cliniquevisionpros.com\/fr\/#organization"},"potentialAction":[{"@type":"SearchAction","target":{"@type":"EntryPoint","urlTemplate":"https:\/\/cliniquevisionpros.com\/fr\/?s={search_term_string}"},"query-input":{"@type":"PropertyValueSpecification","valueRequired":true,"valueName":"search_term_string"}}],"inLanguage":"fr-FR"},{"@type":"Organization","@id":"https:\/\/cliniquevisionpros.com\/fr\/#organization","name":"Clinique Vision Pros","url":"https:\/\/cliniquevisionpros.com\/fr\/","logo":{"@type":"ImageObject","inLanguage":"fr-FR","@id":"https:\/\/cliniquevisionpros.com\/fr\/#\/schema\/logo\/image\/","url":"https:\/\/cliniquevisionpros.com\/wp-content\/uploads\/2023\/08\/VISION_PROS_LOGO_FINAL_BLACK.svg","contentUrl":"https:\/\/cliniquevisionpros.com\/wp-content\/uploads\/2023\/08\/VISION_PROS_LOGO_FINAL_BLACK.svg","caption":"Clinique Vision Pros"},"image":{"@id":"https:\/\/cliniquevisionpros.com\/fr\/#\/schema\/logo\/image\/"}}]}},"_links":{"self":[{"href":"https:\/\/cliniquevisionpros.com\/fr\/wp-json\/wp\/v2\/pages\/1418","targetHints":{"allow":["GET"]}}],"collection":[{"href":"https:\/\/cliniquevisionpros.com\/fr\/wp-json\/wp\/v2\/pages"}],"about":[{"href":"https:\/\/cliniquevisionpros.com\/fr\/wp-json\/wp\/v2\/types\/page"}],"author":[{"embeddable":true,"href":"https:\/\/cliniquevisionpros.com\/fr\/wp-json\/wp\/v2\/users\/2"}],"replies":[{"embeddable":true,"href":"https:\/\/cliniquevisionpros.com\/fr\/wp-json\/wp\/v2\/comments?post=1418"}],"version-history":[{"count":0,"href":"https:\/\/cliniquevisionpros.com\/fr\/wp-json\/wp\/v2\/pages\/1418\/revisions"}],"wp:attachment":[{"href":"https:\/\/cliniquevisionpros.com\/fr\/wp-json\/wp\/v2\/media?parent=1418"}],"curies":[{"name":"wp","href":"https:\/\/api.w.org\/{rel}","templated":true}]}}