{"id":1200,"date":"2024-07-05T08:07:20","date_gmt":"2024-07-05T13:07:20","guid":{"rendered":"https:\/\/cliniquevisionpros.com\/?page_id=1200"},"modified":"2025-07-18T14:59:21","modified_gmt":"2025-07-18T19:59:21","slug":"radiofrequence-yeux-secs","status":"publish","type":"page","link":"https:\/\/cliniquevisionpros.com\/fr\/radiofrequence-yeux-secs\/","title":{"rendered":"Traitement de la s\u00e9cheresse oculaire &#8211; RF"},"content":{"rendered":"\t\t<div data-elementor-type=\"wp-page\" data-elementor-id=\"1200\" class=\"elementor elementor-1200 elementor-1199\" data-elementor-post-type=\"page\">\n\t\t\t\t<div class=\"elementor-element elementor-element-0c17099 e-con-full e-flex e-con e-parent\" data-id=\"0c17099\" data-element_type=\"container\" data-e-type=\"container\" data-settings=\"{&quot;background_background&quot;:&quot;classic&quot;}\">\n\t\t<div class=\"elementor-element elementor-element-8bd1b53 e-con-full e-flex e-con e-child\" data-id=\"8bd1b53\" data-element_type=\"container\" data-e-type=\"container\" data-settings=\"{&quot;background_background&quot;:&quot;classic&quot;}\">\n\t\t\t\t<\/div>\n\t\t<div class=\"elementor-element elementor-element-b370234 e-con-full e-flex e-con e-child\" data-id=\"b370234\" data-element_type=\"container\" data-e-type=\"container\" data-settings=\"{&quot;background_background&quot;:&quot;classic&quot;}\">\n\t\t\t\t<div class=\"elementor-element elementor-element-9bda071 elementor-widget elementor-widget-heading\" data-id=\"9bda071\" data-element_type=\"widget\" data-e-type=\"widget\" data-widget_type=\"heading.default\">\n\t\t\t\t\t\t<div class=\"elementor-widget-container\">\n\t\t\t\t\t<h1 class=\"elementor-heading-title elementor-size-default\">RF pour la s\u00e9cheresse oculaire \u00e0 Montr\u00e9al<\/h1>\t\t\t\t<\/div>\n\t\t\t\t<\/div>\n\t\t\t\t<div class=\"elementor-element elementor-element-fcd8265 elementor-widget elementor-widget-heading\" data-id=\"fcd8265\" data-element_type=\"widget\" data-e-type=\"widget\" data-widget_type=\"heading.default\">\n\t\t\t\t\t\t<div class=\"elementor-widget-container\">\n\t\t\t\t\t<h2 class=\"elementor-heading-title elementor-size-default\">B\u00e9n\u00e9ficiez d'un confort durable gr\u00e2ce \u00e0 la <span style=\"font-weight:400\">th\u00e9rapie par radiofr\u00e9quence<\/span>\n  <\/h2>\t\t\t\t<\/div>\n\t\t\t\t<\/div>\n\t\t\t\t<div class=\"elementor-element elementor-element-3b44144 elementor-widget elementor-widget-text-editor\" data-id=\"3b44144\" data-element_type=\"widget\" data-e-type=\"widget\" data-widget_type=\"text-editor.default\">\n\t\t\t\t\t\t<div class=\"elementor-widget-container\">\n\t\t\t\t\t\t\t\t\t<p><span style=\"font-weight: 400;\">D\u00e9couvrez comment la th\u00e9rapie par radiofr\u00e9quence cible la s\u00e9cheresse oculaire et apporte un soulagement efficace et durable.<\/span><\/p>\t\t\t\t\t\t\t\t<\/div>\n\t\t\t\t<\/div>\n\t\t\t\t<div class=\"elementor-element elementor-element-e9daaef elementor-tablet-align-center elementor-widget elementor-widget-button\" data-id=\"e9daaef\" data-element_type=\"widget\" data-e-type=\"widget\" data-widget_type=\"button.default\">\n\t\t\t\t\t\t<div class=\"elementor-widget-container\">\n\t\t\t\t\t\t\t\t\t<div class=\"elementor-button-wrapper\">\n\t\t\t\t\t<a class=\"elementor-button elementor-button-link elementor-size-sm\" href=\"https:\/\/cliniquevisionpros.com\/fr\/prendre-rendez-vous\/\">\n\t\t\t\t\t\t<span class=\"elementor-button-content-wrapper\">\n\t\t\t\t\t\t<span class=\"elementor-button-icon\">\n\t\t\t\t<i aria-hidden=\"true\" class=\"fas fa-arrow-right\"><\/i>\t\t\t<\/span>\n\t\t\t\t\t\t\t\t\t<span class=\"elementor-button-text\">Prendre rendez-vous<\/span>\n\t\t\t\t\t<\/span>\n\t\t\t\t\t<\/a>\n\t\t\t\t<\/div>\n\t\t\t\t\t\t\t\t<\/div>\n\t\t\t\t<\/div>\n\t\t\t\t<\/div>\n\t\t\t\t<\/div>\n\t\t<div class=\"elementor-element elementor-element-a427a2b e-flex e-con-boxed e-con e-parent\" data-id=\"a427a2b\" data-element_type=\"container\" data-e-type=\"container\" data-settings=\"{&quot;background_background&quot;:&quot;classic&quot;}\">\n\t\t\t\t\t<div class=\"e-con-inner\">\n\t\t<div class=\"elementor-element elementor-element-ba891ff e-con-full e-flex e-con e-child\" data-id=\"ba891ff\" data-element_type=\"container\" data-e-type=\"container\" data-settings=\"{&quot;background_background&quot;:&quot;classic&quot;}\">\n\t\t\t\t<div class=\"elementor-element elementor-element-325852a elementor-widget elementor-widget-text-editor\" data-id=\"325852a\" data-element_type=\"widget\" data-e-type=\"widget\" data-widget_type=\"text-editor.default\">\n\t\t\t\t\t\t<div class=\"elementor-widget-container\">\n\t\t\t\t\t\t\t\t\t<p><span style=\"font-weight: 400;\">Supporter les sympt\u00f4mes du syndrome de l&rsquo;\u0153il sec peut s&rsquo;av\u00e9rer extr\u00eamement difficile. La g\u00eane permanente, les rougeurs et la sensation de gr\u00e9sillement dans les yeux peuvent avoir un impact important sur votre vie quotidienne. Qu&rsquo;il s&rsquo;agisse de difficult\u00e9s \u00e0 se concentrer sur un \u00e9cran, \u00e0 lire ou \u00e0 profiter d&rsquo;activit\u00e9s de plein air, la s\u00e9cheresse oculaire peut rendre ces moments moins agr\u00e9ables et plus douloureux.<\/span><\/p><p><span style=\"font-weight: 400;\">La th\u00e9rapie par radiofr\u00e9quence (RF) offre une solution innovante et efficace \u00e0 ces probl\u00e8mes persistants. En s&rsquo;attaquant aux causes profondes, telles que le dysfonctionnement des glandes de Meibomius, la th\u00e9rapie par radiofr\u00e9quence r\u00e9duit les sympt\u00f4mes et apporte un soulagement durable. Ce traitement de pointe est de plus en plus reconnu pour son efficacit\u00e9 \u00e0 apporter un confort \u00e0 long terme aux personnes souffrant du syndrome de l&rsquo;\u0153il sec.<\/span><\/p>\t\t\t\t\t\t\t\t<\/div>\n\t\t\t\t<\/div>\n\t\t\t\t<div class=\"elementor-element elementor-element-fb94550 elementor-widget elementor-widget-html\" data-id=\"fb94550\" data-element_type=\"widget\" data-e-type=\"widget\" data-widget_type=\"html.default\">\n\t\t\t\t\t\t<div class=\"elementor-widget-container\">\n\t\t\t\t\t<iframe width=\"560\" height=\"540\" src=\"https:\/\/www.youtube.com\/embed\/F6C4RUxolLw?si=XiMg-A24m6c3w_RK\" title=\"Lecteur vid\u00e9o YouTube\" frameborder=\"0\" allow=\"accelerometer; autoplay; clipboard-write; encrypted-media; gyroscope; picture-in-picture; web-share\" referrerpolicy=\"strict-origin-when-cross-origin\" allowfullscreen=\"\"><\/iframe>\t\t\t\t<\/div>\n\t\t\t\t<\/div>\n\t\t\t\t<div class=\"elementor-element elementor-element-e82a12b elementor-widget elementor-widget-text-editor\" data-id=\"e82a12b\" data-element_type=\"widget\" data-e-type=\"widget\" data-widget_type=\"text-editor.default\">\n\t\t\t\t\t\t<div class=\"elementor-widget-container\">\n\t\t\t\t\t\t\t\t\t<p>Source : InMode <b>\u00a9<\/b><\/p>\t\t\t\t\t\t\t\t<\/div>\n\t\t\t\t<\/div>\n\t\t\t\t<\/div>\n\t\t\t\t\t<\/div>\n\t\t\t\t<\/div>\n\t\t<div class=\"elementor-element elementor-element-5355775 e-con-full e-flex e-con e-parent\" data-id=\"5355775\" data-element_type=\"container\" data-e-type=\"container\" data-settings=\"{&quot;background_background&quot;:&quot;classic&quot;}\">\n\t\t<div class=\"elementor-element elementor-element-2ceef81 e-con-full e-flex e-con e-child\" data-id=\"2ceef81\" data-element_type=\"container\" data-e-type=\"container\" data-settings=\"{&quot;background_background&quot;:&quot;classic&quot;}\">\n\t\t\t\t<div class=\"elementor-element elementor-element-6f95382 elementor-widget elementor-widget-heading\" data-id=\"6f95382\" data-element_type=\"widget\" data-e-type=\"widget\" data-widget_type=\"heading.default\">\n\t\t\t\t\t\t<div class=\"elementor-widget-container\">\n\t\t\t\t\t<h2 class=\"elementor-heading-title elementor-size-default\">Qu'est-ce que la <span style=\"font-weight:400\">th\u00e9rapie par radiofr\u00e9quence<\/span>?\n<\/h2>\t\t\t\t<\/div>\n\t\t\t\t<\/div>\n\t\t\t\t<div class=\"elementor-element elementor-element-03dece8 elementor-widget elementor-widget-text-editor\" data-id=\"03dece8\" data-element_type=\"widget\" data-e-type=\"widget\" data-widget_type=\"text-editor.default\">\n\t\t\t\t\t\t<div class=\"elementor-widget-container\">\n\t\t\t\t\t\t\t\t\t<p><span style=\"font-weight: 400;\">La th\u00e9rapie par radiofr\u00e9quence (RF) est un traitement de pointe con\u00e7u pour lutter contre le syndrome de l&rsquo;\u0153il sec, particuli\u00e8rement efficace pour les personnes souffrant d&rsquo;un dysfonctionnement des glandes de Meibomius (MGD). La th\u00e9rapie par radiofr\u00e9quence utilise une chaleur contr\u00f4l\u00e9e pour traiter les causes sous-jacentes de la s\u00e9cheresse oculaire.<\/span><\/p><p><span style=\"font-weight: 400;\">Au cours d&rsquo;une s\u00e9ance de RF, une chaleur contr\u00f4l\u00e9e est appliqu\u00e9e \u00e0 la peau du contour des yeux. Cette chaleur p\u00e9n\u00e8tre dans la peau et stimule les glandes de Meibomius pour qu&rsquo;elles produisent des huiles de meilleure qualit\u00e9. Ce processus permet de maintenir un film lacrymal stable, essentiel pour r\u00e9duire l&rsquo;\u00e9vaporation des larmes et soulager les sympt\u00f4mes de la s\u00e9cheresse oculaire.<\/span><\/p>\t\t\t\t\t\t\t\t<\/div>\n\t\t\t\t<\/div>\n\t\t\t\t<\/div>\n\t\t<div class=\"elementor-element elementor-element-a8a20eb e-con-full e-flex e-con e-child\" data-id=\"a8a20eb\" data-element_type=\"container\" data-e-type=\"container\" data-settings=\"{&quot;background_background&quot;:&quot;classic&quot;}\">\n\t\t\t\t<div class=\"elementor-element elementor-element-caa0b14 elementor-widget elementor-widget-image\" data-id=\"caa0b14\" data-element_type=\"widget\" data-e-type=\"widget\" data-widget_type=\"image.default\">\n\t\t\t\t\t\t<div class=\"elementor-widget-container\">\n\t\t\t\t\t\t\t\t\t\t\t\t\t\t\t<img fetchpriority=\"high\" decoding=\"async\" width=\"1024\" height=\"683\" src=\"https:\/\/cliniquevisionpros.com\/wp-content\/uploads\/2025\/07\/VisionPros-2-1024x683.jpg\" class=\"attachment-large size-large wp-image-1516\" alt=\"\" srcset=\"https:\/\/cliniquevisionpros.com\/wp-content\/uploads\/2025\/07\/VisionPros-2-1024x683.jpg 1024w, https:\/\/cliniquevisionpros.com\/wp-content\/uploads\/2025\/07\/VisionPros-2-300x200.jpg 300w, https:\/\/cliniquevisionpros.com\/wp-content\/uploads\/2025\/07\/VisionPros-2-768x512.jpg 768w, https:\/\/cliniquevisionpros.com\/wp-content\/uploads\/2025\/07\/VisionPros-2-1536x1024.jpg 1536w, https:\/\/cliniquevisionpros.com\/wp-content\/uploads\/2025\/07\/VisionPros-2-scaled.jpg 1920w\" sizes=\"(max-width: 1024px) 100vw, 1024px\" \/>\t\t\t\t\t\t\t\t\t\t\t\t\t\t\t<\/div>\n\t\t\t\t<\/div>\n\t\t\t\t<\/div>\n\t\t\t\t<\/div>\n\t\t<div class=\"elementor-element elementor-element-0dab64e e-con-full e-flex e-con e-parent\" data-id=\"0dab64e\" data-element_type=\"container\" data-e-type=\"container\" data-settings=\"{&quot;background_background&quot;:&quot;classic&quot;}\">\n\t\t<div class=\"elementor-element elementor-element-cff4524 e-con-full e-flex e-con e-child\" data-id=\"cff4524\" data-element_type=\"container\" data-e-type=\"container\" data-settings=\"{&quot;background_background&quot;:&quot;classic&quot;}\">\n\t\t\t\t<div class=\"elementor-element elementor-element-6b396d5 elementor-widget elementor-widget-image\" data-id=\"6b396d5\" data-element_type=\"widget\" data-e-type=\"widget\" data-widget_type=\"image.default\">\n\t\t\t\t\t\t<div class=\"elementor-widget-container\">\n\t\t\t\t\t\t\t\t\t\t\t\t\t\t\t<img decoding=\"async\" width=\"894\" height=\"1024\" src=\"https:\/\/cliniquevisionpros.com\/wp-content\/uploads\/2024\/07\/AdobeStock_73579118-894x1024.jpeg\" class=\"attachment-large size-large wp-image-1216\" alt=\"\" srcset=\"https:\/\/cliniquevisionpros.com\/wp-content\/uploads\/2024\/07\/AdobeStock_73579118-894x1024.jpeg 894w, https:\/\/cliniquevisionpros.com\/wp-content\/uploads\/2024\/07\/AdobeStock_73579118-262x300.jpeg 262w, https:\/\/cliniquevisionpros.com\/wp-content\/uploads\/2024\/07\/AdobeStock_73579118-768x879.jpeg 768w, https:\/\/cliniquevisionpros.com\/wp-content\/uploads\/2024\/07\/AdobeStock_73579118-1342x1536.jpeg 1342w, https:\/\/cliniquevisionpros.com\/wp-content\/uploads\/2024\/07\/AdobeStock_73579118-1789x2048.jpeg 1789w, https:\/\/cliniquevisionpros.com\/wp-content\/uploads\/2024\/07\/AdobeStock_73579118-scaled.jpeg 1920w\" sizes=\"(max-width: 894px) 100vw, 894px\" \/>\t\t\t\t\t\t\t\t\t\t\t\t\t\t\t<\/div>\n\t\t\t\t<\/div>\n\t\t\t\t<\/div>\n\t\t<div class=\"elementor-element elementor-element-e438668 e-con-full e-flex e-con e-child\" data-id=\"e438668\" data-element_type=\"container\" data-e-type=\"container\" data-settings=\"{&quot;background_background&quot;:&quot;classic&quot;}\">\n\t\t\t\t<div class=\"elementor-element elementor-element-0adcb8c elementor-widget elementor-widget-heading\" data-id=\"0adcb8c\" data-element_type=\"widget\" data-e-type=\"widget\" data-widget_type=\"heading.default\">\n\t\t\t\t\t\t<div class=\"elementor-widget-container\">\n\t\t\t\t\t<h2 class=\"elementor-heading-title elementor-size-default\">Quels sont les <span style=\"font-weight:400\">avantages <\/span> de la radiofr\u00e9quence pour les yeux secs ?<\/h2>\t\t\t\t<\/div>\n\t\t\t\t<\/div>\n\t\t\t\t<div class=\"elementor-element elementor-element-52813cc elementor-widget elementor-widget-text-editor\" data-id=\"52813cc\" data-element_type=\"widget\" data-e-type=\"widget\" data-widget_type=\"text-editor.default\">\n\t\t\t\t\t\t<div class=\"elementor-widget-container\">\n\t\t\t\t\t\t\t\t\t<p><span style=\"font-weight: 400;\">La th\u00e9rapie par radiofr\u00e9quence (RF) offre de nombreux avantages aux personnes souffrant du syndrome de l&rsquo;\u0153il sec :<\/span><\/p>\t\t\t\t\t\t\t\t<\/div>\n\t\t\t\t<\/div>\n\t\t\t\t<div class=\"elementor-element elementor-element-3e61db5 elementor-icon-list--layout-traditional elementor-list-item-link-full_width elementor-widget elementor-widget-icon-list\" data-id=\"3e61db5\" data-element_type=\"widget\" data-e-type=\"widget\" data-widget_type=\"icon-list.default\">\n\t\t\t\t\t\t<div class=\"elementor-widget-container\">\n\t\t\t\t\t\t\t<ul class=\"elementor-icon-list-items\">\n\t\t\t\t\t\t\t<li class=\"elementor-icon-list-item\">\n\t\t\t\t\t\t\t\t\t\t\t<span class=\"elementor-icon-list-icon\">\n\t\t\t\t\t\t\t<svg xmlns=\"http:\/\/www.w3.org\/2000\/svg\" width=\"46.933\" height=\"34.859\" viewBox=\"0 0 46.933 34.859\"><ellipse id=\"Ellipse_4\" data-name=\"Ellipse 4\" cx=\"21.17\" cy=\"10.245\" rx=\"21.17\" ry=\"10.245\" transform=\"translate(0 15.861) rotate(-22)\" fill=\"#81d6d6\"><\/ellipse><\/svg>\t\t\t\t\t\t<\/span>\n\t\t\t\t\t\t\t\t\t\t<span class=\"elementor-icon-list-text\"><span style=\"font-weight:600\">R\u00e9duction de l'inflammation :<\/span> La th\u00e9rapie IPL cible et r\u00e9duit l'inflammation autour des glandes de Meibomius, une des causes principales de la s\u00e9cheresse oculaire.<\/span>\n\t\t\t\t\t\t\t\t\t<\/li>\n\t\t\t\t\t\t\t\t<li class=\"elementor-icon-list-item\">\n\t\t\t\t\t\t\t\t\t\t\t<span class=\"elementor-icon-list-icon\">\n\t\t\t\t\t\t\t<svg xmlns=\"http:\/\/www.w3.org\/2000\/svg\" width=\"46.933\" height=\"34.859\" viewBox=\"0 0 46.933 34.859\"><ellipse id=\"Ellipse_4\" data-name=\"Ellipse 4\" cx=\"21.17\" cy=\"10.245\" rx=\"21.17\" ry=\"10.245\" transform=\"translate(0 15.861) rotate(-22)\" fill=\"#81d6d6\"><\/ellipse><\/svg>\t\t\t\t\t\t<\/span>\n\t\t\t\t\t\t\t\t\t\t<span class=\"elementor-icon-list-text\"><span style=\"font-weight:600\">Am\u00e9liore le fonctionnement des glandes :<\/span> Am\u00e9liore la performance des glandes de Meibomius, essentielles \u00e0 la production de larmes de haute qualit\u00e9.<\/span>\n\t\t\t\t\t\t\t\t\t<\/li>\n\t\t\t\t\t\t\t\t<li class=\"elementor-icon-list-item\">\n\t\t\t\t\t\t\t\t\t\t\t<span class=\"elementor-icon-list-icon\">\n\t\t\t\t\t\t\t<svg xmlns=\"http:\/\/www.w3.org\/2000\/svg\" width=\"46.933\" height=\"34.859\" viewBox=\"0 0 46.933 34.859\"><ellipse id=\"Ellipse_4\" data-name=\"Ellipse 4\" cx=\"21.17\" cy=\"10.245\" rx=\"21.17\" ry=\"10.245\" transform=\"translate(0 15.861) rotate(-22)\" fill=\"#81d6d6\"><\/ellipse><\/svg>\t\t\t\t\t\t<\/span>\n\t\t\t\t\t\t\t\t\t\t<span class=\"elementor-icon-list-text\"><span style=\"font-weight:600\">Am\u00e9lioration de la qualit\u00e9 des larmes :<\/span> Une meilleure production de larmes permet une lubrification plus efficace des yeux.<\/span>\n\t\t\t\t\t\t\t\t\t<\/li>\n\t\t\t\t\t\t\t\t<li class=\"elementor-icon-list-item\">\n\t\t\t\t\t\t\t\t\t\t\t<span class=\"elementor-icon-list-icon\">\n\t\t\t\t\t\t\t<svg xmlns=\"http:\/\/www.w3.org\/2000\/svg\" width=\"46.933\" height=\"34.859\" viewBox=\"0 0 46.933 34.859\"><ellipse id=\"Ellipse_4\" data-name=\"Ellipse 4\" cx=\"21.17\" cy=\"10.245\" rx=\"21.17\" ry=\"10.245\" transform=\"translate(0 15.861) rotate(-22)\" fill=\"#81d6d6\"><\/ellipse><\/svg>\t\t\t\t\t\t<\/span>\n\t\t\t\t\t\t\t\t\t\t<span class=\"elementor-icon-list-text\"><span style=\"font-weight:600\">Confort accru :<\/span> La r\u00e9duction de la s\u00e9cheresse et de l'irritation permet des activit\u00e9s quotidiennes plus confortables.<\/span>\n\t\t\t\t\t\t\t\t\t<\/li>\n\t\t\t\t\t\t\t\t<li class=\"elementor-icon-list-item\">\n\t\t\t\t\t\t\t\t\t\t\t<span class=\"elementor-icon-list-icon\">\n\t\t\t\t\t\t\t<svg xmlns=\"http:\/\/www.w3.org\/2000\/svg\" width=\"46.933\" height=\"34.859\" viewBox=\"0 0 46.933 34.859\"><ellipse id=\"Ellipse_4\" data-name=\"Ellipse 4\" cx=\"21.17\" cy=\"10.245\" rx=\"21.17\" ry=\"10.245\" transform=\"translate(0 15.861) rotate(-22)\" fill=\"#81d6d6\"><\/ellipse><\/svg>\t\t\t\t\t\t<\/span>\n\t\t\t\t\t\t\t\t\t\t<span class=\"elementor-icon-list-text\"><span style=\"font-weight:600\">Proc\u00e9dure non invasive :<\/span> Un traitement confortable et rapide avec un temps d'arr\u00eat minimal.<\/span>\n\t\t\t\t\t\t\t\t\t<\/li>\n\t\t\t\t\t\t\t\t<li class=\"elementor-icon-list-item\">\n\t\t\t\t\t\t\t\t\t\t\t<span class=\"elementor-icon-list-icon\">\n\t\t\t\t\t\t\t<svg xmlns=\"http:\/\/www.w3.org\/2000\/svg\" width=\"46.933\" height=\"34.859\" viewBox=\"0 0 46.933 34.859\"><ellipse id=\"Ellipse_4\" data-name=\"Ellipse 4\" cx=\"21.17\" cy=\"10.245\" rx=\"21.17\" ry=\"10.245\" transform=\"translate(0 15.861) rotate(-22)\" fill=\"#81d6d6\"><\/ellipse><\/svg>\t\t\t\t\t\t<\/span>\n\t\t\t\t\t\t\t\t\t\t<span class=\"elementor-icon-list-text\"><span style=\"font-weight:600\">Soulagement durable :<\/span> Les patients ressentent souvent un soulagement significatif et durable des sympt\u00f4mes de la s\u00e9cheresse oculaire.<\/span>\n\t\t\t\t\t\t\t\t\t<\/li>\n\t\t\t\t\t\t<\/ul>\n\t\t\t\t\t\t<\/div>\n\t\t\t\t<\/div>\n\t\t\t\t<div class=\"elementor-element elementor-element-c5d1af2 elementor-widget elementor-widget-text-editor\" data-id=\"c5d1af2\" data-element_type=\"widget\" data-e-type=\"widget\" data-widget_type=\"text-editor.default\">\n\t\t\t\t\t\t<div class=\"elementor-widget-container\">\n\t\t\t\t\t\t\t\t\t<p><span style=\"font-weight: 400;\">Le choix de la th\u00e9rapie par radiofr\u00e9quence peut entra\u00eener des am\u00e9liorations substantielles de la sant\u00e9 oculaire et de la qualit\u00e9 de vie en g\u00e9n\u00e9ral, ce qui en fait une option tr\u00e8s efficace pour la prise en charge de la s\u00e9cheresse occulaire.<\/span><\/p>\t\t\t\t\t\t\t\t<\/div>\n\t\t\t\t<\/div>\n\t\t\t\t<\/div>\n\t\t\t\t<\/div>\n\t\t<div class=\"elementor-element elementor-element-a1b8a8b e-flex e-con-boxed e-con e-parent\" data-id=\"a1b8a8b\" data-element_type=\"container\" data-e-type=\"container\" data-settings=\"{&quot;background_background&quot;:&quot;classic&quot;}\">\n\t\t\t\t\t<div class=\"e-con-inner\">\n\t\t<div class=\"elementor-element elementor-element-e3109c1 e-con-full e-flex e-con e-child\" data-id=\"e3109c1\" data-element_type=\"container\" data-e-type=\"container\" data-settings=\"{&quot;background_background&quot;:&quot;classic&quot;}\">\n\t\t\t\t<div class=\"elementor-element elementor-element-eeaae35 elementor-widget elementor-widget-heading\" data-id=\"eeaae35\" data-element_type=\"widget\" data-e-type=\"widget\" data-widget_type=\"heading.default\">\n\t\t\t\t\t\t<div class=\"elementor-widget-container\">\n\t\t\t\t\t<h2 class=\"elementor-heading-title elementor-size-default\">Qui peut b\u00e9n\u00e9ficier de la <span style=\"font-weight:400\">th\u00e9rapie par radiofr\u00e9quence<\/span>?<\/h2>\t\t\t\t<\/div>\n\t\t\t\t<\/div>\n\t\t\t\t<div class=\"elementor-element elementor-element-7b0435b elementor-widget elementor-widget-text-editor\" data-id=\"7b0435b\" data-element_type=\"widget\" data-e-type=\"widget\" data-widget_type=\"text-editor.default\">\n\t\t\t\t\t\t<div class=\"elementor-widget-container\">\n\t\t\t\t\t\t\t\t\t<p><span style=\"font-weight: 400;\">La th\u00e9rapie par radiofr\u00e9quence (RF) est bien adapt\u00e9e aux personnes souffrant de s\u00e9cheresse occulaire, en particulier celles qui pr\u00e9sentent un dysfonctionnement des glandes de Meibomius (MGD). Il s&rsquo;agit d&rsquo;une option efficace pour les personnes qui n&rsquo;ont pas \u00e9t\u00e9 soulag\u00e9es par les traitements traditionnels.<\/span><\/p><p><b>Vous \u00eates peut-\u00eatre un candidat id\u00e9al si vous :<\/b><span style=\"font-weight: 400;\"><br><\/span><\/p>\t\t\t\t\t\t\t\t<\/div>\n\t\t\t\t<\/div>\n\t\t\t\t<div class=\"elementor-element elementor-element-1148352 elementor-icon-list--layout-traditional elementor-list-item-link-full_width elementor-widget elementor-widget-icon-list\" data-id=\"1148352\" data-element_type=\"widget\" data-e-type=\"widget\" data-widget_type=\"icon-list.default\">\n\t\t\t\t\t\t<div class=\"elementor-widget-container\">\n\t\t\t\t\t\t\t<ul class=\"elementor-icon-list-items\">\n\t\t\t\t\t\t\t<li class=\"elementor-icon-list-item\">\n\t\t\t\t\t\t\t\t\t\t\t<span class=\"elementor-icon-list-icon\">\n\t\t\t\t\t\t\t<svg xmlns=\"http:\/\/www.w3.org\/2000\/svg\" width=\"46.933\" height=\"34.859\" viewBox=\"0 0 46.933 34.859\"><ellipse id=\"Ellipse_4\" data-name=\"Ellipse 4\" cx=\"21.17\" cy=\"10.245\" rx=\"21.17\" ry=\"10.245\" transform=\"translate(0 15.861) rotate(-22)\" fill=\"#81d6d6\"><\/ellipse><\/svg>\t\t\t\t\t\t<\/span>\n\t\t\t\t\t\t\t\t\t\t<span class=\"elementor-icon-list-text\">Pr\u00e9sentez des sympt\u00f4mes chroniques de s\u00e9cheresse oculaire<\/span>\n\t\t\t\t\t\t\t\t\t<\/li>\n\t\t\t\t\t\t\t\t<li class=\"elementor-icon-list-item\">\n\t\t\t\t\t\t\t\t\t\t\t<span class=\"elementor-icon-list-icon\">\n\t\t\t\t\t\t\t<svg xmlns=\"http:\/\/www.w3.org\/2000\/svg\" width=\"46.933\" height=\"34.859\" viewBox=\"0 0 46.933 34.859\"><ellipse id=\"Ellipse_4\" data-name=\"Ellipse 4\" cx=\"21.17\" cy=\"10.245\" rx=\"21.17\" ry=\"10.245\" transform=\"translate(0 15.861) rotate(-22)\" fill=\"#81d6d6\"><\/ellipse><\/svg>\t\t\t\t\t\t<\/span>\n\t\t\t\t\t\t\t\t\t\t<span class=\"elementor-icon-list-text\">Avez \u00e9t\u00e9 diagnostiqu\u00e9 avec un dysfonctionnement des glandes de Meibomius.<\/span>\n\t\t\t\t\t\t\t\t\t<\/li>\n\t\t\t\t\t\t\t\t<li class=\"elementor-icon-list-item\">\n\t\t\t\t\t\t\t\t\t\t\t<span class=\"elementor-icon-list-icon\">\n\t\t\t\t\t\t\t<svg xmlns=\"http:\/\/www.w3.org\/2000\/svg\" width=\"46.933\" height=\"34.859\" viewBox=\"0 0 46.933 34.859\"><ellipse id=\"Ellipse_4\" data-name=\"Ellipse 4\" cx=\"21.17\" cy=\"10.245\" rx=\"21.17\" ry=\"10.245\" transform=\"translate(0 15.861) rotate(-22)\" fill=\"#81d6d6\"><\/ellipse><\/svg>\t\t\t\t\t\t<\/span>\n\t\t\t\t\t\t\t\t\t\t<span class=\"elementor-icon-list-text\">Vous recherchez une option de traitement non invasive<\/span>\n\t\t\t\t\t\t\t\t\t<\/li>\n\t\t\t\t\t\t\t\t<li class=\"elementor-icon-list-item\">\n\t\t\t\t\t\t\t\t\t\t\t<span class=\"elementor-icon-list-icon\">\n\t\t\t\t\t\t\t<svg xmlns=\"http:\/\/www.w3.org\/2000\/svg\" width=\"46.933\" height=\"34.859\" viewBox=\"0 0 46.933 34.859\"><ellipse id=\"Ellipse_4\" data-name=\"Ellipse 4\" cx=\"21.17\" cy=\"10.245\" rx=\"21.17\" ry=\"10.245\" transform=\"translate(0 15.861) rotate(-22)\" fill=\"#81d6d6\"><\/ellipse><\/svg>\t\t\t\t\t\t<\/span>\n\t\t\t\t\t\t\t\t\t\t<span class=\"elementor-icon-list-text\">Vous n'avez pas obtenu de r\u00e9sultats satisfaisants avec d'autres traitements<\/span>\n\t\t\t\t\t\t\t\t\t<\/li>\n\t\t\t\t\t\t<\/ul>\n\t\t\t\t\t\t<\/div>\n\t\t\t\t<\/div>\n\t\t\t\t<div class=\"elementor-element elementor-element-440d7ef elementor-widget elementor-widget-text-editor\" data-id=\"440d7ef\" data-element_type=\"widget\" data-e-type=\"widget\" data-widget_type=\"text-editor.default\">\n\t\t\t\t\t\t<div class=\"elementor-widget-container\">\n\t\t\t\t\t\t\t\t\t<p><b style=\"font-style: inherit; background-color: var( --e-global-color-astglobalcolor6 ); color: var(--ast-global-color-3);\">Vous devez envisager d&rsquo;autres options th\u00e9rapeutiques si vous :<\/b><\/p>\t\t\t\t\t\t\t\t<\/div>\n\t\t\t\t<\/div>\n\t\t\t\t<div class=\"elementor-element elementor-element-1f9d796 elementor-icon-list--layout-traditional elementor-list-item-link-full_width elementor-widget elementor-widget-icon-list\" data-id=\"1f9d796\" data-element_type=\"widget\" data-e-type=\"widget\" data-widget_type=\"icon-list.default\">\n\t\t\t\t\t\t<div class=\"elementor-widget-container\">\n\t\t\t\t\t\t\t<ul class=\"elementor-icon-list-items\">\n\t\t\t\t\t\t\t<li class=\"elementor-icon-list-item\">\n\t\t\t\t\t\t\t\t\t\t\t<span class=\"elementor-icon-list-icon\">\n\t\t\t\t\t\t\t<svg xmlns=\"http:\/\/www.w3.org\/2000\/svg\" width=\"46.933\" height=\"34.859\" viewBox=\"0 0 46.933 34.859\"><ellipse id=\"Ellipse_4\" data-name=\"Ellipse 4\" cx=\"21.17\" cy=\"10.245\" rx=\"21.17\" ry=\"10.245\" transform=\"translate(0 15.861) rotate(-22)\" fill=\"#81d6d6\"><\/ellipse><\/svg>\t\t\t\t\t\t<\/span>\n\t\t\t\t\t\t\t\t\t\t<span class=\"elementor-icon-list-text\">\u00cates enceinte ou vous allaitez<\/span>\n\t\t\t\t\t\t\t\t\t<\/li>\n\t\t\t\t\t\t\t\t<li class=\"elementor-icon-list-item\">\n\t\t\t\t\t\t\t\t\t\t\t<span class=\"elementor-icon-list-icon\">\n\t\t\t\t\t\t\t<svg xmlns=\"http:\/\/www.w3.org\/2000\/svg\" width=\"46.933\" height=\"34.859\" viewBox=\"0 0 46.933 34.859\"><ellipse id=\"Ellipse_4\" data-name=\"Ellipse 4\" cx=\"21.17\" cy=\"10.245\" rx=\"21.17\" ry=\"10.245\" transform=\"translate(0 15.861) rotate(-22)\" fill=\"#81d6d6\"><\/ellipse><\/svg>\t\t\t\t\t\t<\/span>\n\t\t\t\t\t\t\t\t\t\t<span class=\"elementor-icon-list-text\">Souffrez de certaines affections cutan\u00e9es - Veuillez consulter votre m\u00e9decin pour vous assurer que le traitement vous convient.<\/span>\n\t\t\t\t\t\t\t\t\t<\/li>\n\t\t\t\t\t\t\t\t<li class=\"elementor-icon-list-item\">\n\t\t\t\t\t\t\t\t\t\t\t<span class=\"elementor-icon-list-icon\">\n\t\t\t\t\t\t\t<svg xmlns=\"http:\/\/www.w3.org\/2000\/svg\" width=\"46.933\" height=\"34.859\" viewBox=\"0 0 46.933 34.859\"><ellipse id=\"Ellipse_4\" data-name=\"Ellipse 4\" cx=\"21.17\" cy=\"10.245\" rx=\"21.17\" ry=\"10.245\" transform=\"translate(0 15.861) rotate(-22)\" fill=\"#81d6d6\"><\/ellipse><\/svg>\t\t\t\t\t\t<\/span>\n\t\t\t\t\t\t\t\t\t\t<span class=\"elementor-icon-list-text\">Avez des ant\u00e9c\u00e9dents de r\u00e9actions cutan\u00e9es graves aux traitements lumineux.<\/span>\n\t\t\t\t\t\t\t\t\t<\/li>\n\t\t\t\t\t\t<\/ul>\n\t\t\t\t\t\t<\/div>\n\t\t\t\t<\/div>\n\t\t\t\t<div class=\"elementor-element elementor-element-331d34d elementor-widget elementor-widget-text-editor\" data-id=\"331d34d\" data-element_type=\"widget\" data-e-type=\"widget\" data-widget_type=\"text-editor.default\">\n\t\t\t\t\t\t<div class=\"elementor-widget-container\">\n\t\t\t\t\t\t\t\t\t<p><span style=\"font-style: inherit; background-color: var( --e-global-color-astglobalcolor6 ); color: var(--ast-global-color-3);\">Une consultation est n\u00e9cessaire pour d\u00e9terminer si vous \u00eates un bon candidat pour la RF, car il existe certaines contre-indications. Si vous r\u00e9pondez \u00e0 ces crit\u00e8res, vous pouvez b\u00e9n\u00e9ficier d&rsquo;un soulagement significatif et d&rsquo;une am\u00e9lioration de la sant\u00e9 oculaire gr\u00e2ce \u00e0 la th\u00e9rapie par radiofr\u00e9quence.<\/span><\/p>\t\t\t\t\t\t\t\t<\/div>\n\t\t\t\t<\/div>\n\t\t\t\t<\/div>\n\t\t\t\t\t<\/div>\n\t\t\t\t<\/div>\n\t\t<div class=\"elementor-element elementor-element-87f4aa7 e-flex e-con-boxed e-con e-parent\" data-id=\"87f4aa7\" data-element_type=\"container\" data-e-type=\"container\" data-settings=\"{&quot;background_background&quot;:&quot;classic&quot;}\">\n\t\t\t\t\t<div class=\"e-con-inner\">\n\t\t<div class=\"elementor-element elementor-element-6ba3aa0 e-con-full e-flex e-con e-child\" data-id=\"6ba3aa0\" data-element_type=\"container\" data-e-type=\"container\" data-settings=\"{&quot;background_background&quot;:&quot;classic&quot;}\">\n\t\t\t\t<div class=\"elementor-element elementor-element-60a605c elementor-widget elementor-widget-heading\" data-id=\"60a605c\" data-element_type=\"widget\" data-e-type=\"widget\" data-widget_type=\"heading.default\">\n\t\t\t\t\t\t<div class=\"elementor-widget-container\">\n\t\t\t\t\t<h2 class=\"elementor-heading-title elementor-size-default\">Pourquoi choisir <span style=\"font-weight:400\">VisionPros <\/span>pour traiter vos yeux secs ?<\/h2>\t\t\t\t<\/div>\n\t\t\t\t<\/div>\n\t\t\t\t<div class=\"elementor-element elementor-element-1691522 elementor-widget elementor-widget-text-editor\" data-id=\"1691522\" data-element_type=\"widget\" data-e-type=\"widget\" data-widget_type=\"text-editor.default\">\n\t\t\t\t\t\t<div class=\"elementor-widget-container\">\n\t\t\t\t\t\t\t\t\t<p><span style=\"font-weight: 400;\">Nous sommes fiers de fournir des soins exceptionnels en mettant l&rsquo;accent sur le confort et la satisfaction de nos patients. Voici pourquoi VisionPros est le bon choix pour le traitement de votre s\u00e9cheresse oculaire.<\/span><\/p>\t\t\t\t\t\t\t\t<\/div>\n\t\t\t\t<\/div>\n\t\t\t\t<\/div>\n\t\t\t\t\t<\/div>\n\t\t\t\t<\/div>\n\t\t<div class=\"elementor-element elementor-element-cd19226 e-con-full e-flex e-con e-parent\" data-id=\"cd19226\" data-element_type=\"container\" data-e-type=\"container\" data-settings=\"{&quot;background_background&quot;:&quot;classic&quot;}\">\n\t\t<div class=\"elementor-element elementor-element-75b1179 e-con-full e-flex e-con e-child\" data-id=\"75b1179\" data-element_type=\"container\" data-e-type=\"container\" data-settings=\"{&quot;background_background&quot;:&quot;classic&quot;}\">\n\t\t<div class=\"elementor-element elementor-element-1a789f4 e-flex e-con-boxed e-con e-child\" data-id=\"1a789f4\" data-element_type=\"container\" data-e-type=\"container\">\n\t\t\t\t\t<div class=\"e-con-inner\">\n\t\t\t\t<div class=\"elementor-element elementor-element-996305e elementor-position-top elementor-widget elementor-widget-image-box\" data-id=\"996305e\" data-element_type=\"widget\" data-e-type=\"widget\" data-widget_type=\"image-box.default\">\n\t\t\t\t\t\t<div class=\"elementor-widget-container\">\n\t\t\t\t\t<div class=\"elementor-image-box-wrapper\"><figure class=\"elementor-image-box-img\"><img decoding=\"async\" width=\"1024\" height=\"686\" src=\"https:\/\/cliniquevisionpros.com\/wp-content\/uploads\/2025\/07\/VisionPros-4-1024x686.jpg\" class=\"attachment-large size-large wp-image-1519\" alt=\"\" srcset=\"https:\/\/cliniquevisionpros.com\/wp-content\/uploads\/2025\/07\/VisionPros-4-1024x686.jpg 1024w, https:\/\/cliniquevisionpros.com\/wp-content\/uploads\/2025\/07\/VisionPros-4-300x201.jpg 300w, https:\/\/cliniquevisionpros.com\/wp-content\/uploads\/2025\/07\/VisionPros-4-768x514.jpg 768w, https:\/\/cliniquevisionpros.com\/wp-content\/uploads\/2025\/07\/VisionPros-4-1536x1029.jpg 1536w, https:\/\/cliniquevisionpros.com\/wp-content\/uploads\/2025\/07\/VisionPros-4-scaled.jpg 1920w\" sizes=\"(max-width: 1024px) 100vw, 1024px\" \/><\/figure><div class=\"elementor-image-box-content\"><h3 class=\"elementor-image-box-title\">Des installations ultramodernes<\/h3><p class=\"elementor-image-box-description\">Notre clinique est \u00e9quip\u00e9e des technologies de diagnostic et de traitement les plus r\u00e9centes, ce qui vous permet de b\u00e9n\u00e9ficier des soins les plus avanc\u00e9s qui soient. De l'\u00e9valuation initiale aux soins de suivi, nous utilisons un \u00e9quipement de pointe pour diagnostiquer avec pr\u00e9cision et traiter efficacement le syndrome de l'\u0153il sec.<\/p><\/div><\/div>\t\t\t\t<\/div>\n\t\t\t\t<\/div>\n\t\t\t\t\t<\/div>\n\t\t\t\t<\/div>\n\t\t<div class=\"elementor-element elementor-element-571adbd e-flex e-con-boxed e-con e-child\" data-id=\"571adbd\" data-element_type=\"container\" data-e-type=\"container\">\n\t\t\t\t\t<div class=\"e-con-inner\">\n\t\t\t\t<div class=\"elementor-element elementor-element-78adcc1 elementor-position-top elementor-widget elementor-widget-image-box\" data-id=\"78adcc1\" data-element_type=\"widget\" data-e-type=\"widget\" data-widget_type=\"image-box.default\">\n\t\t\t\t\t\t<div class=\"elementor-widget-container\">\n\t\t\t\t\t<div class=\"elementor-image-box-wrapper\"><figure class=\"elementor-image-box-img\"><img loading=\"lazy\" decoding=\"async\" width=\"1024\" height=\"683\" src=\"https:\/\/cliniquevisionpros.com\/wp-content\/uploads\/2025\/07\/ipl-wide-2k-1024x683.jpg\" class=\"attachment-large size-large wp-image-1564\" alt=\"\" srcset=\"https:\/\/cliniquevisionpros.com\/wp-content\/uploads\/2025\/07\/ipl-wide-2k-1024x683.jpg 1024w, https:\/\/cliniquevisionpros.com\/wp-content\/uploads\/2025\/07\/ipl-wide-2k-300x200.jpg 300w, https:\/\/cliniquevisionpros.com\/wp-content\/uploads\/2025\/07\/ipl-wide-2k-768x512.jpg 768w, https:\/\/cliniquevisionpros.com\/wp-content\/uploads\/2025\/07\/ipl-wide-2k-1536x1024.jpg 1536w, https:\/\/cliniquevisionpros.com\/wp-content\/uploads\/2025\/07\/ipl-wide-2k.jpg 1920w\" sizes=\"(max-width: 1024px) 100vw, 1024px\" \/><\/figure><div class=\"elementor-image-box-content\"><h3 class=\"elementor-image-box-title\">Options de traitement avanc\u00e9es<\/h3><p class=\"elementor-image-box-description\">Nous proposons une gamme compl\u00e8te de traitements pour le syndrome de l'\u0153il sec, notamment la th\u00e9rapie par lumi\u00e8re puls\u00e9e (IPL), la th\u00e9rapie par radiofr\u00e9quence, le traitement ZEST et d'autres traitements. Nos outils de diagnostic avanc\u00e9s nous permettent d'identifier les causes sous-jacentes de votre s\u00e9cheresse oculaire et de cr\u00e9er un plan de traitement personnalis\u00e9 pour vous apporter un soulagement durable.<\/p><\/div><\/div>\t\t\t\t<\/div>\n\t\t\t\t<\/div>\n\t\t\t\t\t<\/div>\n\t\t\t\t<\/div>\n\t\t\t\t<\/div>\n\t\t\t\t<\/div>\n\t\t<div class=\"elementor-element elementor-element-ae8df47 e-con-full e-flex e-con e-parent\" data-id=\"ae8df47\" data-element_type=\"container\" data-e-type=\"container\" data-settings=\"{&quot;background_background&quot;:&quot;classic&quot;}\">\n\t\t<div class=\"elementor-element elementor-element-0eaf035 e-con-full e-flex e-con e-child\" data-id=\"0eaf035\" data-element_type=\"container\" data-e-type=\"container\" data-settings=\"{&quot;background_background&quot;:&quot;classic&quot;}\">\n\t\t<div class=\"elementor-element elementor-element-a2e44c0 e-flex e-con-boxed e-con e-child\" data-id=\"a2e44c0\" data-element_type=\"container\" data-e-type=\"container\">\n\t\t\t\t\t<div class=\"e-con-inner\">\n\t\t\t\t<div class=\"elementor-element elementor-element-576bdc4 elementor-position-top elementor-widget elementor-widget-image-box\" data-id=\"576bdc4\" data-element_type=\"widget\" data-e-type=\"widget\" data-widget_type=\"image-box.default\">\n\t\t\t\t\t\t<div class=\"elementor-widget-container\">\n\t\t\t\t\t<div class=\"elementor-image-box-wrapper\"><figure class=\"elementor-image-box-img\"><img loading=\"lazy\" decoding=\"async\" width=\"1920\" height=\"1280\" src=\"https:\/\/cliniquevisionpros.com\/wp-content\/uploads\/2025\/07\/VisionPros-8-scaled.jpg\" class=\"attachment-full size-full wp-image-1527\" alt=\"\" srcset=\"https:\/\/cliniquevisionpros.com\/wp-content\/uploads\/2025\/07\/VisionPros-8-scaled.jpg 1920w, https:\/\/cliniquevisionpros.com\/wp-content\/uploads\/2025\/07\/VisionPros-8-300x200.jpg 300w, https:\/\/cliniquevisionpros.com\/wp-content\/uploads\/2025\/07\/VisionPros-8-1024x683.jpg 1024w, https:\/\/cliniquevisionpros.com\/wp-content\/uploads\/2025\/07\/VisionPros-8-768x512.jpg 768w, https:\/\/cliniquevisionpros.com\/wp-content\/uploads\/2025\/07\/VisionPros-8-1536x1024.jpg 1536w\" sizes=\"(max-width: 1920px) 100vw, 1920px\" \/><\/figure><div class=\"elementor-image-box-content\"><h3 class=\"elementor-image-box-title\">Soins personnalis\u00e9s et attentionn\u00e9s<\/h3><p class=\"elementor-image-box-description\">Notre \u00e9quipe d\u00e9vou\u00e9e adopte une approche personnalis\u00e9e des soins de chaque patient. Nous comprenons que l'exp\u00e9rience de la s\u00e9cheresse oculaire est unique pour chaque individu et nous adaptons nos plans de traitement pour r\u00e9pondre \u00e0 vos besoins sp\u00e9cifiques. Notre approche compatissante garantit que vous vous sentirez \u00e0 l'aise et bien entour\u00e9 tout au long de votre traitement.<\/p><\/div><\/div>\t\t\t\t<\/div>\n\t\t\t\t<\/div>\n\t\t\t\t\t<\/div>\n\t\t\t\t<\/div>\n\t\t<div class=\"elementor-element elementor-element-f9cc73b e-flex e-con-boxed e-con e-child\" data-id=\"f9cc73b\" data-element_type=\"container\" data-e-type=\"container\">\n\t\t\t\t\t<div class=\"e-con-inner\">\n\t\t\t\t<div class=\"elementor-element elementor-element-ec1d1ce elementor-position-top elementor-widget elementor-widget-image-box\" data-id=\"ec1d1ce\" data-element_type=\"widget\" data-e-type=\"widget\" data-widget_type=\"image-box.default\">\n\t\t\t\t\t\t<div class=\"elementor-widget-container\">\n\t\t\t\t\t<div class=\"elementor-image-box-wrapper\"><figure class=\"elementor-image-box-img\"><img loading=\"lazy\" decoding=\"async\" width=\"1920\" height=\"1280\" src=\"https:\/\/cliniquevisionpros.com\/wp-content\/uploads\/2024\/07\/AdobeStock_226055713-scaled.jpeg\" class=\"attachment-full size-full wp-image-1245\" alt=\"\" srcset=\"https:\/\/cliniquevisionpros.com\/wp-content\/uploads\/2024\/07\/AdobeStock_226055713-scaled.jpeg 1920w, https:\/\/cliniquevisionpros.com\/wp-content\/uploads\/2024\/07\/AdobeStock_226055713-300x200.jpeg 300w, https:\/\/cliniquevisionpros.com\/wp-content\/uploads\/2024\/07\/AdobeStock_226055713-1024x683.jpeg 1024w, https:\/\/cliniquevisionpros.com\/wp-content\/uploads\/2024\/07\/AdobeStock_226055713-768x512.jpeg 768w, https:\/\/cliniquevisionpros.com\/wp-content\/uploads\/2024\/07\/AdobeStock_226055713-1536x1024.jpeg 1536w\" sizes=\"(max-width: 1920px) 100vw, 1920px\" \/><\/figure><div class=\"elementor-image-box-content\"><h3 class=\"elementor-image-box-title\">Engagement envers votre satisfaction<\/h3><p class=\"elementor-image-box-description\">Chez VisionPros, votre satisfaction est notre priorit\u00e9 absolue. Nous nous effor\u00e7ons de cr\u00e9er un environnement accueillant et favorable o\u00f9 vous pouvez avoir confiance dans les soins que vous recevez. Notre objectif est de soulager votre g\u00eane, d'am\u00e9liorer votre sant\u00e9 oculaire et votre qualit\u00e9 de vie gr\u00e2ce \u00e0 des solutions th\u00e9rapeutiques efficaces et personnalis\u00e9es.<\/p><\/div><\/div>\t\t\t\t<\/div>\n\t\t\t\t<\/div>\n\t\t\t\t\t<\/div>\n\t\t\t\t<\/div>\n\t\t\t\t<\/div>\n\t\t\t\t<\/div>\n\t\t<div class=\"elementor-element elementor-element-bcfa40f e-flex e-con-boxed e-con e-parent\" data-id=\"bcfa40f\" data-element_type=\"container\" data-e-type=\"container\" data-settings=\"{&quot;background_background&quot;:&quot;classic&quot;}\">\n\t\t\t\t\t<div class=\"e-con-inner\">\n\t\t<div class=\"elementor-element elementor-element-ab8ec38 e-con-full e-flex e-con e-child\" data-id=\"ab8ec38\" data-element_type=\"container\" data-e-type=\"container\" data-settings=\"{&quot;background_background&quot;:&quot;classic&quot;}\">\n\t\t\t\t<div class=\"elementor-element elementor-element-d3e05b1 elementor-widget elementor-widget-heading\" data-id=\"d3e05b1\" data-element_type=\"widget\" data-e-type=\"widget\" data-widget_type=\"heading.default\">\n\t\t\t\t\t\t<div class=\"elementor-widget-container\">\n\t\t\t\t\t<h2 class=\"elementor-heading-title elementor-size-default\">Votre Vision, <span style=\"font-weight:400\">Notre Mission<\/span><\/h2>\t\t\t\t<\/div>\n\t\t\t\t<\/div>\n\t\t\t\t<div class=\"elementor-element elementor-element-3455375 elementor-widget elementor-widget-heading\" data-id=\"3455375\" data-element_type=\"widget\" data-e-type=\"widget\" data-widget_type=\"heading.default\">\n\t\t\t\t\t\t<div class=\"elementor-widget-container\">\n\t\t\t\t\t<h3 class=\"elementor-heading-title elementor-size-default\">Choisir VisionPros, c'est choisir une clinique qui se consacre \u00e0 fournir le plus haut niveau de soins et les traitements les plus avanc\u00e9s pour le syndrome de l'\u0153il sec. Laissez-nous vous aider \u00e0 atteindre une sant\u00e9 oculaire et un confort optimaux gr\u00e2ce \u00e0 notre \u00e9quipe d'experts et \u00e0 nos installations ultramodernes.<\/h3>\t\t\t\t<\/div>\n\t\t\t\t<\/div>\n\t\t\t\t<div class=\"elementor-element elementor-element-89184ae elementor-align-center elementor-widget elementor-widget-button\" data-id=\"89184ae\" data-element_type=\"widget\" data-e-type=\"widget\" data-widget_type=\"button.default\">\n\t\t\t\t\t\t<div class=\"elementor-widget-container\">\n\t\t\t\t\t\t\t\t\t<div class=\"elementor-button-wrapper\">\n\t\t\t\t\t<a class=\"elementor-button elementor-button-link elementor-size-sm\" href=\"https:\/\/cliniquevisionpros.com\/fr\/prendre-rendez-vous\/\">\n\t\t\t\t\t\t<span class=\"elementor-button-content-wrapper\">\n\t\t\t\t\t\t<span class=\"elementor-button-icon\">\n\t\t\t\t<i aria-hidden=\"true\" class=\"fas fa-arrow-right\"><\/i>\t\t\t<\/span>\n\t\t\t\t\t\t\t\t\t<span class=\"elementor-button-text\">Prendre rendez-vous<\/span>\n\t\t\t\t\t<\/span>\n\t\t\t\t\t<\/a>\n\t\t\t\t<\/div>\n\t\t\t\t\t\t\t\t<\/div>\n\t\t\t\t<\/div>\n\t\t\t\t<\/div>\n\t\t\t\t\t<\/div>\n\t\t\t\t<\/div>\n\t\t<div class=\"elementor-element elementor-element-9b6a645 e-con-full e-flex e-con e-parent\" data-id=\"9b6a645\" data-element_type=\"container\" data-e-type=\"container\" data-settings=\"{&quot;background_background&quot;:&quot;classic&quot;}\">\n\t\t<div class=\"elementor-element elementor-element-df1a0c0 e-con-full e-flex e-con e-child\" data-id=\"df1a0c0\" data-element_type=\"container\" data-e-type=\"container\" data-settings=\"{&quot;background_background&quot;:&quot;classic&quot;}\">\n\t\t\t\t<div class=\"elementor-element elementor-element-d82a1e4 elementor-widget elementor-widget-global elementor-global-1577 elementor-widget-image\" data-id=\"d82a1e4\" data-element_type=\"widget\" data-e-type=\"widget\" data-widget_type=\"image.default\">\n\t\t\t\t\t\t<div class=\"elementor-widget-container\">\n\t\t\t\t\t\t\t\t\t\t\t\t\t\t\t<img loading=\"lazy\" decoding=\"async\" width=\"683\" height=\"1024\" src=\"https:\/\/cliniquevisionpros.com\/wp-content\/uploads\/2025\/07\/dr-ramina-nissan-optometrist-683x1024.jpg\" class=\"attachment-large size-large wp-image-1579\" alt=\"\" srcset=\"https:\/\/cliniquevisionpros.com\/wp-content\/uploads\/2025\/07\/dr-ramina-nissan-optometrist-683x1024.jpg 683w, https:\/\/cliniquevisionpros.com\/wp-content\/uploads\/2025\/07\/dr-ramina-nissan-optometrist-200x300.jpg 200w, https:\/\/cliniquevisionpros.com\/wp-content\/uploads\/2025\/07\/dr-ramina-nissan-optometrist-768x1152.jpg 768w, https:\/\/cliniquevisionpros.com\/wp-content\/uploads\/2025\/07\/dr-ramina-nissan-optometrist.jpg 1024w\" sizes=\"(max-width: 683px) 100vw, 683px\" \/>\t\t\t\t\t\t\t\t\t\t\t\t\t\t\t<\/div>\n\t\t\t\t<\/div>\n\t\t\t\t<\/div>\n\t\t<div class=\"elementor-element elementor-element-eed7d5e e-con-full e-flex e-con e-child\" data-id=\"eed7d5e\" data-element_type=\"container\" data-e-type=\"container\" data-settings=\"{&quot;background_background&quot;:&quot;classic&quot;}\">\n\t\t\t\t<div class=\"elementor-element elementor-element-5730be4 elementor-widget elementor-widget-heading\" data-id=\"5730be4\" data-element_type=\"widget\" data-e-type=\"widget\" data-widget_type=\"heading.default\">\n\t\t\t\t\t\t<div class=\"elementor-widget-container\">\n\t\t\t\t\t<h2 class=\"elementor-heading-title elementor-size-default\">\u00c0 propos de Dr.<span style=\"font-weight:400\"> Ramina Nissan<\/span><\/h2>\t\t\t\t<\/div>\n\t\t\t\t<\/div>\n\t\t\t\t<div class=\"elementor-element elementor-element-ecdb328 elementor-widget elementor-widget-global elementor-global-1573 elementor-global-1548 elementor-widget-text-editor\" data-id=\"ecdb328\" data-element_type=\"widget\" data-e-type=\"widget\" data-widget_type=\"text-editor.default\">\n\t\t\t\t\t\t<div class=\"elementor-widget-container\">\n\t\t\t\t\t\t\t\t\t<div>La Dre Nissan est docteure en optom\u00e9trie (O.D.) certifi\u00e9e au Canada et aux \u00c9tats-Unis. Elle a obtenu son doctorat en optom\u00e9trie \u00e0 Chicago en 2016 et a compl\u00e9t\u00e9 sa formation clinique \u00e0 l\u2019Illinois Eye Institute de Chicago ainsi qu\u2019au Veterans Affairs Hospital de D\u00e9troit, acqu\u00e9rant une exp\u00e9rience pr\u00e9cieuse dans divers milieux cliniques. <\/div><div> <\/div><div>\u00c0 la Clinique Vision Pros, la Dre Nissan diagnostique et traite la s\u00e9cheresse oculaire, s\u2019appuyant sur des pratiques fond\u00e9es sur des preuves scientifiques pour assurer des soins efficaces aux patients.<\/div><div>Elle exerce \u00e9galement dans une clinique multidisciplinaire ax\u00e9e sur la sant\u00e9 oculaire.<\/div><div> <\/div><div>Son approche repose sur une collaboration directe avec des ophtalmologistes afin d\u2019offrir des soins centr\u00e9s sur le patient. Par ailleurs, elle est activement impliqu\u00e9e dans la recherche clinique, collaborant avec des institutions de recherche pour faire progresser les pratiques cliniques et am\u00e9liorer les r\u00e9sultats en soins oculaires.<\/div>\t\t\t\t\t\t\t\t<\/div>\n\t\t\t\t<\/div>\n\t\t\t\t<\/div>\n\t\t\t\t<\/div>\n\t\t<div class=\"elementor-element elementor-element-448051d e-flex e-con-boxed e-con e-parent\" data-id=\"448051d\" data-element_type=\"container\" data-e-type=\"container\" data-settings=\"{&quot;background_background&quot;:&quot;classic&quot;}\">\n\t\t\t\t\t<div class=\"e-con-inner\">\n\t\t<div class=\"elementor-element elementor-element-c747d59 e-con-full e-flex e-con e-child\" data-id=\"c747d59\" data-element_type=\"container\" data-e-type=\"container\" data-settings=\"{&quot;background_background&quot;:&quot;classic&quot;}\">\n\t\t\t\t<div class=\"elementor-element elementor-element-9dc0323 elementor-widget elementor-widget-heading\" data-id=\"9dc0323\" data-element_type=\"widget\" data-e-type=\"widget\" data-widget_type=\"heading.default\">\n\t\t\t\t\t\t<div class=\"elementor-widget-container\">\n\t\t\t\t\t<h2 class=\"elementor-heading-title elementor-size-default\">\u00c0 quoi devez-vous vous attendre lorsque vous suivez une <span style=\"font-weight:400\">th\u00e9rapie par radiofr\u00e9quence<\/span>?<\/h2>\t\t\t\t<\/div>\n\t\t\t\t<\/div>\n\t\t\t\t<div class=\"elementor-element elementor-element-2a35f2e elementor-widget elementor-widget-text-editor\" data-id=\"2a35f2e\" data-element_type=\"widget\" data-e-type=\"widget\" data-widget_type=\"text-editor.default\">\n\t\t\t\t\t\t<div class=\"elementor-widget-container\">\n\t\t\t\t\t\t\t\t\t<p><span style=\"font-weight: 400;\">Comprendre le processus de la th\u00e9rapie par radiofr\u00e9quence pour les yeux secs peut vous aider \u00e0 vous sentir plus confiant.e et mieux pr\u00e9par\u00e9.e. Le traitement comprend trois \u00e9tapes cl\u00e9s : une \u00e9valuation d\u00e9taill\u00e9e, une s\u00e9rie de s\u00e9ances de traitement et des soins de suivi pour garantir des r\u00e9sultats optimaux.<\/span><\/p>\t\t\t\t\t\t\t\t<\/div>\n\t\t\t\t<\/div>\n\t\t\t\t<\/div>\n\t\t\t\t\t<\/div>\n\t\t\t\t<\/div>\n\t\t<div class=\"elementor-element elementor-element-6d1d06d e-con-full e-flex e-con e-parent\" data-id=\"6d1d06d\" data-element_type=\"container\" data-e-type=\"container\" data-settings=\"{&quot;background_background&quot;:&quot;classic&quot;}\">\n\t\t<div class=\"elementor-element elementor-element-5f3018e e-con-full e-flex e-con e-child\" data-id=\"5f3018e\" data-element_type=\"container\" data-e-type=\"container\" data-settings=\"{&quot;background_background&quot;:&quot;classic&quot;}\">\n\t\t<div class=\"elementor-element elementor-element-639824a e-flex e-con-boxed e-con e-child\" data-id=\"639824a\" data-element_type=\"container\" data-e-type=\"container\" data-settings=\"{&quot;background_background&quot;:&quot;classic&quot;}\">\n\t\t\t\t\t<div class=\"e-con-inner\">\n\t\t\t\t<div class=\"elementor-element elementor-element-0276bd8 elementor-widget elementor-widget-heading\" data-id=\"0276bd8\" data-element_type=\"widget\" data-e-type=\"widget\" data-widget_type=\"heading.default\">\n\t\t\t\t\t\t<div class=\"elementor-widget-container\">\n\t\t\t\t\t<p class=\"elementor-heading-title elementor-size-default\">1.<\/p>\t\t\t\t<\/div>\n\t\t\t\t<\/div>\n\t\t\t\t<div class=\"elementor-element elementor-element-7d16d6a elementor-widget elementor-widget-heading\" data-id=\"7d16d6a\" data-element_type=\"widget\" data-e-type=\"widget\" data-widget_type=\"heading.default\">\n\t\t\t\t\t\t<div class=\"elementor-widget-container\">\n\t\t\t\t\t<h3 class=\"elementor-heading-title elementor-size-default\">\u00c9valuation d\u00e9taill\u00e9e<\/h3>\t\t\t\t<\/div>\n\t\t\t\t<\/div>\n\t\t\t\t<div class=\"elementor-element elementor-element-1154dc2 elementor-widget elementor-widget-text-editor\" data-id=\"1154dc2\" data-element_type=\"widget\" data-e-type=\"widget\" data-widget_type=\"text-editor.default\">\n\t\t\t\t\t\t<div class=\"elementor-widget-container\">\n\t\t\t\t\t\t\t\t\t<p><span style=\"font-weight: 400;\">Avant de commencer la th\u00e9rapie par radiofr\u00e9quence, le Dr Ramina Nissan proc\u00e9dera \u00e0 une \u00e9valuation compl\u00e8te de la sant\u00e9 de vos yeux. Il s&rsquo;agit de passer en revue vos ant\u00e9c\u00e9dents m\u00e9dicaux, d&rsquo;examiner vos yeux et d&rsquo;effectuer des tests sp\u00e9cifiques pour d\u00e9terminer la gravit\u00e9 de votre syndrome de s\u00e9cheresse oculaire et le coupable le plus important. Cela nous permet de d\u00e9terminer la meilleure approche th\u00e9rapeutique.<\/span><\/p>\t\t\t\t\t\t\t\t<\/div>\n\t\t\t\t<\/div>\n\t\t\t\t\t<\/div>\n\t\t\t\t<\/div>\n\t\t<div class=\"elementor-element elementor-element-0943dc1 e-flex e-con-boxed e-con e-child\" data-id=\"0943dc1\" data-element_type=\"container\" data-e-type=\"container\" data-settings=\"{&quot;background_background&quot;:&quot;classic&quot;}\">\n\t\t\t\t\t<div class=\"e-con-inner\">\n\t\t\t\t<div class=\"elementor-element elementor-element-3f5f77b elementor-widget elementor-widget-heading\" data-id=\"3f5f77b\" data-element_type=\"widget\" data-e-type=\"widget\" data-widget_type=\"heading.default\">\n\t\t\t\t\t\t<div class=\"elementor-widget-container\">\n\t\t\t\t\t<p class=\"elementor-heading-title elementor-size-default\">2.<\/p>\t\t\t\t<\/div>\n\t\t\t\t<\/div>\n\t\t\t\t<div class=\"elementor-element elementor-element-3d7e4e1 elementor-widget elementor-widget-heading\" data-id=\"3d7e4e1\" data-element_type=\"widget\" data-e-type=\"widget\" data-widget_type=\"heading.default\">\n\t\t\t\t\t\t<div class=\"elementor-widget-container\">\n\t\t\t\t\t<h3 class=\"elementor-heading-title elementor-size-default\">S\u00e9ances de traitement<\/h3>\t\t\t\t<\/div>\n\t\t\t\t<\/div>\n\t\t\t\t<div class=\"elementor-element elementor-element-3b04467 elementor-widget elementor-widget-text-editor\" data-id=\"3b04467\" data-element_type=\"widget\" data-e-type=\"widget\" data-widget_type=\"text-editor.default\">\n\t\t\t\t\t\t<div class=\"elementor-widget-container\">\n\t\t\t\t\t\t\t\t\t<p><span style=\"font-weight: 400;\">Le traitement par radiofr\u00e9quence est g\u00e9n\u00e9ralement administr\u00e9 en quatre s\u00e9ances, espac\u00e9es de quelques semaines. Au cours de chaque s\u00e9ance, une chaleur contr\u00f4l\u00e9e est appliqu\u00e9e sur la peau autour de vos yeux, ciblant les glandes de Meibomius pour stimuler une meilleure production de larmes. Chaque s\u00e9ance dure environ 15 \u00e0 20 minutes et est con\u00e7ue pour \u00eatre confortable avec un minimum de temps d&rsquo;arr\u00eat.<\/span><\/p>\t\t\t\t\t\t\t\t<\/div>\n\t\t\t\t<\/div>\n\t\t\t\t\t<\/div>\n\t\t\t\t<\/div>\n\t\t<div class=\"elementor-element elementor-element-c047b1e e-flex e-con-boxed e-con e-child\" data-id=\"c047b1e\" data-element_type=\"container\" data-e-type=\"container\" data-settings=\"{&quot;background_background&quot;:&quot;classic&quot;}\">\n\t\t\t\t\t<div class=\"e-con-inner\">\n\t\t\t\t<div class=\"elementor-element elementor-element-06287f0 elementor-widget elementor-widget-heading\" data-id=\"06287f0\" data-element_type=\"widget\" data-e-type=\"widget\" data-widget_type=\"heading.default\">\n\t\t\t\t\t\t<div class=\"elementor-widget-container\">\n\t\t\t\t\t<p class=\"elementor-heading-title elementor-size-default\">3.<\/p>\t\t\t\t<\/div>\n\t\t\t\t<\/div>\n\t\t\t\t<div class=\"elementor-element elementor-element-ebf7925 elementor-widget elementor-widget-heading\" data-id=\"ebf7925\" data-element_type=\"widget\" data-e-type=\"widget\" data-widget_type=\"heading.default\">\n\t\t\t\t\t\t<div class=\"elementor-widget-container\">\n\t\t\t\t\t<h3 class=\"elementor-heading-title elementor-size-default\">Soins de suivi<\/h3>\t\t\t\t<\/div>\n\t\t\t\t<\/div>\n\t\t\t\t<div class=\"elementor-element elementor-element-4495355 elementor-widget elementor-widget-text-editor\" data-id=\"4495355\" data-element_type=\"widget\" data-e-type=\"widget\" data-widget_type=\"text-editor.default\">\n\t\t\t\t\t\t<div class=\"elementor-widget-container\">\n\t\t\t\t\t\t\t\t\t<p><span style=\"font-weight: 400;\">Apr\u00e8s les s\u00e9ances de traitement par radiofr\u00e9quence, les soins de suivi sont essentiels pour contr\u00f4ler vos progr\u00e8s et garantir des r\u00e9sultats durables. La docteure Nissan fixera des rendez-vous de suivi pour \u00e9valuer votre am\u00e9lioration, apporter les ajustements n\u00e9cessaires \u00e0 votre plan de traitement et vous apporter un soutien continu pour maintenir une sant\u00e9 oculaire optimale.<\/span><\/p>\t\t\t\t\t\t\t\t<\/div>\n\t\t\t\t<\/div>\n\t\t\t\t\t<\/div>\n\t\t\t\t<\/div>\n\t\t\t\t<\/div>\n\t\t\t\t<\/div>\n\t\t<div class=\"elementor-element elementor-element-2e1e7be e-flex e-con-boxed e-con e-parent\" data-id=\"2e1e7be\" data-element_type=\"container\" data-e-type=\"container\" data-settings=\"{&quot;background_background&quot;:&quot;classic&quot;}\">\n\t\t\t\t\t<div class=\"e-con-inner\">\n\t\t<div class=\"elementor-element elementor-element-7270cfb e-con-full e-flex e-con e-child\" data-id=\"7270cfb\" data-element_type=\"container\" data-e-type=\"container\" data-settings=\"{&quot;background_background&quot;:&quot;classic&quot;}\">\n\t\t\t\t<div class=\"elementor-element elementor-element-c19afd3 elementor-widget elementor-widget-heading\" data-id=\"c19afd3\" data-element_type=\"widget\" data-e-type=\"widget\" data-widget_type=\"heading.default\">\n\t\t\t\t\t\t<div class=\"elementor-widget-container\">\n\t\t\t\t\t<h2 class=\"elementor-heading-title elementor-size-default\">Vous \u00eates pr\u00eat.e \u00e0 <span style=\"font-weight:400\">soulager vos yeux secs<\/span> ?<\/h2>\t\t\t\t<\/div>\n\t\t\t\t<\/div>\n\t\t\t\t<div class=\"elementor-element elementor-element-83b7f46 elementor-widget elementor-widget-heading\" data-id=\"83b7f46\" data-element_type=\"widget\" data-e-type=\"widget\" data-widget_type=\"heading.default\">\n\t\t\t\t\t\t<div class=\"elementor-widget-container\">\n\t\t\t\t\t<h3 class=\"elementor-heading-title elementor-size-default\">Faites le premier pas vers le confort et une meilleure sant\u00e9 oculaire en prenant rendez-vous avec la Dr Ramina Nissan chez VisionPros. Notre \u00e9quipe d'experts est pr\u00eate \u00e0 vous offrir des traitements avanc\u00e9s personnalis\u00e9s et adapt\u00e9s \u00e0 vos besoins. Ne laissez plus la s\u00e9cheresse oculaire affecter votre qualit\u00e9 de vie.<\/h3>\t\t\t\t<\/div>\n\t\t\t\t<\/div>\n\t\t\t\t<div class=\"elementor-element elementor-element-a3fcb5c elementor-align-center elementor-widget elementor-widget-button\" data-id=\"a3fcb5c\" data-element_type=\"widget\" data-e-type=\"widget\" data-widget_type=\"button.default\">\n\t\t\t\t\t\t<div class=\"elementor-widget-container\">\n\t\t\t\t\t\t\t\t\t<div class=\"elementor-button-wrapper\">\n\t\t\t\t\t<a class=\"elementor-button elementor-button-link elementor-size-sm\" href=\"https:\/\/cliniquevisionpros.com\/fr\/prendre-rendez-vous\/\">\n\t\t\t\t\t\t<span class=\"elementor-button-content-wrapper\">\n\t\t\t\t\t\t<span class=\"elementor-button-icon\">\n\t\t\t\t<i aria-hidden=\"true\" class=\"fas fa-arrow-right\"><\/i>\t\t\t<\/span>\n\t\t\t\t\t\t\t\t\t<span class=\"elementor-button-text\">Prendre rendez-vous<\/span>\n\t\t\t\t\t<\/span>\n\t\t\t\t\t<\/a>\n\t\t\t\t<\/div>\n\t\t\t\t\t\t\t\t<\/div>\n\t\t\t\t<\/div>\n\t\t\t\t<\/div>\n\t\t\t\t\t<\/div>\n\t\t\t\t<\/div>\n\t\t<div class=\"elementor-element elementor-element-1a74e82 e-con-full e-flex e-con e-parent\" data-id=\"1a74e82\" data-element_type=\"container\" data-e-type=\"container\" data-settings=\"{&quot;background_background&quot;:&quot;classic&quot;}\">\n\t\t<div class=\"elementor-element elementor-element-54013eb e-con-full e-flex e-con e-child\" data-id=\"54013eb\" data-element_type=\"container\" data-e-type=\"container\" data-settings=\"{&quot;background_background&quot;:&quot;classic&quot;}\">\n\t\t\t\t<div class=\"elementor-element elementor-element-2c8a52c elementor-widget elementor-widget-image\" data-id=\"2c8a52c\" data-element_type=\"widget\" data-e-type=\"widget\" data-widget_type=\"image.default\">\n\t\t\t\t\t\t<div class=\"elementor-widget-container\">\n\t\t\t\t\t\t\t\t\t\t\t\t\t\t\t<img loading=\"lazy\" decoding=\"async\" width=\"1024\" height=\"1024\" src=\"https:\/\/cliniquevisionpros.com\/wp-content\/uploads\/2025\/07\/rf-square-1k-1024x1024.jpg\" class=\"attachment-large size-large wp-image-1563\" alt=\"\" srcset=\"https:\/\/cliniquevisionpros.com\/wp-content\/uploads\/2025\/07\/rf-square-1k-1024x1024.jpg 1024w, https:\/\/cliniquevisionpros.com\/wp-content\/uploads\/2025\/07\/rf-square-1k-300x300.jpg 300w, https:\/\/cliniquevisionpros.com\/wp-content\/uploads\/2025\/07\/rf-square-1k-150x150.jpg 150w, https:\/\/cliniquevisionpros.com\/wp-content\/uploads\/2025\/07\/rf-square-1k-768x768.jpg 768w, https:\/\/cliniquevisionpros.com\/wp-content\/uploads\/2025\/07\/rf-square-1k.jpg 1280w\" sizes=\"(max-width: 1024px) 100vw, 1024px\" \/>\t\t\t\t\t\t\t\t\t\t\t\t\t\t\t<\/div>\n\t\t\t\t<\/div>\n\t\t\t\t<\/div>\n\t\t<div class=\"elementor-element elementor-element-f0fc8b1 e-con-full e-flex e-con e-child\" data-id=\"f0fc8b1\" data-element_type=\"container\" data-e-type=\"container\" data-settings=\"{&quot;background_background&quot;:&quot;classic&quot;}\">\n\t\t\t\t<div class=\"elementor-element elementor-element-e797aa7 elementor-widget elementor-widget-heading\" data-id=\"e797aa7\" data-element_type=\"widget\" data-e-type=\"widget\" data-widget_type=\"heading.default\">\n\t\t\t\t\t\t<div class=\"elementor-widget-container\">\n\t\t\t\t\t<h2 class=\"elementor-heading-title elementor-size-default\"><span style=\"font-weight:400\">S\u00e9curit\u00e9 et effets secondaires <\/span>de la th\u00e9rapie par radiofr\u00e9quence<\/h2>\t\t\t\t<\/div>\n\t\t\t\t<\/div>\n\t\t\t\t<div class=\"elementor-element elementor-element-ee0563f elementor-widget elementor-widget-text-editor\" data-id=\"ee0563f\" data-element_type=\"widget\" data-e-type=\"widget\" data-widget_type=\"text-editor.default\">\n\t\t\t\t\t\t<div class=\"elementor-widget-container\">\n\t\t\t\t\t\t\t\t\t<p><span style=\"font-weight: 400;\">La th\u00e9rapie par radiofr\u00e9quence pour la s\u00e9cheresse oculaire est g\u00e9n\u00e9ralement s\u00fbre et bien tol\u00e9r\u00e9e par la plupart des patients. Cependant, comme pour tout traitement m\u00e9dical, il existe des effets secondaires et des risques potentiels dont il faut \u00eatre conscient.<\/span><\/p><p><b>Effets secondaires courants :<\/b><\/p>\t\t\t\t\t\t\t\t<\/div>\n\t\t\t\t<\/div>\n\t\t\t\t<div class=\"elementor-element elementor-element-721acda elementor-icon-list--layout-traditional elementor-list-item-link-full_width elementor-widget elementor-widget-icon-list\" data-id=\"721acda\" data-element_type=\"widget\" data-e-type=\"widget\" data-widget_type=\"icon-list.default\">\n\t\t\t\t\t\t<div class=\"elementor-widget-container\">\n\t\t\t\t\t\t\t<ul class=\"elementor-icon-list-items\">\n\t\t\t\t\t\t\t<li class=\"elementor-icon-list-item\">\n\t\t\t\t\t\t\t\t\t\t\t<span class=\"elementor-icon-list-icon\">\n\t\t\t\t\t\t\t<svg xmlns=\"http:\/\/www.w3.org\/2000\/svg\" width=\"46.933\" height=\"34.859\" viewBox=\"0 0 46.933 34.859\"><ellipse id=\"Ellipse_4\" data-name=\"Ellipse 4\" cx=\"21.17\" cy=\"10.245\" rx=\"21.17\" ry=\"10.245\" transform=\"translate(0 15.861) rotate(-22)\" fill=\"#81d6d6\"><\/ellipse><\/svg>\t\t\t\t\t\t<\/span>\n\t\t\t\t\t\t\t\t\t\t<span class=\"elementor-icon-list-text\">L\u00e9g\u00e8re rougeur ou gonflement autour de la zone trait\u00e9e<\/span>\n\t\t\t\t\t\t\t\t\t<\/li>\n\t\t\t\t\t\t\t\t<li class=\"elementor-icon-list-item\">\n\t\t\t\t\t\t\t\t\t\t\t<span class=\"elementor-icon-list-icon\">\n\t\t\t\t\t\t\t<svg xmlns=\"http:\/\/www.w3.org\/2000\/svg\" width=\"46.933\" height=\"34.859\" viewBox=\"0 0 46.933 34.859\"><ellipse id=\"Ellipse_4\" data-name=\"Ellipse 4\" cx=\"21.17\" cy=\"10.245\" rx=\"21.17\" ry=\"10.245\" transform=\"translate(0 15.861) rotate(-22)\" fill=\"#81d6d6\"><\/ellipse><\/svg>\t\t\t\t\t\t<\/span>\n\t\t\t\t\t\t\t\t\t\t<span class=\"elementor-icon-list-text\">Une g\u00eane temporaire ou une sensation de piq\u00fbre<\/span>\n\t\t\t\t\t\t\t\t\t<\/li>\n\t\t\t\t\t\t\t\t<li class=\"elementor-icon-list-item\">\n\t\t\t\t\t\t\t\t\t\t\t<span class=\"elementor-icon-list-icon\">\n\t\t\t\t\t\t\t<svg xmlns=\"http:\/\/www.w3.org\/2000\/svg\" width=\"46.933\" height=\"34.859\" viewBox=\"0 0 46.933 34.859\"><ellipse id=\"Ellipse_4\" data-name=\"Ellipse 4\" cx=\"21.17\" cy=\"10.245\" rx=\"21.17\" ry=\"10.245\" transform=\"translate(0 15.861) rotate(-22)\" fill=\"#81d6d6\"><\/ellipse><\/svg>\t\t\t\t\t\t<\/span>\n\t\t\t\t\t\t\t\t\t\t<span class=\"elementor-icon-list-text\">L\u00e9g\u00e8re irritation ou s\u00e9cheresse de la peau<\/span>\n\t\t\t\t\t\t\t\t\t<\/li>\n\t\t\t\t\t\t<\/ul>\n\t\t\t\t\t\t<\/div>\n\t\t\t\t<\/div>\n\t\t\t\t<div class=\"elementor-element elementor-element-e8c11b1 elementor-widget elementor-widget-text-editor\" data-id=\"e8c11b1\" data-element_type=\"widget\" data-e-type=\"widget\" data-widget_type=\"text-editor.default\">\n\t\t\t\t\t\t<div class=\"elementor-widget-container\">\n\t\t\t\t\t\t\t\t\t<p><b style=\"font-style: inherit; text-align: var(--text-align); background-color: var(--ast-global-color-7); color: var(--ast-global-color-3);\">Effets secondaires moins fr\u00e9quents :<\/b><\/p>\t\t\t\t\t\t\t\t<\/div>\n\t\t\t\t<\/div>\n\t\t\t\t<div class=\"elementor-element elementor-element-74d6ca8 elementor-icon-list--layout-traditional elementor-list-item-link-full_width elementor-widget elementor-widget-icon-list\" data-id=\"74d6ca8\" data-element_type=\"widget\" data-e-type=\"widget\" data-widget_type=\"icon-list.default\">\n\t\t\t\t\t\t<div class=\"elementor-widget-container\">\n\t\t\t\t\t\t\t<ul class=\"elementor-icon-list-items\">\n\t\t\t\t\t\t\t<li class=\"elementor-icon-list-item\">\n\t\t\t\t\t\t\t\t\t\t\t<span class=\"elementor-icon-list-icon\">\n\t\t\t\t\t\t\t<svg xmlns=\"http:\/\/www.w3.org\/2000\/svg\" width=\"46.933\" height=\"34.859\" viewBox=\"0 0 46.933 34.859\"><ellipse id=\"Ellipse_4\" data-name=\"Ellipse 4\" cx=\"21.17\" cy=\"10.245\" rx=\"21.17\" ry=\"10.245\" transform=\"translate(0 15.861) rotate(-22)\" fill=\"#81d6d6\"><\/ellipse><\/svg>\t\t\t\t\t\t<\/span>\n\t\t\t\t\t\t\t\t\t\t<span class=\"elementor-icon-list-text\">Changements temporaires de la pigmentation de la peau<\/span>\n\t\t\t\t\t\t\t\t\t<\/li>\n\t\t\t\t\t\t\t\t<li class=\"elementor-icon-list-item\">\n\t\t\t\t\t\t\t\t\t\t\t<span class=\"elementor-icon-list-icon\">\n\t\t\t\t\t\t\t<svg xmlns=\"http:\/\/www.w3.org\/2000\/svg\" width=\"46.933\" height=\"34.859\" viewBox=\"0 0 46.933 34.859\"><ellipse id=\"Ellipse_4\" data-name=\"Ellipse 4\" cx=\"21.17\" cy=\"10.245\" rx=\"21.17\" ry=\"10.245\" transform=\"translate(0 15.861) rotate(-22)\" fill=\"#81d6d6\"><\/ellipse><\/svg>\t\t\t\t\t\t<\/span>\n\t\t\t\t\t\t\t\t\t\t<span class=\"elementor-icon-list-text\">Ecchymoses l\u00e9g\u00e8res<\/span>\n\t\t\t\t\t\t\t\t\t<\/li>\n\t\t\t\t\t\t\t\t<li class=\"elementor-icon-list-item\">\n\t\t\t\t\t\t\t\t\t\t\t<span class=\"elementor-icon-list-icon\">\n\t\t\t\t\t\t\t<svg xmlns=\"http:\/\/www.w3.org\/2000\/svg\" width=\"46.933\" height=\"34.859\" viewBox=\"0 0 46.933 34.859\"><ellipse id=\"Ellipse_4\" data-name=\"Ellipse 4\" cx=\"21.17\" cy=\"10.245\" rx=\"21.17\" ry=\"10.245\" transform=\"translate(0 15.861) rotate(-22)\" fill=\"#81d6d6\"><\/ellipse><\/svg>\t\t\t\t\t\t<\/span>\n\t\t\t\t\t\t\t\t\t\t<span class=\"elementor-icon-list-text\">Sensibilit\u00e9 \u00e0 la chaleur<\/span>\n\t\t\t\t\t\t\t\t\t<\/li>\n\t\t\t\t\t\t<\/ul>\n\t\t\t\t\t\t<\/div>\n\t\t\t\t<\/div>\n\t\t\t\t<div class=\"elementor-element elementor-element-f810af2 elementor-widget elementor-widget-text-editor\" data-id=\"f810af2\" data-element_type=\"widget\" data-e-type=\"widget\" data-widget_type=\"text-editor.default\">\n\t\t\t\t\t\t<div class=\"elementor-widget-container\">\n\t\t\t\t\t\t\t\t\t<p><b style=\"font-style: inherit; text-align: var(--text-align); background-color: var(--ast-global-color-7); color: var(--ast-global-color-3);\">Risques :<\/b><\/p><p><span style=\"font-weight: 400;\">Bien que les complications graves soient rares, il est important de discuter de vos ant\u00e9c\u00e9dents m\u00e9dicaux et de vos pr\u00e9occupations avec le Dr Ramina Nissan avant de commencer la th\u00e9rapie par radiofr\u00e9quence. Une \u00e9valuation juste et le respect des instructions de soins apr\u00e8s le traitement r\u00e9duisent consid\u00e9rablement la probabilit\u00e9 d&rsquo;effets ind\u00e9sirables.<\/span><\/p><p><span style=\"font-weight: 400;\">Dans l&rsquo;ensemble, la th\u00e9rapie par radiofr\u00e9quence est une option s\u00fbre et efficace pour traiter la s\u00e9cheresse oculaire, apportant un soulagement durable avec un temps d&rsquo;arr\u00eat minimal.<\/span><\/p>\t\t\t\t\t\t\t\t<\/div>\n\t\t\t\t<\/div>\n\t\t\t\t<\/div>\n\t\t\t\t<\/div>\n\t\t<div class=\"elementor-element elementor-element-3621c70 e-con-full e-flex e-con e-parent\" data-id=\"3621c70\" data-element_type=\"container\" data-e-type=\"container\" data-settings=\"{&quot;background_background&quot;:&quot;classic&quot;}\">\n\t\t<div class=\"elementor-element elementor-element-3167702 e-con-full e-flex e-con e-child\" data-id=\"3167702\" data-element_type=\"container\" data-e-type=\"container\" data-settings=\"{&quot;background_background&quot;:&quot;classic&quot;}\">\n\t\t\t\t<div class=\"elementor-element elementor-element-666feec elementor-widget elementor-widget-heading\" data-id=\"666feec\" data-element_type=\"widget\" data-e-type=\"widget\" data-widget_type=\"heading.default\">\n\t\t\t\t\t\t<div class=\"elementor-widget-container\">\n\t\t\t\t\t<h2 class=\"elementor-heading-title elementor-size-default\"><span style=\"font-weight:400\">Comparaison entre \n<\/span>la th\u00e9rapie RF et la th\u00e9rapie IPL\n<\/h2>\t\t\t\t<\/div>\n\t\t\t\t<\/div>\n\t\t\t\t<div class=\"elementor-element elementor-element-744c464 elementor-widget elementor-widget-text-editor\" data-id=\"744c464\" data-element_type=\"widget\" data-e-type=\"widget\" data-widget_type=\"text-editor.default\">\n\t\t\t\t\t\t<div class=\"elementor-widget-container\">\n\t\t\t\t\t\t\t\t\t<p><span style=\"font-weight: 400;\">La th\u00e9rapie par radiofr\u00e9quence (RF) et la th\u00e9rapie par lumi\u00e8re puls\u00e9e intense (IPL) sont toutes deux des traitements efficaces du syndrome de l&rsquo;\u0153il sec, chacune offrant des avantages uniques. La th\u00e9rapie par radiofr\u00e9quence utilise une chaleur contr\u00f4l\u00e9e pour stimuler les glandes de Meibomius, en se concentrant sur la stimulation thermique pour am\u00e9liorer la production de larmes. Ce traitement non invasif, confortable et rapide, donne des r\u00e9sultats efficaces en am\u00e9liorant la qualit\u00e9 du film lacrymal. La th\u00e9rapie par radiofr\u00e9quence est particuli\u00e8rement b\u00e9n\u00e9fique pour les personnes qui recherchent une approche douce mais efficace pour g\u00e9rer les sympt\u00f4mes de la s\u00e9cheresse oculaire.<\/span><\/p><p><span style=\"font-weight: 400;\">La th\u00e9rapie IPL, quant \u00e0 elle, utilise des impulsions lumineuses pour cibler l&rsquo;inflammation autour des glandes de Meibomius, am\u00e9liorant ainsi le fonctionnement des glandes et la qualit\u00e9 des larmes. Cette th\u00e9rapie apporte un soulagement durable en s&rsquo;attaquant \u00e0 la fois aux sympt\u00f4mes et aux causes sous-jacentes de la s\u00e9cheresse oculaire. La lumi\u00e8re puls\u00e9e est particuli\u00e8rement efficace pour r\u00e9duire l&rsquo;inflammation, qui est l&rsquo;un des principaux facteurs de la s\u00e9cheresse oculaire.<\/span><\/p><p><span style=\"font-weight: 400;\">La combinaison des traitements RF et IPL offre une approche compl\u00e8te du traitement de la s\u00e9cheresse oculaire. En r\u00e9duisant simultan\u00e9ment l&rsquo;inflammation et en stimulant le fonctionnement des glandes, les patients peuvent b\u00e9n\u00e9ficier de meilleurs r\u00e9sultats et d&rsquo;un soulagement optimal. Chez VisionPros, nos experts cr\u00e9eront un plan de traitement sur mesure qui incorpore les deux th\u00e9rapies pour traiter les multiples aspects du syndrome de l&rsquo;\u0153il sec, garantissant ainsi des soins complets et un confort durable.<\/span><\/p>\t\t\t\t\t\t\t\t<\/div>\n\t\t\t\t<\/div>\n\t\t\t\t<div class=\"elementor-element elementor-element-0dbf623 elementor-tablet_extra-align-center elementor-widget elementor-widget-button\" data-id=\"0dbf623\" data-element_type=\"widget\" data-e-type=\"widget\" data-widget_type=\"button.default\">\n\t\t\t\t\t\t<div class=\"elementor-widget-container\">\n\t\t\t\t\t\t\t\t\t<div class=\"elementor-button-wrapper\">\n\t\t\t\t\t<a class=\"elementor-button elementor-button-link elementor-size-sm\" href=\"https:\/\/cliniquevisionpros.com\/fr\/lumiere-pulsee-yeux-secs-montreal\/\">\n\t\t\t\t\t\t<span class=\"elementor-button-content-wrapper\">\n\t\t\t\t\t\t<span class=\"elementor-button-icon\">\n\t\t\t\t<i aria-hidden=\"true\" class=\"fas fa-arrow-right\"><\/i>\t\t\t<\/span>\n\t\t\t\t\t\t\t\t\t<span class=\"elementor-button-text\">En savoir plus sur la th\u00e9rapie IPL<\/span>\n\t\t\t\t\t<\/span>\n\t\t\t\t\t<\/a>\n\t\t\t\t<\/div>\n\t\t\t\t\t\t\t\t<\/div>\n\t\t\t\t<\/div>\n\t\t\t\t<\/div>\n\t\t<div class=\"elementor-element elementor-element-36c1249 e-con-full e-flex e-con e-child\" data-id=\"36c1249\" data-element_type=\"container\" data-e-type=\"container\" data-settings=\"{&quot;background_background&quot;:&quot;classic&quot;}\">\n\t\t\t\t<div class=\"elementor-element elementor-element-567484d elementor-widget elementor-widget-image\" data-id=\"567484d\" data-element_type=\"widget\" data-e-type=\"widget\" data-widget_type=\"image.default\">\n\t\t\t\t\t\t<div class=\"elementor-widget-container\">\n\t\t\t\t\t\t\t\t\t\t\t\t\t\t\t<img loading=\"lazy\" decoding=\"async\" width=\"1024\" height=\"1024\" src=\"https:\/\/cliniquevisionpros.com\/wp-content\/uploads\/2025\/07\/ipl-square-1k-1024x1024.jpg\" class=\"attachment-large size-large wp-image-1561\" alt=\"\" srcset=\"https:\/\/cliniquevisionpros.com\/wp-content\/uploads\/2025\/07\/ipl-square-1k-1024x1024.jpg 1024w, https:\/\/cliniquevisionpros.com\/wp-content\/uploads\/2025\/07\/ipl-square-1k-300x300.jpg 300w, https:\/\/cliniquevisionpros.com\/wp-content\/uploads\/2025\/07\/ipl-square-1k-150x150.jpg 150w, https:\/\/cliniquevisionpros.com\/wp-content\/uploads\/2025\/07\/ipl-square-1k-768x768.jpg 768w, https:\/\/cliniquevisionpros.com\/wp-content\/uploads\/2025\/07\/ipl-square-1k.jpg 1280w\" sizes=\"(max-width: 1024px) 100vw, 1024px\" \/>\t\t\t\t\t\t\t\t\t\t\t\t\t\t\t<\/div>\n\t\t\t\t<\/div>\n\t\t\t\t<\/div>\n\t\t\t\t<\/div>\n\t\t<div class=\"elementor-element elementor-element-3fe640c e-flex e-con-boxed e-con e-parent\" data-id=\"3fe640c\" data-element_type=\"container\" data-e-type=\"container\" data-settings=\"{&quot;background_background&quot;:&quot;classic&quot;}\">\n\t\t\t\t\t<div class=\"e-con-inner\">\n\t\t<div class=\"elementor-element elementor-element-9f426d8 e-con-full e-flex e-con e-child\" data-id=\"9f426d8\" data-element_type=\"container\" data-e-type=\"container\" data-settings=\"{&quot;background_background&quot;:&quot;classic&quot;}\">\n\t\t\t\t<div class=\"elementor-element elementor-element-36e2ed2 elementor-widget elementor-widget-heading\" data-id=\"36e2ed2\" data-element_type=\"widget\" data-e-type=\"widget\" data-widget_type=\"heading.default\">\n\t\t\t\t\t\t<div class=\"elementor-widget-container\">\n\t\t\t\t\t<h2 class=\"elementor-heading-title elementor-size-default\">Faites le premier pas vers un <span style=\"font-weight:400\">soulagement durable<\/span><\/h2>\t\t\t\t<\/div>\n\t\t\t\t<\/div>\n\t\t\t\t<div class=\"elementor-element elementor-element-821cca5 elementor-widget elementor-widget-heading\" data-id=\"821cca5\" data-element_type=\"widget\" data-e-type=\"widget\" data-widget_type=\"heading.default\">\n\t\t\t\t\t\t<div class=\"elementor-widget-container\">\n\t\t\t\t\t<h3 class=\"elementor-heading-title elementor-size-default\">Imaginez que vous vous r\u00e9veillez chaque jour sans l'irritation et l'inconfort constants de la s\u00e9cheresse oculaire. Chez VisionPros, nous savons \u00e0 quel point le syndrome de l'\u0153il sec peut avoir un impact sur votre vie quotidienne, qu'il s'agisse des joies simples de lire un livre ou de passer des moments de qualit\u00e9 avec vos proches. Ne laissez plus la s\u00e9cheresse oculaire vous incommoder. R\u00e9servez votre consultation d\u00e8s aujourd'hui et laissez notre \u00e9quipe d'experts vous guider vers un avenir plus clair et plus lumineux.\n<\/h3>\t\t\t\t<\/div>\n\t\t\t\t<\/div>\n\t\t\t\t<div class=\"elementor-element elementor-element-1009634 elementor-align-center elementor-widget elementor-widget-button\" data-id=\"1009634\" data-element_type=\"widget\" data-e-type=\"widget\" data-widget_type=\"button.default\">\n\t\t\t\t\t\t<div class=\"elementor-widget-container\">\n\t\t\t\t\t\t\t\t\t<div class=\"elementor-button-wrapper\">\n\t\t\t\t\t<a class=\"elementor-button elementor-button-link elementor-size-sm\" href=\"https:\/\/cliniquevisionpros.com\/fr\/prendre-rendez-vous\/\">\n\t\t\t\t\t\t<span class=\"elementor-button-content-wrapper\">\n\t\t\t\t\t\t<span class=\"elementor-button-icon\">\n\t\t\t\t<i aria-hidden=\"true\" class=\"fas fa-arrow-right\"><\/i>\t\t\t<\/span>\n\t\t\t\t\t\t\t\t\t<span class=\"elementor-button-text\">Prendre rendez-vous<\/span>\n\t\t\t\t\t<\/span>\n\t\t\t\t\t<\/a>\n\t\t\t\t<\/div>\n\t\t\t\t\t\t\t\t<\/div>\n\t\t\t\t<\/div>\n\t\t\t\t<\/div>\n\t\t\t\t\t<\/div>\n\t\t\t\t<\/div>\n\t\t<div class=\"elementor-element elementor-element-32c4a83 e-flex e-con-boxed e-con e-parent\" data-id=\"32c4a83\" data-element_type=\"container\" data-e-type=\"container\" data-settings=\"{&quot;background_background&quot;:&quot;classic&quot;}\">\n\t\t\t\t\t<div class=\"e-con-inner\">\n\t\t<div class=\"elementor-element elementor-element-8fff184 e-con-full e-flex e-con e-child\" data-id=\"8fff184\" data-element_type=\"container\" data-e-type=\"container\" data-settings=\"{&quot;background_background&quot;:&quot;classic&quot;}\">\n\t\t<div class=\"elementor-element elementor-element-fb48fbd e-flex e-con-boxed e-con e-child\" data-id=\"fb48fbd\" data-element_type=\"container\" data-e-type=\"container\" data-settings=\"{&quot;background_background&quot;:&quot;classic&quot;}\">\n\t\t\t\t\t<div class=\"e-con-inner\">\n\t\t\t\t<div class=\"elementor-element elementor-element-f8c1f01 elementor-icon-list--layout-traditional elementor-list-item-link-full_width elementor-widget elementor-widget-icon-list\" data-id=\"f8c1f01\" data-element_type=\"widget\" data-e-type=\"widget\" data-widget_type=\"icon-list.default\">\n\t\t\t\t\t\t<div class=\"elementor-widget-container\">\n\t\t\t\t\t\t\t<ul class=\"elementor-icon-list-items\">\n\t\t\t\t\t\t\t<li class=\"elementor-icon-list-item\">\n\t\t\t\t\t\t\t\t\t\t\t<span class=\"elementor-icon-list-icon\">\n\t\t\t\t\t\t\t<i aria-hidden=\"true\" class=\"fas fa-star\"><\/i>\t\t\t\t\t\t<\/span>\n\t\t\t\t\t\t\t\t\t\t<span class=\"elementor-icon-list-text\">4.5<\/span>\n\t\t\t\t\t\t\t\t\t<\/li>\n\t\t\t\t\t\t<\/ul>\n\t\t\t\t\t\t<\/div>\n\t\t\t\t<\/div>\n\t\t\t\t<div class=\"elementor-element elementor-element-b0b1a79 elementor-widget elementor-widget-heading\" data-id=\"b0b1a79\" data-element_type=\"widget\" data-e-type=\"widget\" data-widget_type=\"heading.default\">\n\t\t\t\t\t\t<div class=\"elementor-widget-container\">\n\t\t\t\t\t<h3 class=\"elementor-heading-title elementor-size-default\">Clinique VisionPros<\/h3>\t\t\t\t<\/div>\n\t\t\t\t<\/div>\n\t\t\t\t<div class=\"elementor-element elementor-element-dc0ec3d elementor-widget elementor-widget-text-editor\" data-id=\"dc0ec3d\" data-element_type=\"widget\" data-e-type=\"widget\" data-widget_type=\"text-editor.default\">\n\t\t\t\t\t\t<div class=\"elementor-widget-container\">\n\t\t\t\t\t\t\t\t\t<p><span style=\"font-weight: 400;\">Clinique Vision Pros a une note presque parfaite de 4,5 \u00e9toiles sur 5 sur 102 avis sur <\/span><a href=\"https:\/\/g.co\/kgs\/B4TPHzU\" target=\"_blank\" rel=\"noopener\"><span style=\"font-weight: 400;\">Google<\/span><\/a><span style=\"font-weight: 400;\">, ce qui souligne notre engagement \u00e0 fournir des soins professionnels, complets et empreints de compassion.<\/span><\/p>\t\t\t\t\t\t\t\t<\/div>\n\t\t\t\t<\/div>\n\t\t\t\t\t<\/div>\n\t\t\t\t<\/div>\n\t\t\t\t<\/div>\n\t\t\t\t\t<\/div>\n\t\t\t\t<\/div>\n\t\t<div class=\"elementor-element elementor-element-20079d70 e-con-full e-flex e-con e-parent\" data-id=\"20079d70\" data-element_type=\"container\" data-e-type=\"container\" data-settings=\"{&quot;background_background&quot;:&quot;classic&quot;}\">\n\t\t\t\t<div class=\"elementor-element elementor-element-297c55e elementor-widget elementor-widget-heading\" data-id=\"297c55e\" data-element_type=\"widget\" data-e-type=\"widget\" data-widget_type=\"heading.default\">\n\t\t\t\t\t\t<div class=\"elementor-widget-container\">\n\t\t\t\t\t<h2 class=\"elementor-heading-title elementor-size-default\"><span style=\"font-weight:400\">Questions<\/span> Fr\u00e9quemment Pos\u00e9es<\/h2>\t\t\t\t<\/div>\n\t\t\t\t<\/div>\n\t\t\t\t<div class=\"elementor-element elementor-element-4a974430 elementor-widget elementor-widget-toggle\" data-id=\"4a974430\" data-element_type=\"widget\" data-e-type=\"widget\" data-widget_type=\"toggle.default\">\n\t\t\t\t\t\t<div class=\"elementor-widget-container\">\n\t\t\t\t\t\t\t<div class=\"elementor-toggle\">\n\t\t\t\t\t\t\t<div class=\"elementor-toggle-item\">\n\t\t\t\t\t<div id=\"elementor-tab-title-1251\" class=\"elementor-tab-title\" data-tab=\"1\" role=\"button\" aria-controls=\"elementor-tab-content-1251\" aria-expanded=\"false\">\n\t\t\t\t\t\t\t\t\t\t\t\t<span class=\"elementor-toggle-icon elementor-toggle-icon-right\" aria-hidden=\"true\">\n\t\t\t\t\t\t\t\t\t\t\t\t\t\t\t<span class=\"elementor-toggle-icon-closed\"><i class=\"fas fa-caret-down\"><\/i><\/span>\n\t\t\t\t\t\t\t\t<span class=\"elementor-toggle-icon-opened\"><i class=\"elementor-toggle-icon-opened fas fa-caret-up\"><\/i><\/span>\n\t\t\t\t\t\t\t\t\t\t\t\t\t<\/span>\n\t\t\t\t\t\t\t\t\t\t\t\t<a class=\"elementor-toggle-title\" tabindex=\"0\"><span style=\"font-weight:400;\">Combien de s\u00e9ances de radiofr\u00e9quence<\/span> me faudra-t-il ?<\/a>\n\t\t\t\t\t<\/div>\n\n\t\t\t\t\t<div id=\"elementor-tab-content-1251\" class=\"elementor-tab-content elementor-clearfix\" data-tab=\"1\" role=\"region\" aria-labelledby=\"elementor-tab-title-1251\"><p><span style=\"font-weight: 400;\">En r\u00e8gle g\u00e9n\u00e9rale, le traitement par radiofr\u00e9quence comprend quatre s\u00e9ances espac\u00e9es de quelques semaines. Votre plan de traitement sp\u00e9cifique sera adapt\u00e9 \u00e0 vos besoins par notre \u00e9quipe d&rsquo;experts.<\/span><\/p>\n<\/div>\n\t\t\t\t<\/div>\n\t\t\t\t\t\t\t<div class=\"elementor-toggle-item\">\n\t\t\t\t\t<div id=\"elementor-tab-title-1252\" class=\"elementor-tab-title\" data-tab=\"2\" role=\"button\" aria-controls=\"elementor-tab-content-1252\" aria-expanded=\"false\">\n\t\t\t\t\t\t\t\t\t\t\t\t<span class=\"elementor-toggle-icon elementor-toggle-icon-right\" aria-hidden=\"true\">\n\t\t\t\t\t\t\t\t\t\t\t\t\t\t\t<span class=\"elementor-toggle-icon-closed\"><i class=\"fas fa-caret-down\"><\/i><\/span>\n\t\t\t\t\t\t\t\t<span class=\"elementor-toggle-icon-opened\"><i class=\"elementor-toggle-icon-opened fas fa-caret-up\"><\/i><\/span>\n\t\t\t\t\t\t\t\t\t\t\t\t\t<\/span>\n\t\t\t\t\t\t\t\t\t\t\t\t<a class=\"elementor-toggle-title\" tabindex=\"0\">La th\u00e9rapie par radiofr\u00e9quence est-elle <span style=\"font-weight:400;\">s\u00e9curitaire<\/span>?<\/a>\n\t\t\t\t\t<\/div>\n\n\t\t\t\t\t<div id=\"elementor-tab-content-1252\" class=\"elementor-tab-content elementor-clearfix\" data-tab=\"2\" role=\"region\" aria-labelledby=\"elementor-tab-title-1252\"><p><span style=\"font-weight: 400;\">Oui, la th\u00e9rapie par radiofr\u00e9quence est un traitement s\u00fbr et bien tol\u00e9r\u00e9 de la s\u00e9cheresse oculaire. Les effets secondaires courants sont l\u00e9gers et comprennent une rougeur ou un gonflement temporaire autour de la zone trait\u00e9e.<\/span><\/p>\n<\/div>\n\t\t\t\t<\/div>\n\t\t\t\t\t\t\t<div class=\"elementor-toggle-item\">\n\t\t\t\t\t<div id=\"elementor-tab-title-1253\" class=\"elementor-tab-title\" data-tab=\"3\" role=\"button\" aria-controls=\"elementor-tab-content-1253\" aria-expanded=\"false\">\n\t\t\t\t\t\t\t\t\t\t\t\t<span class=\"elementor-toggle-icon elementor-toggle-icon-right\" aria-hidden=\"true\">\n\t\t\t\t\t\t\t\t\t\t\t\t\t\t\t<span class=\"elementor-toggle-icon-closed\"><i class=\"fas fa-caret-down\"><\/i><\/span>\n\t\t\t\t\t\t\t\t<span class=\"elementor-toggle-icon-opened\"><i class=\"elementor-toggle-icon-opened fas fa-caret-up\"><\/i><\/span>\n\t\t\t\t\t\t\t\t\t\t\t\t\t<\/span>\n\t\t\t\t\t\t\t\t\t\t\t\t<a class=\"elementor-toggle-title\" tabindex=\"0\">\u00c0 <span style=\"font-weight:400;\">quoi dois-je m'attendre <\/span> lors d'une s\u00e9ance de radiofr\u00e9quence ?<\/a>\n\t\t\t\t\t<\/div>\n\n\t\t\t\t\t<div id=\"elementor-tab-content-1253\" class=\"elementor-tab-content elementor-clearfix\" data-tab=\"3\" role=\"region\" aria-labelledby=\"elementor-tab-title-1253\"><p><span style=\"font-weight: 400;\">Au cours d&rsquo;une s\u00e9ance de RF, une chaleur contr\u00f4l\u00e9e est appliqu\u00e9e \u00e0 la peau autour de vos yeux. L&rsquo;intervention dure environ 15 \u00e0 20 minutes et est con\u00e7ue pour \u00eatre confortable avec un temps de r\u00e9cup\u00e9ration minimal.<\/span><\/p>\n<\/div>\n\t\t\t\t<\/div>\n\t\t\t\t\t\t\t<div class=\"elementor-toggle-item\">\n\t\t\t\t\t<div id=\"elementor-tab-title-1254\" class=\"elementor-tab-title\" data-tab=\"4\" role=\"button\" aria-controls=\"elementor-tab-content-1254\" aria-expanded=\"false\">\n\t\t\t\t\t\t\t\t\t\t\t\t<span class=\"elementor-toggle-icon elementor-toggle-icon-right\" aria-hidden=\"true\">\n\t\t\t\t\t\t\t\t\t\t\t\t\t\t\t<span class=\"elementor-toggle-icon-closed\"><i class=\"fas fa-caret-down\"><\/i><\/span>\n\t\t\t\t\t\t\t\t<span class=\"elementor-toggle-icon-opened\"><i class=\"elementor-toggle-icon-opened fas fa-caret-up\"><\/i><\/span>\n\t\t\t\t\t\t\t\t\t\t\t\t\t<\/span>\n\t\t\t\t\t\t\t\t\t\t\t\t<a class=\"elementor-toggle-title\" tabindex=\"0\">La th\u00e9rapie par radiofr\u00e9quence peut-elle \u00eatre <span style=\"font-weight:400;\">combin\u00e9e<\/span> \u00e0 d'autres traitements ?<\/a>\n\t\t\t\t\t<\/div>\n\n\t\t\t\t\t<div id=\"elementor-tab-content-1254\" class=\"elementor-tab-content elementor-clearfix\" data-tab=\"4\" role=\"region\" aria-labelledby=\"elementor-tab-title-1254\"><p><span style=\"font-weight: 400;\">Oui, la th\u00e9rapie par radiofr\u00e9quence peut \u00eatre associ\u00e9e \u00e0 la th\u00e9rapie IPL pour une approche globale du traitement du syndrome de l&rsquo;\u0153il sec. Cette combinaison permet d&rsquo;am\u00e9liorer les r\u00e9sultats en traitant plusieurs aspects de la maladie.<\/span><\/p>\n<\/div>\n\t\t\t\t<\/div>\n\t\t\t\t\t\t\t<div class=\"elementor-toggle-item\">\n\t\t\t\t\t<div id=\"elementor-tab-title-1255\" class=\"elementor-tab-title\" data-tab=\"5\" role=\"button\" aria-controls=\"elementor-tab-content-1255\" aria-expanded=\"false\">\n\t\t\t\t\t\t\t\t\t\t\t\t<span class=\"elementor-toggle-icon elementor-toggle-icon-right\" aria-hidden=\"true\">\n\t\t\t\t\t\t\t\t\t\t\t\t\t\t\t<span class=\"elementor-toggle-icon-closed\"><i class=\"fas fa-caret-down\"><\/i><\/span>\n\t\t\t\t\t\t\t\t<span class=\"elementor-toggle-icon-opened\"><i class=\"elementor-toggle-icon-opened fas fa-caret-up\"><\/i><\/span>\n\t\t\t\t\t\t\t\t\t\t\t\t\t<\/span>\n\t\t\t\t\t\t\t\t\t\t\t\t<a class=\"elementor-toggle-title\" tabindex=\"0\">Qui est un <span style=\"font-weight:400;\">bon candidat<\/span> pour la th\u00e9rapie par radiofr\u00e9quence ?<\/a>\n\t\t\t\t\t<\/div>\n\n\t\t\t\t\t<div id=\"elementor-tab-content-1255\" class=\"elementor-tab-content elementor-clearfix\" data-tab=\"5\" role=\"region\" aria-labelledby=\"elementor-tab-title-1255\"><p><span style=\"font-weight: 400;\">Les candidats id\u00e9aux sont ceux qui pr\u00e9sentent des sympt\u00f4mes chroniques de s\u00e9cheresse oculaire, notamment en raison d&rsquo;un dysfonctionnement des glandes de Meibomius, et qui recherchent des options de traitement non invasives et durables.<\/span><\/p>\n<\/div>\n\t\t\t\t<\/div>\n\t\t\t\t\t\t\t<div class=\"elementor-toggle-item\">\n\t\t\t\t\t<div id=\"elementor-tab-title-1256\" class=\"elementor-tab-title\" data-tab=\"6\" role=\"button\" aria-controls=\"elementor-tab-content-1256\" aria-expanded=\"false\">\n\t\t\t\t\t\t\t\t\t\t\t\t<span class=\"elementor-toggle-icon elementor-toggle-icon-right\" aria-hidden=\"true\">\n\t\t\t\t\t\t\t\t\t\t\t\t\t\t\t<span class=\"elementor-toggle-icon-closed\"><i class=\"fas fa-caret-down\"><\/i><\/span>\n\t\t\t\t\t\t\t\t<span class=\"elementor-toggle-icon-opened\"><i class=\"elementor-toggle-icon-opened fas fa-caret-up\"><\/i><\/span>\n\t\t\t\t\t\t\t\t\t\t\t\t\t<\/span>\n\t\t\t\t\t\t\t\t\t\t\t\t<a class=\"elementor-toggle-title\" tabindex=\"0\">Les <span style=\"font-weight:400;\">femmes enceintes ou qui allaitent<\/span> peuvent-elles suivre une th\u00e9rapie par radiofr\u00e9quence ?<\/a>\n\t\t\t\t\t<\/div>\n\n\t\t\t\t\t<div id=\"elementor-tab-content-1256\" class=\"elementor-tab-content elementor-clearfix\" data-tab=\"6\" role=\"region\" aria-labelledby=\"elementor-tab-title-1256\"><p><span style=\"font-weight: 400;\">La th\u00e9rapie par radiofr\u00e9quence n&rsquo;est pas recommand\u00e9e pour les femmes enceintes ou qui allaitent en raison de l&rsquo;absence de recherches suffisantes sur son innocuit\u00e9 pour ces populations.<\/span><\/p>\n<\/div>\n\t\t\t\t<\/div>\n\t\t\t\t\t\t\t<div class=\"elementor-toggle-item\">\n\t\t\t\t\t<div id=\"elementor-tab-title-1257\" class=\"elementor-tab-title\" data-tab=\"7\" role=\"button\" aria-controls=\"elementor-tab-content-1257\" aria-expanded=\"false\">\n\t\t\t\t\t\t\t\t\t\t\t\t<span class=\"elementor-toggle-icon elementor-toggle-icon-right\" aria-hidden=\"true\">\n\t\t\t\t\t\t\t\t\t\t\t\t\t\t\t<span class=\"elementor-toggle-icon-closed\"><i class=\"fas fa-caret-down\"><\/i><\/span>\n\t\t\t\t\t\t\t\t<span class=\"elementor-toggle-icon-opened\"><i class=\"elementor-toggle-icon-opened fas fa-caret-up\"><\/i><\/span>\n\t\t\t\t\t\t\t\t\t\t\t\t\t<\/span>\n\t\t\t\t\t\t\t\t\t\t\t\t<a class=\"elementor-toggle-title\" tabindex=\"0\">La th\u00e9rapie par radiofr\u00e9quence permet-elle \u00e9galement d'att\u00e9nuer les <span style=\"font-weight:400;\"> rides et ridules<\/span>?<\/a>\n\t\t\t\t\t<\/div>\n\n\t\t\t\t\t<div id=\"elementor-tab-content-1257\" class=\"elementor-tab-content elementor-clearfix\" data-tab=\"7\" role=\"region\" aria-labelledby=\"elementor-tab-title-1257\"><p><span style=\"font-weight: 400;\">Oui, la th\u00e9rapie par radiofr\u00e9quence peut am\u00e9liorer la texture de la peau et r\u00e9duire les rides et ridules, offrant ainsi d&rsquo;autres avantages cosm\u00e9tiques que le traitement de la s\u00e9cheresse oculaire.<\/span><\/p>\n<\/div>\n\t\t\t\t<\/div>\n\t\t\t\t\t\t\t<div class=\"elementor-toggle-item\">\n\t\t\t\t\t<div id=\"elementor-tab-title-1258\" class=\"elementor-tab-title\" data-tab=\"8\" role=\"button\" aria-controls=\"elementor-tab-content-1258\" aria-expanded=\"false\">\n\t\t\t\t\t\t\t\t\t\t\t\t<span class=\"elementor-toggle-icon elementor-toggle-icon-right\" aria-hidden=\"true\">\n\t\t\t\t\t\t\t\t\t\t\t\t\t\t\t<span class=\"elementor-toggle-icon-closed\"><i class=\"fas fa-caret-down\"><\/i><\/span>\n\t\t\t\t\t\t\t\t<span class=\"elementor-toggle-icon-opened\"><i class=\"elementor-toggle-icon-opened fas fa-caret-up\"><\/i><\/span>\n\t\t\t\t\t\t\t\t\t\t\t\t\t<\/span>\n\t\t\t\t\t\t\t\t\t\t\t\t<a class=\"elementor-toggle-title\" tabindex=\"0\">Mon <span style=\"font-weight:400;\">assurance <\/span>couvrira-t-elle la th\u00e9rapie IPL ?<\/a>\n\t\t\t\t\t<\/div>\n\n\t\t\t\t\t<div id=\"elementor-tab-content-1258\" class=\"elementor-tab-content elementor-clearfix\" data-tab=\"8\" role=\"region\" aria-labelledby=\"elementor-tab-title-1258\"><p><span style=\"font-weight: 400;\">La th\u00e9rapie par radiofr\u00e9quence pour la s\u00e9cheresse oculaire n&rsquo;est g\u00e9n\u00e9ralement pas prise en charge par les assurances. Nous vous recommandons de v\u00e9rifier les d\u00e9tails de la couverture aupr\u00e8s de votre assureur.<\/span><\/p>\n<\/div>\n\t\t\t\t<\/div>\n\t\t\t\t\t\t\t\t<\/div>\n\t\t\t\t\t\t<\/div>\n\t\t\t\t<\/div>\n\t\t\t\t<div class=\"elementor-element elementor-element-4dba95c elementor-align-center elementor-widget elementor-widget-button\" data-id=\"4dba95c\" data-element_type=\"widget\" data-e-type=\"widget\" data-widget_type=\"button.default\">\n\t\t\t\t\t\t<div class=\"elementor-widget-container\">\n\t\t\t\t\t\t\t\t\t<div class=\"elementor-button-wrapper\">\n\t\t\t\t\t<a class=\"elementor-button elementor-button-link elementor-size-sm\" href=\"https:\/\/cliniquevisionpros.com\/fr\/prendre-rendez-vous\/\">\n\t\t\t\t\t\t<span class=\"elementor-button-content-wrapper\">\n\t\t\t\t\t\t<span class=\"elementor-button-icon\">\n\t\t\t\t<i aria-hidden=\"true\" class=\"fas fa-arrow-right\"><\/i>\t\t\t<\/span>\n\t\t\t\t\t\t\t\t\t<span class=\"elementor-button-text\">Prendre rendez-vous<\/span>\n\t\t\t\t\t<\/span>\n\t\t\t\t\t<\/a>\n\t\t\t\t<\/div>\n\t\t\t\t\t\t\t\t<\/div>\n\t\t\t\t<\/div>\n\t\t\t\t<\/div>\n\t\t<div class=\"elementor-element elementor-element-412ec7d e-con-full e-flex e-con e-parent\" data-id=\"412ec7d\" data-element_type=\"container\" data-e-type=\"container\" data-settings=\"{&quot;background_background&quot;:&quot;classic&quot;}\">\n\t\t<div class=\"elementor-element elementor-element-1315e97 e-con-full e-flex e-con e-child\" data-id=\"1315e97\" data-element_type=\"container\" data-e-type=\"container\" data-settings=\"{&quot;background_background&quot;:&quot;classic&quot;}\">\n\t\t\t\t<div class=\"elementor-element elementor-element-b78049c elementor-widget elementor-widget-heading\" data-id=\"b78049c\" data-element_type=\"widget\" data-e-type=\"widget\" data-widget_type=\"heading.default\">\n\t\t\t\t\t\t<div class=\"elementor-widget-container\">\n\t\t\t\t\t<h2 class=\"elementor-heading-title elementor-size-default\"><span style=\"font-weight:400\">Affiliations<\/span> pass\u00e9es et pr\u00e9sentes<\/h2>\t\t\t\t<\/div>\n\t\t\t\t<\/div>\n\t\t\t\t<div class=\"elementor-element elementor-element-a1f3f16 uael-ins-normal uael-img-carousel-arrow-outside elementor-widget elementor-widget-uael-image-gallery\" data-id=\"a1f3f16\" data-element_type=\"widget\" data-e-type=\"widget\" data-settings=\"{&quot;column_gap&quot;:{&quot;unit&quot;:&quot;px&quot;,&quot;size&quot;:80,&quot;sizes&quot;:[]},&quot;slides_to_show&quot;:4,&quot;slides_to_show_tablet&quot;:3,&quot;slides_to_show_mobile&quot;:2,&quot;slides_to_scroll&quot;:1,&quot;slides_to_scroll_tablet&quot;:1,&quot;slides_to_scroll_mobile&quot;:1,&quot;column_gap_widescreen&quot;:{&quot;unit&quot;:&quot;px&quot;,&quot;size&quot;:&quot;&quot;,&quot;sizes&quot;:[]},&quot;column_gap_laptop&quot;:{&quot;unit&quot;:&quot;px&quot;,&quot;size&quot;:&quot;&quot;,&quot;sizes&quot;:[]},&quot;column_gap_tablet_extra&quot;:{&quot;unit&quot;:&quot;px&quot;,&quot;size&quot;:&quot;&quot;,&quot;sizes&quot;:[]},&quot;column_gap_tablet&quot;:{&quot;unit&quot;:&quot;px&quot;,&quot;size&quot;:&quot;&quot;,&quot;sizes&quot;:[]},&quot;column_gap_mobile_extra&quot;:{&quot;unit&quot;:&quot;px&quot;,&quot;size&quot;:&quot;&quot;,&quot;sizes&quot;:[]},&quot;column_gap_mobile&quot;:{&quot;unit&quot;:&quot;px&quot;,&quot;size&quot;:&quot;&quot;,&quot;sizes&quot;:[]}}\" data-widget_type=\"uael-image-gallery.default\">\n\t\t\t\t\t\t<div class=\"elementor-widget-container\">\n\t\t\t\t\t<div class=\"uael-gallery-parent uael-caption- uael-gallery-unjustified\"><div data-image_carousel=\"{&quot;slidesToShow&quot;:4,&quot;slidesToScroll&quot;:1,&quot;autoplaySpeed&quot;:5000,&quot;autoplay&quot;:false,&quot;infinite&quot;:true,&quot;pauseOnHover&quot;:true,&quot;speed&quot;:500,&quot;arrows&quot;:true,&quot;dots&quot;:true,&quot;rtl&quot;:false,&quot;responsive&quot;:[{&quot;breakpoint&quot;:1024,&quot;settings&quot;:{&quot;slidesToShow&quot;:3,&quot;slidesToScroll&quot;:1}},{&quot;breakpoint&quot;:767,&quot;settings&quot;:{&quot;slidesToShow&quot;:2,&quot;slidesToScroll&quot;:1}}]}\" class=\"uael-img-gallery-wrap uael-img-carousel-wrap uael-nav-both\" data-filter-default=\"Tous\"><div class=\"uael-grid-item  uael-img-gallery-item-1\"><div class=\"uael-grid-item-content\"><a class=\"uael-grid-img uael-grid-gallery-img uael-ins-hover elementor-clickable\" target=\"_blank\" rel=\"dofollow\" href=\"https:\/\/cliniquevisionpros.com\/wp-content\/uploads\/2024\/06\/2020-08-05-e1720461020627.jpg\" data-elementor-open-lightbox=\"no\"><div class=\"uael-grid-img-thumbnail uael-ins-target\"><img loading=\"lazy\" decoding=\"async\" width=\"300\" height=\"68\" src=\"https:\/\/cliniquevisionpros.com\/wp-content\/uploads\/2024\/06\/2020-08-05-e1720461020627-300x68.jpg\" class=\"attachment-medium size-medium wp-image-900\" alt=\"\" srcset=\"https:\/\/cliniquevisionpros.com\/wp-content\/uploads\/2024\/06\/2020-08-05-e1720461020627-300x68.jpg 300w, https:\/\/cliniquevisionpros.com\/wp-content\/uploads\/2024\/06\/2020-08-05-e1720461020627.jpg 553w\" sizes=\"(max-width: 300px) 100vw, 300px\" \/><\/div><div class=\"uael-grid-img-overlay\"><\/div><\/a><\/div><\/div><div class=\"uael-grid-item  uael-img-gallery-item-2\"><div class=\"uael-grid-item-content\"><a class=\"uael-grid-img uael-grid-gallery-img uael-ins-hover elementor-clickable\" target=\"_blank\" rel=\"dofollow\" href=\"https:\/\/cliniquevisionpros.com\/wp-content\/uploads\/2024\/06\/CAO-logo-mobile.png\" data-elementor-open-lightbox=\"no\"><div class=\"uael-grid-img-thumbnail uael-ins-target\"><img loading=\"lazy\" decoding=\"async\" width=\"300\" height=\"90\" src=\"https:\/\/cliniquevisionpros.com\/wp-content\/uploads\/2024\/06\/CAO-logo-mobile-300x90.png\" class=\"attachment-medium size-medium wp-image-902\" alt=\"\" srcset=\"https:\/\/cliniquevisionpros.com\/wp-content\/uploads\/2024\/06\/CAO-logo-mobile-300x90.png 300w, https:\/\/cliniquevisionpros.com\/wp-content\/uploads\/2024\/06\/CAO-logo-mobile.png 420w\" sizes=\"(max-width: 300px) 100vw, 300px\" \/><\/div><div class=\"uael-grid-img-overlay\"><\/div><\/a><\/div><\/div><div class=\"uael-grid-item  uael-img-gallery-item-3\"><div class=\"uael-grid-item-content\"><a class=\"uael-grid-img uael-grid-gallery-img uael-ins-hover elementor-clickable\" target=\"_blank\" rel=\"dofollow\" href=\"https:\/\/cliniquevisionpros.com\/wp-content\/uploads\/2024\/06\/1-scaled.jpeg\" data-elementor-open-lightbox=\"no\"><div class=\"uael-grid-img-thumbnail uael-ins-target\"><img loading=\"lazy\" decoding=\"async\" width=\"300\" height=\"110\" src=\"https:\/\/cliniquevisionpros.com\/wp-content\/uploads\/2024\/06\/1-300x110.jpeg\" class=\"attachment-medium size-medium wp-image-898\" alt=\"\" srcset=\"https:\/\/cliniquevisionpros.com\/wp-content\/uploads\/2024\/06\/1-300x110.jpeg 300w, https:\/\/cliniquevisionpros.com\/wp-content\/uploads\/2024\/06\/1-1024x377.jpeg 1024w, https:\/\/cliniquevisionpros.com\/wp-content\/uploads\/2024\/06\/1-768x282.jpeg 768w, https:\/\/cliniquevisionpros.com\/wp-content\/uploads\/2024\/06\/1-1536x565.jpeg 1536w, https:\/\/cliniquevisionpros.com\/wp-content\/uploads\/2024\/06\/1-2048x753.jpeg 2048w\" sizes=\"(max-width: 300px) 100vw, 300px\" \/><\/div><div class=\"uael-grid-img-overlay\"><\/div><\/a><\/div><\/div><div class=\"uael-grid-item  uael-img-gallery-item-4\"><div class=\"uael-grid-item-content\"><a class=\"uael-grid-img uael-grid-gallery-img uael-ins-hover elementor-clickable\" target=\"_blank\" rel=\"dofollow\" href=\"https:\/\/cliniquevisionpros.com\/wp-content\/uploads\/2024\/06\/Royal_College_of_Physicians_and_Surgeons_of_Canada_Logo.svg.png\" data-elementor-open-lightbox=\"no\"><div class=\"uael-grid-img-thumbnail uael-ins-target\"><img loading=\"lazy\" decoding=\"async\" width=\"300\" height=\"123\" src=\"https:\/\/cliniquevisionpros.com\/wp-content\/uploads\/2024\/06\/Royal_College_of_Physicians_and_Surgeons_of_Canada_Logo.svg-300x123.png\" class=\"attachment-medium size-medium wp-image-896\" alt=\"\" srcset=\"https:\/\/cliniquevisionpros.com\/wp-content\/uploads\/2024\/06\/Royal_College_of_Physicians_and_Surgeons_of_Canada_Logo.svg-300x123.png 300w, https:\/\/cliniquevisionpros.com\/wp-content\/uploads\/2024\/06\/Royal_College_of_Physicians_and_Surgeons_of_Canada_Logo.svg-1024x418.png 1024w, https:\/\/cliniquevisionpros.com\/wp-content\/uploads\/2024\/06\/Royal_College_of_Physicians_and_Surgeons_of_Canada_Logo.svg-768x314.png 768w, https:\/\/cliniquevisionpros.com\/wp-content\/uploads\/2024\/06\/Royal_College_of_Physicians_and_Surgeons_of_Canada_Logo.svg.png 1200w\" sizes=\"(max-width: 300px) 100vw, 300px\" \/><\/div><div class=\"uael-grid-img-overlay\"><\/div><\/a><\/div><\/div><div class=\"uael-grid-item  uael-img-gallery-item-5\"><div class=\"uael-grid-item-content\"><a class=\"uael-grid-img uael-grid-gallery-img uael-ins-hover elementor-clickable\" target=\"_blank\" rel=\"dofollow\" href=\"https:\/\/cliniquevisionpros.com\/wp-content\/uploads\/2024\/06\/Illinois_College_of_Optometry_logo.png\" data-elementor-open-lightbox=\"no\"><div class=\"uael-grid-img-thumbnail uael-ins-target\"><img loading=\"lazy\" decoding=\"async\" width=\"300\" height=\"116\" src=\"https:\/\/cliniquevisionpros.com\/wp-content\/uploads\/2024\/06\/Illinois_College_of_Optometry_logo-300x116.png\" class=\"attachment-medium size-medium wp-image-894\" alt=\"\" srcset=\"https:\/\/cliniquevisionpros.com\/wp-content\/uploads\/2024\/06\/Illinois_College_of_Optometry_logo-300x116.png 300w, https:\/\/cliniquevisionpros.com\/wp-content\/uploads\/2024\/06\/Illinois_College_of_Optometry_logo-1024x394.png 1024w, https:\/\/cliniquevisionpros.com\/wp-content\/uploads\/2024\/06\/Illinois_College_of_Optometry_logo-768x296.png 768w, https:\/\/cliniquevisionpros.com\/wp-content\/uploads\/2024\/06\/Illinois_College_of_Optometry_logo.png 1200w\" sizes=\"(max-width: 300px) 100vw, 300px\" \/><\/div><div class=\"uael-grid-img-overlay\"><\/div><\/a><\/div><\/div><div class=\"uael-grid-item  uael-img-gallery-item-6\"><div class=\"uael-grid-item-content\"><a class=\"uael-grid-img uael-grid-gallery-img uael-ins-hover elementor-clickable\" target=\"_blank\" rel=\"dofollow\" href=\"https:\/\/cliniquevisionpros.com\/wp-content\/uploads\/2024\/06\/86a9b8_1bbbf98b563d4033aadad75dc8d5f496mv2.jpg\" data-elementor-open-lightbox=\"no\"><div class=\"uael-grid-img-thumbnail uael-ins-target\"><img loading=\"lazy\" decoding=\"async\" width=\"300\" height=\"138\" src=\"https:\/\/cliniquevisionpros.com\/wp-content\/uploads\/2024\/06\/86a9b8_1bbbf98b563d4033aadad75dc8d5f496mv2-300x138.jpg\" class=\"attachment-medium size-medium wp-image-892\" alt=\"\" srcset=\"https:\/\/cliniquevisionpros.com\/wp-content\/uploads\/2024\/06\/86a9b8_1bbbf98b563d4033aadad75dc8d5f496mv2-300x138.jpg 300w, https:\/\/cliniquevisionpros.com\/wp-content\/uploads\/2024\/06\/86a9b8_1bbbf98b563d4033aadad75dc8d5f496mv2-1024x469.jpg 1024w, https:\/\/cliniquevisionpros.com\/wp-content\/uploads\/2024\/06\/86a9b8_1bbbf98b563d4033aadad75dc8d5f496mv2-768x352.jpg 768w, https:\/\/cliniquevisionpros.com\/wp-content\/uploads\/2024\/06\/86a9b8_1bbbf98b563d4033aadad75dc8d5f496mv2-1536x704.jpg 1536w, https:\/\/cliniquevisionpros.com\/wp-content\/uploads\/2024\/06\/86a9b8_1bbbf98b563d4033aadad75dc8d5f496mv2.jpg 1800w\" sizes=\"(max-width: 300px) 100vw, 300px\" \/><\/div><div class=\"uael-grid-img-overlay\"><\/div><\/a><\/div><\/div><div class=\"uael-grid-item  uael-img-gallery-item-7\"><div class=\"uael-grid-item-content\"><a class=\"uael-grid-img uael-grid-gallery-img uael-ins-hover elementor-clickable\" target=\"_blank\" rel=\"dofollow\" href=\"https:\/\/cliniquevisionpros.com\/wp-content\/uploads\/2024\/06\/obwXgynzp0-e1720460631102.webp\" data-elementor-open-lightbox=\"no\"><div class=\"uael-grid-img-thumbnail uael-ins-target\"><img loading=\"lazy\" decoding=\"async\" width=\"300\" height=\"113\" src=\"https:\/\/cliniquevisionpros.com\/wp-content\/uploads\/2024\/06\/obwXgynzp0-e1720460631102-300x113.webp\" class=\"attachment-medium size-medium wp-image-890\" alt=\"\" srcset=\"https:\/\/cliniquevisionpros.com\/wp-content\/uploads\/2024\/06\/obwXgynzp0-e1720460631102-300x113.webp 300w, https:\/\/cliniquevisionpros.com\/wp-content\/uploads\/2024\/06\/obwXgynzp0-e1720460631102-1024x386.webp 1024w, https:\/\/cliniquevisionpros.com\/wp-content\/uploads\/2024\/06\/obwXgynzp0-e1720460631102-768x289.webp 768w, https:\/\/cliniquevisionpros.com\/wp-content\/uploads\/2024\/06\/obwXgynzp0-e1720460631102.webp 1200w\" sizes=\"(max-width: 300px) 100vw, 300px\" \/><\/div><div class=\"uael-grid-img-overlay\"><\/div><\/a><\/div><\/div><\/div><\/div>\t\t\t\t<\/div>\n\t\t\t\t<\/div>\n\t\t\t\t<\/div>\n\t\t\t\t<\/div>\n\t\t\t\t<\/div>\n\t\t","protected":false},"excerpt":{"rendered":"<p>RF pour la s\u00e9cheresse oculaire \u00e0 Montr\u00e9al B\u00e9n\u00e9ficiez d&rsquo;un confort durable gr\u00e2ce \u00e0 la th\u00e9rapie par radiofr\u00e9quence D\u00e9couvrez comment la th\u00e9rapie par radiofr\u00e9quence cible la s\u00e9cheresse oculaire et apporte un soulagement efficace et durable. Prendre rendez-vous Supporter les sympt\u00f4mes du syndrome de l&rsquo;\u0153il sec peut s&rsquo;av\u00e9rer extr\u00eamement difficile. La g\u00eane permanente, les rougeurs et la [&hellip;]<\/p>\n","protected":false},"author":2,"featured_media":0,"parent":0,"menu_order":0,"comment_status":"closed","ping_status":"closed","template":"","meta":{"site-sidebar-layout":"no-sidebar","site-content-layout":"page-builder","ast-site-content-layout":"full-width-container","site-content-style":"unboxed","site-sidebar-style":"unboxed","ast-global-header-display":"","ast-banner-title-visibility":"","ast-main-header-display":"","ast-hfb-above-header-display":"","ast-hfb-below-header-display":"","ast-hfb-mobile-header-display":"","site-post-title":"disabled","ast-breadcrumbs-content":"","ast-featured-img":"disabled","footer-sml-layout":"","theme-transparent-header-meta":"","adv-header-id-meta":"","stick-header-meta":"","header-above-stick-meta":"","header-main-stick-meta":"","header-below-stick-meta":"","astra-migrate-meta-layouts":"default","ast-page-background-enabled":"default","ast-page-background-meta":{"desktop":{"background-color":"var(--ast-global-color-4)","background-image":"","background-repeat":"repeat","background-position":"center center","background-size":"auto","background-attachment":"scroll","background-type":"","background-media":"","overlay-type":"","overlay-color":"","overlay-opacity":"","overlay-gradient":""},"tablet":{"background-color":"","background-image":"","background-repeat":"repeat","background-position":"center center","background-size":"auto","background-attachment":"scroll","background-type":"","background-media":"","overlay-type":"","overlay-color":"","overlay-opacity":"","overlay-gradient":""},"mobile":{"background-color":"","background-image":"","background-repeat":"repeat","background-position":"center center","background-size":"auto","background-attachment":"scroll","background-type":"","background-media":"","overlay-type":"","overlay-color":"","overlay-opacity":"","overlay-gradient":""}},"ast-content-background-meta":{"desktop":{"background-color":"var(--ast-global-color-5)","background-image":"","background-repeat":"repeat","background-position":"center center","background-size":"auto","background-attachment":"scroll","background-type":"","background-media":"","overlay-type":"","overlay-color":"","overlay-opacity":"","overlay-gradient":""},"tablet":{"background-color":"var(--ast-global-color-5)","background-image":"","background-repeat":"repeat","background-position":"center center","background-size":"auto","background-attachment":"scroll","background-type":"","background-media":"","overlay-type":"","overlay-color":"","overlay-opacity":"","overlay-gradient":""},"mobile":{"background-color":"var(--ast-global-color-5)","background-image":"","background-repeat":"repeat","background-position":"center center","background-size":"auto","background-attachment":"scroll","background-type":"","background-media":"","overlay-type":"","overlay-color":"","overlay-opacity":"","overlay-gradient":""}},"footnotes":""},"class_list":["post-1200","page","type-page","status-publish","hentry"],"yoast_head":"<!-- This site is optimized with the Yoast SEO plugin v27.4 - https:\/\/yoast.com\/product\/yoast-seo-wordpress\/ -->\n<title>Traitement de la s\u00e9cheresse oculaire par radiofr\u00e9quence | VisionPros<\/title>\n<meta name=\"description\" content=\"D\u00e9couvrez les avantages de la th\u00e9rapie par radiofr\u00e9quence (RF) pour la s\u00e9cheresse oculaire. Ce traitement de pointe apporte un soulagement durable des sympt\u00f4mes des yeux secs.\" \/>\n<meta name=\"robots\" content=\"index, follow, max-snippet:-1, max-image-preview:large, max-video-preview:-1\" \/>\n<link rel=\"canonical\" href=\"https:\/\/cliniquevisionpros.com\/fr\/radiofrequence-yeux-secs\/\" \/>\n<meta property=\"og:locale\" content=\"fr_FR\" \/>\n<meta property=\"og:type\" content=\"article\" \/>\n<meta property=\"og:title\" content=\"Traitement de la s\u00e9cheresse oculaire par radiofr\u00e9quence | VisionPros\" \/>\n<meta property=\"og:description\" content=\"D\u00e9couvrez les avantages de la th\u00e9rapie par radiofr\u00e9quence (RF) pour la s\u00e9cheresse oculaire. Ce traitement de pointe apporte un soulagement durable des sympt\u00f4mes des yeux secs.\" \/>\n<meta property=\"og:url\" content=\"https:\/\/cliniquevisionpros.com\/fr\/radiofrequence-yeux-secs\/\" \/>\n<meta property=\"og:site_name\" content=\"Clinique VisionPros\" \/>\n<meta property=\"article:modified_time\" content=\"2025-07-18T19:59:21+00:00\" \/>\n<meta property=\"og:image\" content=\"https:\/\/cliniquevisionpros.com\/wp-content\/uploads\/2025\/07\/VisionPros-2-scaled.jpg\" \/>\n\t<meta property=\"og:image:width\" content=\"1920\" \/>\n\t<meta property=\"og:image:height\" content=\"1280\" \/>\n\t<meta property=\"og:image:type\" content=\"image\/jpeg\" \/>\n<meta name=\"twitter:card\" content=\"summary_large_image\" \/>\n<meta name=\"twitter:label1\" content=\"Dur\u00e9e de lecture estim\u00e9e\" \/>\n\t<meta name=\"twitter:data1\" content=\"13 minutes\" \/>\n<script type=\"application\/ld+json\" class=\"yoast-schema-graph\">{\"@context\":\"https:\\\/\\\/schema.org\",\"@graph\":[{\"@type\":\"WebPage\",\"@id\":\"https:\\\/\\\/cliniquevisionpros.com\\\/fr\\\/radiofrequence-yeux-secs\\\/\",\"url\":\"https:\\\/\\\/cliniquevisionpros.com\\\/fr\\\/radiofrequence-yeux-secs\\\/\",\"name\":\"Traitement de la s\u00e9cheresse oculaire par radiofr\u00e9quence | VisionPros\",\"isPartOf\":{\"@id\":\"https:\\\/\\\/cliniquevisionpros.com\\\/fr\\\/#website\"},\"primaryImageOfPage\":{\"@id\":\"https:\\\/\\\/cliniquevisionpros.com\\\/fr\\\/radiofrequence-yeux-secs\\\/#primaryimage\"},\"image\":{\"@id\":\"https:\\\/\\\/cliniquevisionpros.com\\\/fr\\\/radiofrequence-yeux-secs\\\/#primaryimage\"},\"thumbnailUrl\":\"https:\\\/\\\/cliniquevisionpros.com\\\/wp-content\\\/uploads\\\/2025\\\/07\\\/VisionPros-2-1024x683.jpg\",\"datePublished\":\"2024-07-05T13:07:20+00:00\",\"dateModified\":\"2025-07-18T19:59:21+00:00\",\"description\":\"D\u00e9couvrez les avantages de la th\u00e9rapie par radiofr\u00e9quence (RF) pour la s\u00e9cheresse oculaire. Ce traitement de pointe apporte un soulagement durable des sympt\u00f4mes des yeux secs.\",\"breadcrumb\":{\"@id\":\"https:\\\/\\\/cliniquevisionpros.com\\\/fr\\\/radiofrequence-yeux-secs\\\/#breadcrumb\"},\"inLanguage\":\"fr-FR\",\"potentialAction\":[{\"@type\":\"ReadAction\",\"target\":[\"https:\\\/\\\/cliniquevisionpros.com\\\/fr\\\/radiofrequence-yeux-secs\\\/\"]}]},{\"@type\":\"ImageObject\",\"inLanguage\":\"fr-FR\",\"@id\":\"https:\\\/\\\/cliniquevisionpros.com\\\/fr\\\/radiofrequence-yeux-secs\\\/#primaryimage\",\"url\":\"https:\\\/\\\/cliniquevisionpros.com\\\/wp-content\\\/uploads\\\/2025\\\/07\\\/VisionPros-2-1024x683.jpg\",\"contentUrl\":\"https:\\\/\\\/cliniquevisionpros.com\\\/wp-content\\\/uploads\\\/2025\\\/07\\\/VisionPros-2-1024x683.jpg\"},{\"@type\":\"BreadcrumbList\",\"@id\":\"https:\\\/\\\/cliniquevisionpros.com\\\/fr\\\/radiofrequence-yeux-secs\\\/#breadcrumb\",\"itemListElement\":[{\"@type\":\"ListItem\",\"position\":1,\"name\":\"Home\",\"item\":\"https:\\\/\\\/cliniquevisionpros.com\\\/fr\\\/\"},{\"@type\":\"ListItem\",\"position\":2,\"name\":\"Traitement de la s\u00e9cheresse oculaire &#8211; RF\"}]},{\"@type\":\"WebSite\",\"@id\":\"https:\\\/\\\/cliniquevisionpros.com\\\/fr\\\/#website\",\"url\":\"https:\\\/\\\/cliniquevisionpros.com\\\/fr\\\/\",\"name\":\"Clinique VisionPros\",\"description\":\"Ophthalmology clinic in Montreal\",\"publisher\":{\"@id\":\"https:\\\/\\\/cliniquevisionpros.com\\\/fr\\\/#organization\"},\"potentialAction\":[{\"@type\":\"SearchAction\",\"target\":{\"@type\":\"EntryPoint\",\"urlTemplate\":\"https:\\\/\\\/cliniquevisionpros.com\\\/fr\\\/?s={search_term_string}\"},\"query-input\":{\"@type\":\"PropertyValueSpecification\",\"valueRequired\":true,\"valueName\":\"search_term_string\"}}],\"inLanguage\":\"fr-FR\"},{\"@type\":\"Organization\",\"@id\":\"https:\\\/\\\/cliniquevisionpros.com\\\/fr\\\/#organization\",\"name\":\"Clinique Vision Pros\",\"url\":\"https:\\\/\\\/cliniquevisionpros.com\\\/fr\\\/\",\"logo\":{\"@type\":\"ImageObject\",\"inLanguage\":\"fr-FR\",\"@id\":\"https:\\\/\\\/cliniquevisionpros.com\\\/fr\\\/#\\\/schema\\\/logo\\\/image\\\/\",\"url\":\"https:\\\/\\\/cliniquevisionpros.com\\\/wp-content\\\/uploads\\\/2023\\\/08\\\/VISION_PROS_LOGO_FINAL_BLACK.svg\",\"contentUrl\":\"https:\\\/\\\/cliniquevisionpros.com\\\/wp-content\\\/uploads\\\/2023\\\/08\\\/VISION_PROS_LOGO_FINAL_BLACK.svg\",\"caption\":\"Clinique Vision Pros\"},\"image\":{\"@id\":\"https:\\\/\\\/cliniquevisionpros.com\\\/fr\\\/#\\\/schema\\\/logo\\\/image\\\/\"}}]}<\/script>\n<!-- \/ Yoast SEO plugin. -->","yoast_head_json":{"title":"Traitement de la s\u00e9cheresse oculaire par radiofr\u00e9quence | VisionPros","description":"D\u00e9couvrez les avantages de la th\u00e9rapie par radiofr\u00e9quence (RF) pour la s\u00e9cheresse oculaire. Ce traitement de pointe apporte un soulagement durable des sympt\u00f4mes des yeux secs.","robots":{"index":"index","follow":"follow","max-snippet":"max-snippet:-1","max-image-preview":"max-image-preview:large","max-video-preview":"max-video-preview:-1"},"canonical":"https:\/\/cliniquevisionpros.com\/fr\/radiofrequence-yeux-secs\/","og_locale":"fr_FR","og_type":"article","og_title":"Traitement de la s\u00e9cheresse oculaire par radiofr\u00e9quence | VisionPros","og_description":"D\u00e9couvrez les avantages de la th\u00e9rapie par radiofr\u00e9quence (RF) pour la s\u00e9cheresse oculaire. Ce traitement de pointe apporte un soulagement durable des sympt\u00f4mes des yeux secs.","og_url":"https:\/\/cliniquevisionpros.com\/fr\/radiofrequence-yeux-secs\/","og_site_name":"Clinique VisionPros","article_modified_time":"2025-07-18T19:59:21+00:00","og_image":[{"width":1920,"height":1280,"url":"https:\/\/cliniquevisionpros.com\/wp-content\/uploads\/2025\/07\/VisionPros-2-scaled.jpg","type":"image\/jpeg"}],"twitter_card":"summary_large_image","twitter_misc":{"Dur\u00e9e de lecture estim\u00e9e":"13 minutes"},"schema":{"@context":"https:\/\/schema.org","@graph":[{"@type":"WebPage","@id":"https:\/\/cliniquevisionpros.com\/fr\/radiofrequence-yeux-secs\/","url":"https:\/\/cliniquevisionpros.com\/fr\/radiofrequence-yeux-secs\/","name":"Traitement de la s\u00e9cheresse oculaire par radiofr\u00e9quence | VisionPros","isPartOf":{"@id":"https:\/\/cliniquevisionpros.com\/fr\/#website"},"primaryImageOfPage":{"@id":"https:\/\/cliniquevisionpros.com\/fr\/radiofrequence-yeux-secs\/#primaryimage"},"image":{"@id":"https:\/\/cliniquevisionpros.com\/fr\/radiofrequence-yeux-secs\/#primaryimage"},"thumbnailUrl":"https:\/\/cliniquevisionpros.com\/wp-content\/uploads\/2025\/07\/VisionPros-2-1024x683.jpg","datePublished":"2024-07-05T13:07:20+00:00","dateModified":"2025-07-18T19:59:21+00:00","description":"D\u00e9couvrez les avantages de la th\u00e9rapie par radiofr\u00e9quence (RF) pour la s\u00e9cheresse oculaire. Ce traitement de pointe apporte un soulagement durable des sympt\u00f4mes des yeux secs.","breadcrumb":{"@id":"https:\/\/cliniquevisionpros.com\/fr\/radiofrequence-yeux-secs\/#breadcrumb"},"inLanguage":"fr-FR","potentialAction":[{"@type":"ReadAction","target":["https:\/\/cliniquevisionpros.com\/fr\/radiofrequence-yeux-secs\/"]}]},{"@type":"ImageObject","inLanguage":"fr-FR","@id":"https:\/\/cliniquevisionpros.com\/fr\/radiofrequence-yeux-secs\/#primaryimage","url":"https:\/\/cliniquevisionpros.com\/wp-content\/uploads\/2025\/07\/VisionPros-2-1024x683.jpg","contentUrl":"https:\/\/cliniquevisionpros.com\/wp-content\/uploads\/2025\/07\/VisionPros-2-1024x683.jpg"},{"@type":"BreadcrumbList","@id":"https:\/\/cliniquevisionpros.com\/fr\/radiofrequence-yeux-secs\/#breadcrumb","itemListElement":[{"@type":"ListItem","position":1,"name":"Home","item":"https:\/\/cliniquevisionpros.com\/fr\/"},{"@type":"ListItem","position":2,"name":"Traitement de la s\u00e9cheresse oculaire &#8211; RF"}]},{"@type":"WebSite","@id":"https:\/\/cliniquevisionpros.com\/fr\/#website","url":"https:\/\/cliniquevisionpros.com\/fr\/","name":"Clinique VisionPros","description":"Ophthalmology clinic in Montreal","publisher":{"@id":"https:\/\/cliniquevisionpros.com\/fr\/#organization"},"potentialAction":[{"@type":"SearchAction","target":{"@type":"EntryPoint","urlTemplate":"https:\/\/cliniquevisionpros.com\/fr\/?s={search_term_string}"},"query-input":{"@type":"PropertyValueSpecification","valueRequired":true,"valueName":"search_term_string"}}],"inLanguage":"fr-FR"},{"@type":"Organization","@id":"https:\/\/cliniquevisionpros.com\/fr\/#organization","name":"Clinique Vision Pros","url":"https:\/\/cliniquevisionpros.com\/fr\/","logo":{"@type":"ImageObject","inLanguage":"fr-FR","@id":"https:\/\/cliniquevisionpros.com\/fr\/#\/schema\/logo\/image\/","url":"https:\/\/cliniquevisionpros.com\/wp-content\/uploads\/2023\/08\/VISION_PROS_LOGO_FINAL_BLACK.svg","contentUrl":"https:\/\/cliniquevisionpros.com\/wp-content\/uploads\/2023\/08\/VISION_PROS_LOGO_FINAL_BLACK.svg","caption":"Clinique Vision Pros"},"image":{"@id":"https:\/\/cliniquevisionpros.com\/fr\/#\/schema\/logo\/image\/"}}]}},"_links":{"self":[{"href":"https:\/\/cliniquevisionpros.com\/fr\/wp-json\/wp\/v2\/pages\/1200","targetHints":{"allow":["GET"]}}],"collection":[{"href":"https:\/\/cliniquevisionpros.com\/fr\/wp-json\/wp\/v2\/pages"}],"about":[{"href":"https:\/\/cliniquevisionpros.com\/fr\/wp-json\/wp\/v2\/types\/page"}],"author":[{"embeddable":true,"href":"https:\/\/cliniquevisionpros.com\/fr\/wp-json\/wp\/v2\/users\/2"}],"replies":[{"embeddable":true,"href":"https:\/\/cliniquevisionpros.com\/fr\/wp-json\/wp\/v2\/comments?post=1200"}],"version-history":[{"count":0,"href":"https:\/\/cliniquevisionpros.com\/fr\/wp-json\/wp\/v2\/pages\/1200\/revisions"}],"wp:attachment":[{"href":"https:\/\/cliniquevisionpros.com\/fr\/wp-json\/wp\/v2\/media?parent=1200"}],"curies":[{"name":"wp","href":"https:\/\/api.w.org\/{rel}","templated":true}]}}